{"id":12,"date":"2012-07-02T14:58:22","date_gmt":"2012-07-02T14:58:22","guid":{"rendered":"http:\/\/association.epireuil.fr\/?page_id=12"},"modified":"2021-03-11T11:42:40","modified_gmt":"2021-03-11T11:42:40","slug":"le-conseil-dadministration","status":"publish","type":"page","link":"https:\/\/associationepireuil.fr\/?page_id=12","title":{"rendered":"Le Conseil d&rsquo;Administration d&rsquo;Epireuil"},"content":{"rendered":"\t\t<div data-elementor-type=\"wp-page\" data-elementor-id=\"12\" class=\"elementor elementor-12\">\n\t\t\t\t\t\t<section class=\"elementor-section elementor-top-section elementor-element elementor-element-83fa0cd elementor-section-boxed elementor-section-height-default elementor-section-height-default\" data-id=\"83fa0cd\" data-element_type=\"section\">\n\t\t\t\t\t\t<div class=\"elementor-container elementor-column-gap-default\">\n\t\t\t\t\t<div class=\"elementor-column elementor-col-100 elementor-top-column elementor-element elementor-element-faa8d63\" data-id=\"faa8d63\" data-element_type=\"column\">\n\t\t\t<div class=\"elementor-widget-wrap elementor-element-populated\">\n\t\t\t\t\t\t<div class=\"elementor-element elementor-element-2beb06a elementor-widget elementor-widget-text-editor\" data-id=\"2beb06a\" data-element_type=\"widget\" data-widget_type=\"text-editor.default\">\n\t\t\t\t<div class=\"elementor-widget-container\">\n\t\t\t\t\t\t\t<p>Le Conseil d\u2019Administration de l\u2019Association Epireuil est compos\u00e9 de 12\u00a0 \u00e0 16 membres titulaires, personnes physiques ou morales,\u00a0<span style=\"font-family: Roboto; font-size: 16px; font-style: normal; font-variant-ligatures: normal; font-variant-caps: normal; font-weight: 400; color: var( --e-global-color-text );\">\u00e0 jour de leur cotisation et\/ou participant au financement de la structure<\/span><span style=\"font-family: Roboto; font-size: 16px; font-style: normal; font-weight: 300; color: var( --e-global-color-text );\">.<\/span><\/p><p>Et outre les repr\u00e9sentants du bureau, les membres sont r\u00e9partis en 4 coll\u00e8ges :<\/p><ul><li aria-level=\"1\">Partenaires \u00e9conomiques et sociaux<\/li><li aria-level=\"1\">Habitants d\u00e9sign\u00e9s par les b\u00e9n\u00e9ficiaires<\/li><li aria-level=\"1\">Institutionnels (\u00e9lus des collectivit\u00e9s apportant un financement)<\/li><li aria-level=\"1\">Techniciens (personnes qualifi\u00e9es valid\u00e9es par le conseil d\u2019administration).<\/li><\/ul>\t\t\t\t\t\t<\/div>\n\t\t\t\t<\/div>\n\t\t\t\t\t<\/div>\n\t\t<\/div>\n\t\t\t\t\t<\/div>\n\t\t<\/section>\n\t\t\t\t<section class=\"elementor-section elementor-top-section elementor-element elementor-element-57ca9a8 elementor-section-boxed elementor-section-height-default elementor-section-height-default\" data-id=\"57ca9a8\" data-element_type=\"section\">\n\t\t\t\t\t\t<div class=\"elementor-container elementor-column-gap-default\">\n\t\t\t\t\t<div class=\"elementor-column elementor-col-100 elementor-top-column elementor-element elementor-element-7ce79d1\" data-id=\"7ce79d1\" data-element_type=\"column\">\n\t\t\t<div class=\"elementor-widget-wrap elementor-element-populated\">\n\t\t\t\t\t\t<div class=\"elementor-element elementor-element-1d61706 elementor-widget elementor-widget-image\" data-id=\"1d61706\" data-element_type=\"widget\" data-widget_type=\"image.default\">\n\t\t\t\t<div class=\"elementor-widget-container\">\n\t\t\t\t\t\t\t\t\t\t\t\t\t<img fetchpriority=\"high\" decoding=\"async\" width=\"640\" height=\"426\" src=\"https:\/\/associationepireuil.fr\/wp-content\/uploads\/2021\/03\/conseil-administration-epireuil.jpg\" class=\"attachment-medium_large size-medium_large wp-image-4070\" alt=\"Conseil Administration Epireuil - salle de r\u00e9union vide avec bulles de dialogue\" srcset=\"https:\/\/associationepireuil.fr\/wp-content\/uploads\/2021\/03\/conseil-administration-epireuil.jpg 640w, https:\/\/associationepireuil.fr\/wp-content\/uploads\/2021\/03\/conseil-administration-epireuil-300x200.jpg 300w\" sizes=\"(max-width: 640px) 100vw, 640px\" \/>\t\t\t\t\t\t\t\t\t\t\t\t\t<\/div>\n\t\t\t\t<\/div>\n\t\t\t\t\t<\/div>\n\t\t<\/div>\n\t\t\t\t\t<\/div>\n\t\t<\/section>\n\t\t\t\t<section class=\"elementor-section elementor-top-section elementor-element elementor-element-30e0f14 elementor-section-boxed elementor-section-height-default elementor-section-height-default\" data-id=\"30e0f14\" data-element_type=\"section\">\n\t\t\t\t\t\t<div class=\"elementor-container elementor-column-gap-default\">\n\t\t\t\t\t<div class=\"elementor-column elementor-col-100 elementor-top-column elementor-element elementor-element-7fdb53e\" data-id=\"7fdb53e\" data-element_type=\"column\">\n\t\t\t<div class=\"elementor-widget-wrap elementor-element-populated\">\n\t\t\t\t\t\t<div class=\"elementor-element elementor-element-7fc0726 elementor-widget elementor-widget-text-editor\" data-id=\"7fc0726\" data-element_type=\"widget\" data-widget_type=\"text-editor.default\">\n\t\t\t\t<div class=\"elementor-widget-container\">\n\t\t\t\t\t\t\t<p style=\"text-align: center;\"><em><span style=\"font-size: 8pt;\">Image par Gerd Altmann de Pixabay<\/span><\/em><\/p>\t\t\t\t\t\t<\/div>\n\t\t\t\t<\/div>\n\t\t\t\t\t<\/div>\n\t\t<\/div>\n\t\t\t\t\t<\/div>\n\t\t<\/section>\n\t\t\t\t<section class=\"elementor-section elementor-top-section elementor-element elementor-element-b50e483 elementor-section-boxed elementor-section-height-default elementor-section-height-default\" data-id=\"b50e483\" data-element_type=\"section\">\n\t\t\t\t\t\t<div class=\"elementor-container elementor-column-gap-default\">\n\t\t\t\t\t<div class=\"elementor-column elementor-col-100 elementor-top-column elementor-element elementor-element-a68e25c\" data-id=\"a68e25c\" data-element_type=\"column\">\n\t\t\t<div class=\"elementor-widget-wrap elementor-element-populated\">\n\t\t\t\t\t\t<div class=\"elementor-element elementor-element-052b222 elementor-widget elementor-widget-heading\" data-id=\"052b222\" data-element_type=\"widget\" data-widget_type=\"heading.default\">\n\t\t\t\t<div class=\"elementor-widget-container\">\n\t\t\t<h2 class=\"elementor-heading-title elementor-size-default\">Les membres du Conseil d'Administration d'Epireuil<\/h2>\t\t<\/div>\n\t\t\t\t<\/div>\n\t\t\t\t\t<\/div>\n\t\t<\/div>\n\t\t\t\t\t<\/div>\n\t\t<\/section>\n\t\t\t\t<section class=\"elementor-section elementor-top-section elementor-element elementor-element-abb94f9 elementor-section-boxed elementor-section-height-default elementor-section-height-default\" data-id=\"abb94f9\" data-element_type=\"section\">\n\t\t\t\t\t\t<div class=\"elementor-container elementor-column-gap-default\">\n\t\t\t\t\t<div class=\"elementor-column elementor-col-100 elementor-top-column elementor-element elementor-element-fb1d3f3\" data-id=\"fb1d3f3\" data-element_type=\"column\">\n\t\t\t<div class=\"elementor-widget-wrap elementor-element-populated\">\n\t\t\t\t\t\t<div class=\"elementor-element elementor-element-6a4e927 elementor-widget elementor-widget-heading\" data-id=\"6a4e927\" data-element_type=\"widget\" data-widget_type=\"heading.default\">\n\t\t\t\t<div class=\"elementor-widget-container\">\n\t\t\t<h3 class=\"elementor-heading-title elementor-size-medium\">Membres du Bureau<\/h3>\t\t<\/div>\n\t\t\t\t<\/div>\n\t\t\t\t\t<\/div>\n\t\t<\/div>\n\t\t\t\t\t<\/div>\n\t\t<\/section>\n\t\t\t\t<section class=\"elementor-section elementor-top-section elementor-element elementor-element-746681c elementor-section-boxed elementor-section-height-default elementor-section-height-default\" data-id=\"746681c\" data-element_type=\"section\">\n\t\t\t\t\t\t<div class=\"elementor-container elementor-column-gap-default\">\n\t\t\t\t\t<div class=\"elementor-column elementor-col-100 elementor-top-column elementor-element elementor-element-ccc84fa\" data-id=\"ccc84fa\" data-element_type=\"column\">\n\t\t\t<div class=\"elementor-widget-wrap elementor-element-populated\">\n\t\t\t\t\t\t<div class=\"elementor-element elementor-element-a8016e2 elementor-widget elementor-widget-text-editor\" data-id=\"a8016e2\" data-element_type=\"widget\" data-widget_type=\"text-editor.default\">\n\t\t\t\t<div class=\"elementor-widget-container\">\n\t\t\t\t\t\t\t<p style=\"font-variant-ligatures: normal; font-variant-caps: normal;\"><span style=\"font-size: 14pt;\"><strong>Pr\u00e9sidente<\/strong><strong><strong> :<\/strong>\u00a0<\/strong>Annick GASCHER,\u00a0Coll\u00e8ge Techniciens<\/span><\/p><p style=\"font-variant-ligatures: normal; font-variant-caps: normal;\"><span style=\"font-size: 14pt;\"><strong>Secr\u00e9taire :\u00a0<\/strong><span style=\"font-family: Roboto;\">Christine RANNOU, Associations partenaires\u00a0\u00a0<\/span><\/span><\/p><p style=\"font-variant-ligatures: normal; font-variant-caps: normal;\"><span style=\"font-size: 14pt;\"><strong>Tr\u00e9sori\u00e8re :\u00a0<\/strong>Odile VALY,\u00a0Coll\u00e8ge Techniciens<\/span><\/p>\t\t\t\t\t\t<\/div>\n\t\t\t\t<\/div>\n\t\t\t\t\t<\/div>\n\t\t<\/div>\n\t\t\t\t\t<\/div>\n\t\t<\/section>\n\t\t\t\t<section class=\"elementor-section elementor-top-section elementor-element elementor-element-bdf8e3b elementor-section-boxed elementor-section-height-default elementor-section-height-default\" data-id=\"bdf8e3b\" data-element_type=\"section\">\n\t\t\t\t\t\t<div class=\"elementor-container elementor-column-gap-default\">\n\t\t\t\t\t<div class=\"elementor-column elementor-col-100 elementor-top-column elementor-element elementor-element-b7d2874\" data-id=\"b7d2874\" data-element_type=\"column\">\n\t\t\t<div class=\"elementor-widget-wrap elementor-element-populated\">\n\t\t\t\t\t\t<div class=\"elementor-element elementor-element-797272e elementor-widget elementor-widget-spacer\" data-id=\"797272e\" data-element_type=\"widget\" data-widget_type=\"spacer.default\">\n\t\t\t\t<div class=\"elementor-widget-container\">\n\t\t\t\t\t<div class=\"elementor-spacer\">\n\t\t\t<div class=\"elementor-spacer-inner\"><\/div>\n\t\t<\/div>\n\t\t\t\t<\/div>\n\t\t\t\t<\/div>\n\t\t\t\t\t<\/div>\n\t\t<\/div>\n\t\t\t\t\t<\/div>\n\t\t<\/section>\n\t\t\t\t<section class=\"elementor-section elementor-top-section elementor-element elementor-element-9e80f4a elementor-section-boxed elementor-section-height-default elementor-section-height-default\" data-id=\"9e80f4a\" data-element_type=\"section\">\n\t\t\t\t\t\t<div class=\"elementor-container elementor-column-gap-default\">\n\t\t\t\t\t<div class=\"elementor-column elementor-col-100 elementor-top-column elementor-element elementor-element-d6d9f86\" data-id=\"d6d9f86\" data-element_type=\"column\">\n\t\t\t<div class=\"elementor-widget-wrap elementor-element-populated\">\n\t\t\t\t\t\t<div class=\"elementor-element elementor-element-1e190aa elementor-widget elementor-widget-heading\" data-id=\"1e190aa\" data-element_type=\"widget\" data-widget_type=\"heading.default\">\n\t\t\t\t<div class=\"elementor-widget-container\">\n\t\t\t<h3 class=\"elementor-heading-title elementor-size-medium\">Autres membres (4 coll\u00e8ges, 14 administrateurs)<\/h3>\t\t<\/div>\n\t\t\t\t<\/div>\n\t\t\t\t\t<\/div>\n\t\t<\/div>\n\t\t\t\t\t<\/div>\n\t\t<\/section>\n\t\t\t\t<section class=\"elementor-section elementor-top-section elementor-element elementor-element-73edfc6 elementor-section-boxed elementor-section-height-default elementor-section-height-default\" data-id=\"73edfc6\" data-element_type=\"section\">\n\t\t\t\t\t\t<div class=\"elementor-container elementor-column-gap-default\">\n\t\t\t\t\t<div class=\"elementor-column elementor-col-50 elementor-top-column elementor-element elementor-element-b108bf5\" data-id=\"b108bf5\" data-element_type=\"column\">\n\t\t\t<div class=\"elementor-widget-wrap elementor-element-populated\">\n\t\t\t\t\t\t<div class=\"elementor-element elementor-element-2af1034 elementor-widget elementor-widget-heading\" data-id=\"2af1034\" data-element_type=\"widget\" data-widget_type=\"heading.default\">\n\t\t\t\t<div class=\"elementor-widget-container\">\n\t\t\t<h4 class=\"elementor-heading-title elementor-size-medium\">Coll\u00e8ge Habitants<\/h4>\t\t<\/div>\n\t\t\t\t<\/div>\n\t\t\t\t\t<\/div>\n\t\t<\/div>\n\t\t\t\t<div class=\"elementor-column elementor-col-50 elementor-top-column elementor-element elementor-element-381019f\" data-id=\"381019f\" data-element_type=\"column\">\n\t\t\t<div class=\"elementor-widget-wrap elementor-element-populated\">\n\t\t\t\t\t\t<div class=\"elementor-element elementor-element-b87a1b5 elementor-widget elementor-widget-heading\" data-id=\"b87a1b5\" data-element_type=\"widget\" data-widget_type=\"heading.default\">\n\t\t\t\t<div class=\"elementor-widget-container\">\n\t\t\t<h4 class=\"elementor-heading-title elementor-size-medium\">Coll\u00e8ge Institutionnel<\/h4>\t\t<\/div>\n\t\t\t\t<\/div>\n\t\t\t\t\t<\/div>\n\t\t<\/div>\n\t\t\t\t\t<\/div>\n\t\t<\/section>\n\t\t\t\t<section class=\"elementor-section elementor-top-section elementor-element elementor-element-5d07a34 elementor-section-boxed elementor-section-height-default elementor-section-height-default\" data-id=\"5d07a34\" data-element_type=\"section\">\n\t\t\t\t\t\t<div class=\"elementor-container elementor-column-gap-default\">\n\t\t\t\t\t<div class=\"elementor-column elementor-col-50 elementor-top-column elementor-element elementor-element-59e9620\" data-id=\"59e9620\" data-element_type=\"column\">\n\t\t\t<div class=\"elementor-widget-wrap elementor-element-populated\">\n\t\t\t\t\t\t<div class=\"elementor-element elementor-element-2bb3e5e elementor-widget elementor-widget-text-editor\" data-id=\"2bb3e5e\" data-element_type=\"widget\" data-widget_type=\"text-editor.default\">\n\t\t\t\t<div class=\"elementor-widget-container\">\n\t\t\t\t\t\t\t<p>Louis COUTARD<\/p><p>Sylvie LAUNAY<\/p><p>Th\u00e9r\u00e8se LEVERT<\/p><p>Jacqueline ANDRAUD<\/p>\t\t\t\t\t\t<\/div>\n\t\t\t\t<\/div>\n\t\t\t\t\t<\/div>\n\t\t<\/div>\n\t\t\t\t<div class=\"elementor-column elementor-col-50 elementor-top-column elementor-element elementor-element-840c350\" data-id=\"840c350\" data-element_type=\"column\">\n\t\t\t<div class=\"elementor-widget-wrap elementor-element-populated\">\n\t\t\t\t\t\t<div class=\"elementor-element elementor-element-4bd425b elementor-widget elementor-widget-text-editor\" data-id=\"4bd425b\" data-element_type=\"widget\" data-widget_type=\"text-editor.default\">\n\t\t\t\t<div class=\"elementor-widget-container\">\n\t\t\t\t\t\t\t<p>Janick LEGER (CD 27)<\/p><p>Maryline DESLANDES (Val de Reuil)<\/p><p>Mich\u00e8le CHRIAA (L\u00e9ry)<\/p>\t\t\t\t\t\t<\/div>\n\t\t\t\t<\/div>\n\t\t\t\t\t<\/div>\n\t\t<\/div>\n\t\t\t\t\t<\/div>\n\t\t<\/section>\n\t\t\t\t<section class=\"elementor-section elementor-top-section elementor-element elementor-element-590d375 elementor-section-boxed elementor-section-height-default elementor-section-height-default\" data-id=\"590d375\" data-element_type=\"section\">\n\t\t\t\t\t\t<div class=\"elementor-container elementor-column-gap-default\">\n\t\t\t\t\t<div class=\"elementor-column elementor-col-50 elementor-top-column elementor-element elementor-element-51bd9e8\" data-id=\"51bd9e8\" data-element_type=\"column\">\n\t\t\t<div class=\"elementor-widget-wrap elementor-element-populated\">\n\t\t\t\t\t\t<div class=\"elementor-element elementor-element-b423760 elementor-widget elementor-widget-heading\" data-id=\"b423760\" data-element_type=\"widget\" data-widget_type=\"heading.default\">\n\t\t\t\t<div class=\"elementor-widget-container\">\n\t\t\t<h4 class=\"elementor-heading-title elementor-size-medium\">Coll\u00e8ge Associations Partenaires<\/h4>\t\t<\/div>\n\t\t\t\t<\/div>\n\t\t\t\t\t<\/div>\n\t\t<\/div>\n\t\t\t\t<div class=\"elementor-column elementor-col-50 elementor-top-column elementor-element elementor-element-6fbcccc\" data-id=\"6fbcccc\" data-element_type=\"column\">\n\t\t\t<div class=\"elementor-widget-wrap elementor-element-populated\">\n\t\t\t\t\t\t<div class=\"elementor-element elementor-element-cc4b4cc elementor-widget elementor-widget-heading\" data-id=\"cc4b4cc\" data-element_type=\"widget\" data-widget_type=\"heading.default\">\n\t\t\t\t<div class=\"elementor-widget-container\">\n\t\t\t<h4 class=\"elementor-heading-title elementor-size-medium\">Coll\u00e8ge Techniciens<\/h4>\t\t<\/div>\n\t\t\t\t<\/div>\n\t\t\t\t\t<\/div>\n\t\t<\/div>\n\t\t\t\t\t<\/div>\n\t\t<\/section>\n\t\t\t\t<section class=\"elementor-section elementor-top-section elementor-element elementor-element-0d0e246 elementor-section-boxed elementor-section-height-default elementor-section-height-default\" data-id=\"0d0e246\" data-element_type=\"section\">\n\t\t\t\t\t\t<div class=\"elementor-container elementor-column-gap-default\">\n\t\t\t\t\t<div class=\"elementor-column elementor-col-50 elementor-top-column elementor-element elementor-element-aaffa99\" data-id=\"aaffa99\" data-element_type=\"column\">\n\t\t\t<div class=\"elementor-widget-wrap elementor-element-populated\">\n\t\t\t\t\t\t<div class=\"elementor-element elementor-element-9151f7d elementor-widget elementor-widget-text-editor\" data-id=\"9151f7d\" data-element_type=\"widget\" data-widget_type=\"text-editor.default\">\n\t\t\t\t<div class=\"elementor-widget-container\">\n\t\t\t\t\t\t\t<p>B\u00e9atrice BALUT (RERS)<\/p><p>Christine RANNOU (Mission Locale)<\/p><p>Jean-Fran\u00e7ois GOUDEAU (Secours Catholique)<\/p><p>Achard DE PREVILLE (Jeunesse et Vie)<\/p>\t\t\t\t\t\t<\/div>\n\t\t\t\t<\/div>\n\t\t\t\t\t<\/div>\n\t\t<\/div>\n\t\t\t\t<div class=\"elementor-column elementor-col-50 elementor-top-column elementor-element elementor-element-1d91fb7\" data-id=\"1d91fb7\" data-element_type=\"column\">\n\t\t\t<div class=\"elementor-widget-wrap elementor-element-populated\">\n\t\t\t\t\t\t<div class=\"elementor-element elementor-element-c15c233 elementor-widget elementor-widget-text-editor\" data-id=\"c15c233\" data-element_type=\"widget\" data-widget_type=\"text-editor.default\">\n\t\t\t\t<div class=\"elementor-widget-container\">\n\t\t\t\t\t\t\t<p>Yvette REBOURS<\/p><p>Annick GASCHER<\/p><p>Odile VALY<\/p>\t\t\t\t\t\t<\/div>\n\t\t\t\t<\/div>\n\t\t\t\t\t<\/div>\n\t\t<\/div>\n\t\t\t\t\t<\/div>\n\t\t<\/section>\n\t\t\t\t<section class=\"elementor-section elementor-top-section elementor-element elementor-element-b7622dd elementor-section-boxed elementor-section-height-default elementor-section-height-default\" data-id=\"b7622dd\" data-element_type=\"section\">\n\t\t\t\t\t\t<div class=\"elementor-container elementor-column-gap-default\">\n\t\t\t\t\t<div class=\"elementor-column elementor-col-100 elementor-top-column elementor-element elementor-element-993cf0a\" data-id=\"993cf0a\" data-element_type=\"column\">\n\t\t\t<div class=\"elementor-widget-wrap elementor-element-populated\">\n\t\t\t\t\t\t<div class=\"elementor-element elementor-element-d42c27f elementor-widget elementor-widget-spacer\" data-id=\"d42c27f\" data-element_type=\"widget\" data-widget_type=\"spacer.default\">\n\t\t\t\t<div class=\"elementor-widget-container\">\n\t\t\t\t\t<div class=\"elementor-spacer\">\n\t\t\t<div class=\"elementor-spacer-inner\"><\/div>\n\t\t<\/div>\n\t\t\t\t<\/div>\n\t\t\t\t<\/div>\n\t\t\t\t\t<\/div>\n\t\t<\/div>\n\t\t\t\t\t<\/div>\n\t\t<\/section>\n\t\t\t\t<section class=\"elementor-section elementor-top-section elementor-element elementor-element-a2c3c96 elementor-section-boxed elementor-section-height-default elementor-section-height-default\" data-id=\"a2c3c96\" data-element_type=\"section\">\n\t\t\t\t\t\t<div class=\"elementor-container elementor-column-gap-default\">\n\t\t\t\t\t<div class=\"elementor-column elementor-col-100 elementor-top-column elementor-element elementor-element-25ab966\" data-id=\"25ab966\" data-element_type=\"column\">\n\t\t\t<div class=\"elementor-widget-wrap elementor-element-populated\">\n\t\t\t\t\t\t<div class=\"elementor-element elementor-element-79b42df elementor-widget elementor-widget-heading\" data-id=\"79b42df\" data-element_type=\"widget\" data-widget_type=\"heading.default\">\n\t\t\t\t<div class=\"elementor-widget-container\">\n\t\t\t<h2 class=\"elementor-heading-title elementor-size-default\">Quels sont les r\u00f4les et missions du Conseil d\u2019Administration d'Epireuil ?<\/h2>\t\t<\/div>\n\t\t\t\t<\/div>\n\t\t\t\t\t<\/div>\n\t\t<\/div>\n\t\t\t\t\t<\/div>\n\t\t<\/section>\n\t\t\t\t<section class=\"elementor-section elementor-top-section elementor-element elementor-element-2a50b6c elementor-section-boxed elementor-section-height-default elementor-section-height-default\" data-id=\"2a50b6c\" data-element_type=\"section\">\n\t\t\t\t\t\t<div class=\"elementor-container elementor-column-gap-default\">\n\t\t\t\t\t<div class=\"elementor-column elementor-col-100 elementor-top-column elementor-element elementor-element-130911d\" data-id=\"130911d\" data-element_type=\"column\">\n\t\t\t<div class=\"elementor-widget-wrap elementor-element-populated\">\n\t\t\t\t\t\t<div class=\"elementor-element elementor-element-0a070e6 elementor-widget elementor-widget-heading\" data-id=\"0a070e6\" data-element_type=\"widget\" data-widget_type=\"heading.default\">\n\t\t\t\t<div class=\"elementor-widget-container\">\n\t\t\t<h3 class=\"elementor-heading-title elementor-size-medium\">Le r\u00f4le du Conseil d\u2019Administration<\/h3>\t\t<\/div>\n\t\t\t\t<\/div>\n\t\t\t\t\t<\/div>\n\t\t<\/div>\n\t\t\t\t\t<\/div>\n\t\t<\/section>\n\t\t\t\t<section class=\"elementor-section elementor-top-section elementor-element elementor-element-5f01f68 elementor-section-boxed elementor-section-height-default elementor-section-height-default\" data-id=\"5f01f68\" data-element_type=\"section\">\n\t\t\t\t\t\t<div class=\"elementor-container elementor-column-gap-default\">\n\t\t\t\t\t<div class=\"elementor-column elementor-col-100 elementor-top-column elementor-element elementor-element-f43ae34\" data-id=\"f43ae34\" data-element_type=\"column\">\n\t\t\t<div class=\"elementor-widget-wrap elementor-element-populated\">\n\t\t\t\t\t\t<div class=\"elementor-element elementor-element-3585d33 elementor-widget elementor-widget-text-editor\" data-id=\"3585d33\" data-element_type=\"widget\" data-widget_type=\"text-editor.default\">\n\t\t\t\t<div class=\"elementor-widget-container\">\n\t\t\t\t\t\t\t<p><span style=\"font-weight: 400;\">Le Conseil d\u2019Administration de l\u2019Association Epireuil est charg\u00e9 de d\u00e9finir le projet et s\u2019assurer du respect des directives.\u00a0\u00a0<\/span><\/p><p><span style=\"font-weight: 400;\">A cet effet, il est aid\u00e9 dans l\u2019administration et la gestion courante par son repr\u00e9sentant, \u00e0 savoir <a href=\"https:\/\/associationepireuil.fr\/?page_id=15\" target=\"_blank\" rel=\"noopener\">Natacha Patte<\/a>, la Directrice de l\u2019association.<\/span><\/p>\t\t\t\t\t\t<\/div>\n\t\t\t\t<\/div>\n\t\t\t\t\t<\/div>\n\t\t<\/div>\n\t\t\t\t\t<\/div>\n\t\t<\/section>\n\t\t\t\t<section class=\"elementor-section elementor-top-section elementor-element elementor-element-628adb3 elementor-section-boxed elementor-section-height-default elementor-section-height-default\" data-id=\"628adb3\" data-element_type=\"section\">\n\t\t\t\t\t\t<div class=\"elementor-container elementor-column-gap-default\">\n\t\t\t\t\t<div class=\"elementor-column elementor-col-100 elementor-top-column elementor-element elementor-element-b84d916\" data-id=\"b84d916\" data-element_type=\"column\">\n\t\t\t<div class=\"elementor-widget-wrap elementor-element-populated\">\n\t\t\t\t\t\t<div class=\"elementor-element elementor-element-bb2d72c elementor-widget elementor-widget-image\" data-id=\"bb2d72c\" data-element_type=\"widget\" data-widget_type=\"image.default\">\n\t\t\t\t<div class=\"elementor-widget-container\">\n\t\t\t\t\t\t\t\t\t\t\t\t\t<img decoding=\"async\" width=\"300\" height=\"200\" src=\"https:\/\/associationepireuil.fr\/wp-content\/uploads\/2021\/03\/conseil-administration_roles-300x200.png\" class=\"attachment-medium size-medium wp-image-4084\" alt=\"conseil d&#039;administration - sch\u00e9ma \u00e9tapes r\u00e9solutions de probl\u00e8mes\" srcset=\"https:\/\/associationepireuil.fr\/wp-content\/uploads\/2021\/03\/conseil-administration_roles-300x200.png 300w, https:\/\/associationepireuil.fr\/wp-content\/uploads\/2021\/03\/conseil-administration_roles.png 640w\" sizes=\"(max-width: 300px) 100vw, 300px\" \/>\t\t\t\t\t\t\t\t\t\t\t\t\t<\/div>\n\t\t\t\t<\/div>\n\t\t\t\t\t<\/div>\n\t\t<\/div>\n\t\t\t\t\t<\/div>\n\t\t<\/section>\n\t\t\t\t<section class=\"elementor-section elementor-top-section elementor-element elementor-element-575fd6e elementor-section-boxed elementor-section-height-default elementor-section-height-default\" data-id=\"575fd6e\" data-element_type=\"section\">\n\t\t\t\t\t\t<div class=\"elementor-container elementor-column-gap-default\">\n\t\t\t\t\t<div class=\"elementor-column elementor-col-100 elementor-top-column elementor-element elementor-element-e15990c\" data-id=\"e15990c\" data-element_type=\"column\">\n\t\t\t<div class=\"elementor-widget-wrap elementor-element-populated\">\n\t\t\t\t\t\t<div class=\"elementor-element elementor-element-8004c86 elementor-widget elementor-widget-text-editor\" data-id=\"8004c86\" data-element_type=\"widget\" data-widget_type=\"text-editor.default\">\n\t\t\t\t<div class=\"elementor-widget-container\">\n\t\t\t\t\t\t\t<p style=\"text-align: center;\"><span style=\"font-size: 8pt;\"><em>Image par Gerd Altmann de Pixabay<\/em><\/span><\/p>\t\t\t\t\t\t<\/div>\n\t\t\t\t<\/div>\n\t\t\t\t\t<\/div>\n\t\t<\/div>\n\t\t\t\t\t<\/div>\n\t\t<\/section>\n\t\t\t\t<section class=\"elementor-section elementor-top-section elementor-element elementor-element-e1706ee elementor-section-boxed elementor-section-height-default elementor-section-height-default\" data-id=\"e1706ee\" data-element_type=\"section\">\n\t\t\t\t\t\t<div class=\"elementor-container elementor-column-gap-default\">\n\t\t\t\t\t<div class=\"elementor-column elementor-col-100 elementor-top-column elementor-element elementor-element-6c076cd\" data-id=\"6c076cd\" data-element_type=\"column\">\n\t\t\t<div class=\"elementor-widget-wrap elementor-element-populated\">\n\t\t\t\t\t\t<div class=\"elementor-element elementor-element-3a43fd6 elementor-widget elementor-widget-spacer\" data-id=\"3a43fd6\" data-element_type=\"widget\" data-widget_type=\"spacer.default\">\n\t\t\t\t<div class=\"elementor-widget-container\">\n\t\t\t\t\t<div class=\"elementor-spacer\">\n\t\t\t<div class=\"elementor-spacer-inner\"><\/div>\n\t\t<\/div>\n\t\t\t\t<\/div>\n\t\t\t\t<\/div>\n\t\t\t\t\t<\/div>\n\t\t<\/div>\n\t\t\t\t\t<\/div>\n\t\t<\/section>\n\t\t\t\t<section class=\"elementor-section elementor-top-section elementor-element elementor-element-2ae1a3d elementor-section-boxed elementor-section-height-default elementor-section-height-default\" data-id=\"2ae1a3d\" data-element_type=\"section\">\n\t\t\t\t\t\t<div class=\"elementor-container elementor-column-gap-default\">\n\t\t\t\t\t<div class=\"elementor-column elementor-col-100 elementor-top-column elementor-element elementor-element-f72effd\" data-id=\"f72effd\" data-element_type=\"column\">\n\t\t\t<div class=\"elementor-widget-wrap elementor-element-populated\">\n\t\t\t\t\t\t<div class=\"elementor-element elementor-element-3dec69c elementor-widget elementor-widget-heading\" data-id=\"3dec69c\" data-element_type=\"widget\" data-widget_type=\"heading.default\">\n\t\t\t\t<div class=\"elementor-widget-container\">\n\t\t\t<h3 class=\"elementor-heading-title elementor-size-medium\">Les comp\u00e9tences du Conseil d\u2019Administration d'Epireuil<\/h3>\t\t<\/div>\n\t\t\t\t<\/div>\n\t\t\t\t\t<\/div>\n\t\t<\/div>\n\t\t\t\t\t<\/div>\n\t\t<\/section>\n\t\t\t\t<section class=\"elementor-section elementor-top-section elementor-element elementor-element-fc7b3a6 elementor-section-boxed elementor-section-height-default elementor-section-height-default\" data-id=\"fc7b3a6\" data-element_type=\"section\">\n\t\t\t\t\t\t<div class=\"elementor-container elementor-column-gap-default\">\n\t\t\t\t\t<div class=\"elementor-column elementor-col-100 elementor-top-column elementor-element elementor-element-fa1ed07\" data-id=\"fa1ed07\" data-element_type=\"column\">\n\t\t\t<div class=\"elementor-widget-wrap elementor-element-populated\">\n\t\t\t\t\t\t<div class=\"elementor-element elementor-element-56f19ca elementor-widget elementor-widget-text-editor\" data-id=\"56f19ca\" data-element_type=\"widget\" data-widget_type=\"text-editor.default\">\n\t\t\t\t<div class=\"elementor-widget-container\">\n\t\t\t\t\t\t\t<p><span style=\"font-weight: 400;\">Les attributs du Conseil d\u2019Administration de l\u2019Association Epireuil sont les suivants :\u00a0<\/span><\/p><ul><li style=\"font-weight: 400;\" aria-level=\"1\"><span style=\"font-weight: 400;\">Convoquer l\u2019assembl\u00e9e g\u00e9n\u00e9rale<\/span><\/li><li style=\"font-weight: 400;\" aria-level=\"1\"><span style=\"font-weight: 400;\">Arr\u00eater le budget et les comptes annuels qui seront valid\u00e9s en Assembl\u00e9e g\u00e9n\u00e9rale<\/span><\/li><li style=\"font-weight: 400;\" aria-level=\"1\"><span style=\"font-weight: 400;\">Fixer les orientations de l&rsquo;association<\/span><\/li><li style=\"font-weight: 400;\" aria-level=\"1\"><span style=\"font-weight: 400;\">Accorder ou refuser l\u2019admission des membres, voire m\u00eame les exclure (ex : en cas de non respect des valeurs de l\u2019association)<\/span><\/li><li style=\"font-size: 16px; font-weight: 400;\" aria-level=\"1\"><span style=\"font-size: 16px; font-weight: 400;\">Autoriser tous les actes et op\u00e9rations n\u2019\u00e9tant pas statutairement de la comp\u00e9tence de l\u2019Assembl\u00e9e g\u00e9n\u00e9rale ordinaire ou extraordinaire\u00a0<\/span><\/li><li style=\"font-weight: 400;\" aria-level=\"1\"><span style=\"font-weight: 400;\">Voter le montant des cotisations annuelles en d\u00e9but d\u2019ann\u00e9e<\/span><\/li><li style=\"font-weight: 400;\" aria-level=\"1\"><span style=\"font-size: 16px; font-weight: 400; color: var( --e-global-color-text );\">Autoriser l\u2019ouverture de tous les comptes dans les banques et aupr\u00e8s de tout hypoth\u00e9caire ou autre, solliciter toute subvention, requ\u00e9rir toutes les inscriptions et transcriptions utiles<\/span><\/li><li style=\"font-weight: 400;\" aria-level=\"1\"><span style=\"font-weight: 400;\">Autoriser le Pr\u00e9sident et le Tr\u00e9sorier \u00e0 ex\u00e9cuter tout acte reconnu n\u00e9cessaire autour des biens et valeurs appartenant \u00e0 l\u2019association et \u00e0 passer les march\u00e9s et contrats n\u00e9cessaires \u00e0 la r\u00e9alisation de son objet<\/span><\/li><li style=\"font-weight: 400;\" aria-level=\"1\"><span style=\"font-weight: 400;\">Donner d\u00e9l\u00e9gation permanente pour r\u00e9aliser certains actes li\u00e9s \u00e0 son administration quotidienne.<\/span><\/li><\/ul>\t\t\t\t\t\t<\/div>\n\t\t\t\t<\/div>\n\t\t\t\t\t<\/div>\n\t\t<\/div>\n\t\t\t\t\t<\/div>\n\t\t<\/section>\n\t\t\t\t<section class=\"elementor-section elementor-top-section elementor-element elementor-element-159f688 elementor-section-boxed elementor-section-height-default elementor-section-height-default\" data-id=\"159f688\" data-element_type=\"section\">\n\t\t\t\t\t\t<div class=\"elementor-container elementor-column-gap-default\">\n\t\t\t\t\t<div class=\"elementor-column elementor-col-100 elementor-top-column elementor-element elementor-element-59ee273\" data-id=\"59ee273\" data-element_type=\"column\">\n\t\t\t<div class=\"elementor-widget-wrap elementor-element-populated\">\n\t\t\t\t\t\t<div class=\"elementor-element elementor-element-3087caf elementor-widget elementor-widget-spacer\" data-id=\"3087caf\" data-element_type=\"widget\" data-widget_type=\"spacer.default\">\n\t\t\t\t<div class=\"elementor-widget-container\">\n\t\t\t\t\t<div class=\"elementor-spacer\">\n\t\t\t<div class=\"elementor-spacer-inner\"><\/div>\n\t\t<\/div>\n\t\t\t\t<\/div>\n\t\t\t\t<\/div>\n\t\t\t\t\t<\/div>\n\t\t<\/div>\n\t\t\t\t\t<\/div>\n\t\t<\/section>\n\t\t\t\t<section class=\"elementor-section elementor-top-section elementor-element elementor-element-f17792b elementor-section-boxed elementor-section-height-default elementor-section-height-default\" data-id=\"f17792b\" data-element_type=\"section\">\n\t\t\t\t\t\t<div class=\"elementor-container elementor-column-gap-default\">\n\t\t\t\t\t<div class=\"elementor-column elementor-col-100 elementor-top-column elementor-element elementor-element-0fddeb5\" data-id=\"0fddeb5\" data-element_type=\"column\">\n\t\t\t<div class=\"elementor-widget-wrap elementor-element-populated\">\n\t\t\t\t\t\t<div class=\"elementor-element elementor-element-e6202a3 elementor-widget elementor-widget-heading\" data-id=\"e6202a3\" data-element_type=\"widget\" data-widget_type=\"heading.default\">\n\t\t\t\t<div class=\"elementor-widget-container\">\n\t\t\t<h2 class=\"elementor-heading-title elementor-size-default\">Le fonctionnement du Conseil d\u2019Administration d'Epireuil\n<\/h2>\t\t<\/div>\n\t\t\t\t<\/div>\n\t\t\t\t\t<\/div>\n\t\t<\/div>\n\t\t\t\t\t<\/div>\n\t\t<\/section>\n\t\t\t\t<section class=\"elementor-section elementor-top-section elementor-element elementor-element-5b74436 elementor-section-boxed elementor-section-height-default elementor-section-height-default\" data-id=\"5b74436\" data-element_type=\"section\">\n\t\t\t\t\t\t<div class=\"elementor-container elementor-column-gap-default\">\n\t\t\t\t\t<div class=\"elementor-column elementor-col-100 elementor-top-column elementor-element elementor-element-408d9ff\" data-id=\"408d9ff\" data-element_type=\"column\">\n\t\t\t<div class=\"elementor-widget-wrap elementor-element-populated\">\n\t\t\t\t\t\t<div class=\"elementor-element elementor-element-785320c elementor-widget elementor-widget-text-editor\" data-id=\"785320c\" data-element_type=\"widget\" data-widget_type=\"text-editor.default\">\n\t\t\t\t<div class=\"elementor-widget-container\">\n\t\t\t\t\t\t\t<p><span style=\"font-weight: 400;\">Le Conseil d\u2019Administration se r\u00e9unit au moins deux fois par an, sur convocation \u00e9crite du Pr\u00e9sident. De m\u00eame, il peut \u00e9galement se r\u00e9unir chaque fois que celui-ci le juge utile ou \u00e0 la demande du tiers de ses membres.<\/span><\/p><p><span style=\"font-weight: 400;\">De plus, chaque membre peut se faire repr\u00e9senter par un autre membre du conseil d\u2019administration. N\u00e9anmoins, celui-ci peut d\u00e9tenir uniquement un pouvoir en plus du sien par r\u00e9union.<\/span><\/p><p><span style=\"font-weight: 400;\">En ce qui concerne l\u2019ordre du jour, il est fix\u00e9 par le Pr\u00e9sident et joint aux convocations \u00e9crites adress\u00e9es aux administrateurs au moins 8 jours \u00e0 l\u2019avance.<\/span><\/p><p><span style=\"font-weight: 400;\">Les d\u00e9cisions sont prises \u00e0 la majorit\u00e9 des voix des membres pr\u00e9sents et repr\u00e9sent\u00e9s et \u00e0 main lev\u00e9e. De plus, le vote peut avoir lieu \u00e0 bulletin secret \u00e0 la demande d\u2019au moins un de ses membres. Et en cas de partage des voix, c\u2019est celle du Pr\u00e9sident qui est pr\u00e9pond\u00e9rante.<\/span><\/p><p><span style=\"font-weight: 400;\">En outre, la validit\u00e9 des d\u00e9lib\u00e9rations est subordonn\u00e9e \u00e0 la pr\u00e9sence d\u2019un tiers au moins des membres du conseil d\u2019administration.<\/span><\/p><p><span style=\"font-weight: 400;\">Enfin, toutes les d\u00e9lib\u00e9rations du conseil d\u2019administration sont consign\u00e9es dans un registre, sign\u00e9es du Pr\u00e9sident et du Secr\u00e9taire et font l\u2019objet d\u2019un compte-rendu.<\/span><\/p>\t\t\t\t\t\t<\/div>\n\t\t\t\t<\/div>\n\t\t\t\t\t<\/div>\n\t\t<\/div>\n\t\t\t\t\t<\/div>\n\t\t<\/section>\n\t\t\t\t<section class=\"elementor-section elementor-top-section elementor-element elementor-element-20624a9 elementor-section-boxed elementor-section-height-default elementor-section-height-default\" data-id=\"20624a9\" data-element_type=\"section\">\n\t\t\t\t\t\t<div class=\"elementor-container elementor-column-gap-default\">\n\t\t\t\t\t<div class=\"elementor-column elementor-col-100 elementor-top-column elementor-element elementor-element-d303358\" data-id=\"d303358\" data-element_type=\"column\">\n\t\t\t<div class=\"elementor-widget-wrap elementor-element-populated\">\n\t\t\t\t\t\t<div class=\"elementor-element elementor-element-eaa3ea3 elementor-widget elementor-widget-spacer\" data-id=\"eaa3ea3\" data-element_type=\"widget\" data-widget_type=\"spacer.default\">\n\t\t\t\t<div class=\"elementor-widget-container\">\n\t\t\t\t\t<div class=\"elementor-spacer\">\n\t\t\t<div class=\"elementor-spacer-inner\"><\/div>\n\t\t<\/div>\n\t\t\t\t<\/div>\n\t\t\t\t<\/div>\n\t\t\t\t\t<\/div>\n\t\t<\/div>\n\t\t\t\t\t<\/div>\n\t\t<\/section>\n\t\t\t\t<section class=\"elementor-section elementor-top-section elementor-element elementor-element-f527cd9 elementor-section-boxed elementor-section-height-default elementor-section-height-default\" data-id=\"f527cd9\" data-element_type=\"section\">\n\t\t\t\t\t\t<div class=\"elementor-container elementor-column-gap-default\">\n\t\t\t\t\t<div class=\"elementor-column elementor-col-100 elementor-top-column elementor-element elementor-element-7fc5fbe\" data-id=\"7fc5fbe\" data-element_type=\"column\">\n\t\t\t<div class=\"elementor-widget-wrap elementor-element-populated\">\n\t\t\t\t\t\t<div class=\"elementor-element elementor-element-c3cd369 elementor-widget elementor-widget-heading\" data-id=\"c3cd369\" data-element_type=\"widget\" data-widget_type=\"heading.default\">\n\t\t\t\t<div class=\"elementor-widget-container\">\n\t\t\t<h2 class=\"elementor-heading-title elementor-size-default\">Le r\u00f4le du Bureau du Conseil d'Administration d'Epireuil<\/h2>\t\t<\/div>\n\t\t\t\t<\/div>\n\t\t\t\t\t<\/div>\n\t\t<\/div>\n\t\t\t\t\t<\/div>\n\t\t<\/section>\n\t\t\t\t<section class=\"elementor-section elementor-top-section elementor-element elementor-element-da5930c elementor-section-boxed elementor-section-height-default elementor-section-height-default\" data-id=\"da5930c\" data-element_type=\"section\">\n\t\t\t\t\t\t<div class=\"elementor-container elementor-column-gap-default\">\n\t\t\t\t\t<div class=\"elementor-column elementor-col-100 elementor-top-column elementor-element elementor-element-0f22a22\" data-id=\"0f22a22\" data-element_type=\"column\">\n\t\t\t<div class=\"elementor-widget-wrap elementor-element-populated\">\n\t\t\t\t\t\t<div class=\"elementor-element elementor-element-a71170e elementor-widget elementor-widget-text-editor\" data-id=\"a71170e\" data-element_type=\"widget\" data-widget_type=\"text-editor.default\">\n\t\t\t\t<div class=\"elementor-widget-container\">\n\t\t\t\t\t\t\t<p><span style=\"font-weight: 400;\">Pr\u00e9parer les r\u00e9unions du Conseil d\u2019Administration dont il ex\u00e9cute\u00a0 les d\u00e9cisions<\/span><\/p><p><span style=\"font-weight: 400;\">Traiter les affaires courantes.<\/span><\/p><p><span style=\"font-weight: 400;\">Rendre compte de leurs actes lors des r\u00e9unions du conseil d\u2019administration.<\/span><\/p><p><span style=\"font-weight: 400;\">Piloter l\u2019action de l\u2019\u00e9quipe technique.<\/span><\/p>\t\t\t\t\t\t<\/div>\n\t\t\t\t<\/div>\n\t\t\t\t\t<\/div>\n\t\t<\/div>\n\t\t\t\t\t<\/div>\n\t\t<\/section>\n\t\t\t\t<section class=\"elementor-section elementor-top-section elementor-element elementor-element-f75b76b elementor-section-boxed elementor-section-height-default elementor-section-height-default\" data-id=\"f75b76b\" data-element_type=\"section\">\n\t\t\t\t\t\t<div class=\"elementor-container elementor-column-gap-default\">\n\t\t\t\t\t<div class=\"elementor-column elementor-col-100 elementor-top-column elementor-element elementor-element-3c44a8d\" data-id=\"3c44a8d\" data-element_type=\"column\">\n\t\t\t<div class=\"elementor-widget-wrap elementor-element-populated\">\n\t\t\t\t\t\t<div class=\"elementor-element elementor-element-1b43a1a elementor-widget elementor-widget-heading\" data-id=\"1b43a1a\" data-element_type=\"widget\" data-widget_type=\"heading.default\">\n\t\t\t\t<div class=\"elementor-widget-container\">\n\t\t\t<h3 class=\"elementor-heading-title elementor-size-medium\">Le Pr\u00e9sident du Conseil d'Administration d'Epireuil<\/h3>\t\t<\/div>\n\t\t\t\t<\/div>\n\t\t\t\t\t<\/div>\n\t\t<\/div>\n\t\t\t\t\t<\/div>\n\t\t<\/section>\n\t\t\t\t<section class=\"elementor-section elementor-top-section elementor-element elementor-element-8f09305 elementor-section-boxed elementor-section-height-default elementor-section-height-default\" data-id=\"8f09305\" data-element_type=\"section\">\n\t\t\t\t\t\t<div class=\"elementor-container elementor-column-gap-default\">\n\t\t\t\t\t<div class=\"elementor-column elementor-col-100 elementor-top-column elementor-element elementor-element-abb316a\" data-id=\"abb316a\" data-element_type=\"column\">\n\t\t\t<div class=\"elementor-widget-wrap elementor-element-populated\">\n\t\t\t\t\t\t<div class=\"elementor-element elementor-element-1c6bb07 elementor-widget elementor-widget-text-editor\" data-id=\"1c6bb07\" data-element_type=\"widget\" data-widget_type=\"text-editor.default\">\n\t\t\t\t<div class=\"elementor-widget-container\">\n\t\t\t\t\t\t\t<p><span style=\"font-weight: 400;\">Il repr\u00e9sente l\u2019association dans tous les actes de la vie civile et en justice.<\/span><\/p>\t\t\t\t\t\t<\/div>\n\t\t\t\t<\/div>\n\t\t\t\t\t<\/div>\n\t\t<\/div>\n\t\t\t\t\t<\/div>\n\t\t<\/section>\n\t\t\t\t<section class=\"elementor-section elementor-top-section elementor-element elementor-element-9eace85 elementor-section-boxed elementor-section-height-default elementor-section-height-default\" data-id=\"9eace85\" data-element_type=\"section\">\n\t\t\t\t\t\t<div class=\"elementor-container elementor-column-gap-default\">\n\t\t\t\t\t<div class=\"elementor-column elementor-col-100 elementor-top-column elementor-element elementor-element-90accc2\" data-id=\"90accc2\" data-element_type=\"column\">\n\t\t\t<div class=\"elementor-widget-wrap elementor-element-populated\">\n\t\t\t\t\t\t<div class=\"elementor-element elementor-element-33e72e7 elementor-widget elementor-widget-heading\" data-id=\"33e72e7\" data-element_type=\"widget\" data-widget_type=\"heading.default\">\n\t\t\t\t<div class=\"elementor-widget-container\">\n\t\t\t<h3 class=\"elementor-heading-title elementor-size-medium\">Le Secr\u00e9taire<\/h3>\t\t<\/div>\n\t\t\t\t<\/div>\n\t\t\t\t\t<\/div>\n\t\t<\/div>\n\t\t\t\t\t<\/div>\n\t\t<\/section>\n\t\t\t\t<section class=\"elementor-section elementor-top-section elementor-element elementor-element-4de3b3d elementor-section-boxed elementor-section-height-default elementor-section-height-default\" data-id=\"4de3b3d\" data-element_type=\"section\">\n\t\t\t\t\t\t<div class=\"elementor-container elementor-column-gap-default\">\n\t\t\t\t\t<div class=\"elementor-column elementor-col-100 elementor-top-column elementor-element elementor-element-6faeb42\" data-id=\"6faeb42\" data-element_type=\"column\">\n\t\t\t<div class=\"elementor-widget-wrap elementor-element-populated\">\n\t\t\t\t\t\t<div class=\"elementor-element elementor-element-3293262 elementor-widget elementor-widget-text-editor\" data-id=\"3293262\" data-element_type=\"widget\" data-widget_type=\"text-editor.default\">\n\t\t\t\t<div class=\"elementor-widget-container\">\n\t\t\t\t\t\t\t<p><span style=\"font-weight: 400;\">Il est charg\u00e9 de la correspondance de l&rsquo;association, notamment de l\u2019envoi des convocations.<\/span><\/p><p><span style=\"font-weight: 400;\">De m\u00eame, il r\u00e9dige \u00e9galement les comptes-rendus des diff\u00e9rentes instances statutaires et assure les transcriptions sur les registres pr\u00e9vus \u00e0 cet effet.\u00a0<\/span><\/p><p><span style=\"font-weight: 400;\">Enfin, il est garant devant le Conseil d\u2019Administration de la politique statutaire de l&rsquo;association.<\/span><\/p>\t\t\t\t\t\t<\/div>\n\t\t\t\t<\/div>\n\t\t\t\t\t<\/div>\n\t\t<\/div>\n\t\t\t\t\t<\/div>\n\t\t<\/section>\n\t\t\t\t<section class=\"elementor-section elementor-top-section elementor-element elementor-element-5e2b1a0 elementor-section-boxed elementor-section-height-default elementor-section-height-default\" data-id=\"5e2b1a0\" data-element_type=\"section\">\n\t\t\t\t\t\t<div class=\"elementor-container elementor-column-gap-default\">\n\t\t\t\t\t<div class=\"elementor-column elementor-col-100 elementor-top-column elementor-element elementor-element-433da45\" data-id=\"433da45\" data-element_type=\"column\">\n\t\t\t<div class=\"elementor-widget-wrap elementor-element-populated\">\n\t\t\t\t\t\t<div class=\"elementor-element elementor-element-3d48bc4 elementor-widget elementor-widget-heading\" data-id=\"3d48bc4\" data-element_type=\"widget\" data-widget_type=\"heading.default\">\n\t\t\t\t<div class=\"elementor-widget-container\">\n\t\t\t<h3 class=\"elementor-heading-title elementor-size-medium\">Le Tr\u00e9sorier<\/h3>\t\t<\/div>\n\t\t\t\t<\/div>\n\t\t\t\t\t<\/div>\n\t\t<\/div>\n\t\t\t\t\t<\/div>\n\t\t<\/section>\n\t\t\t\t<section class=\"elementor-section elementor-top-section elementor-element elementor-element-3916188 elementor-section-boxed elementor-section-height-default elementor-section-height-default\" data-id=\"3916188\" data-element_type=\"section\">\n\t\t\t\t\t\t<div class=\"elementor-container elementor-column-gap-default\">\n\t\t\t\t\t<div class=\"elementor-column elementor-col-100 elementor-top-column elementor-element elementor-element-85c8ad0\" data-id=\"85c8ad0\" data-element_type=\"column\">\n\t\t\t<div class=\"elementor-widget-wrap elementor-element-populated\">\n\t\t\t\t\t\t<div class=\"elementor-element elementor-element-d4d6bad elementor-widget elementor-widget-text-editor\" data-id=\"d4d6bad\" data-element_type=\"widget\" data-widget_type=\"text-editor.default\">\n\t\t\t\t<div class=\"elementor-widget-container\">\n\t\t\t\t\t\t\t<p><span style=\"font-weight: 400;\">Le Tr\u00e9sorier veille au nom du Conseil d\u2019Administration d&rsquo;Epireuil au bon fonctionnement de la gestion.<\/span><\/p><p><span style=\"font-weight: 400;\">De plus, il est charg\u00e9 de l\u2019appel de cotisation des membres de l&rsquo;association.<\/span><\/p><p><span style=\"font-weight: 400;\">Et pour finir, il \u00e9tablit des bilans annuels et les budgets pr\u00e9visionnels ainsi qu&rsquo;un rapport financier n\u00e9cessitant l\u2019approbation du Conseil d\u2019Administration.<\/span><\/p>\t\t\t\t\t\t<\/div>\n\t\t\t\t<\/div>\n\t\t\t\t\t<\/div>\n\t\t<\/div>\n\t\t\t\t\t<\/div>\n\t\t<\/section>\n\t\t\t\t<\/div>\n\t\t","protected":false},"excerpt":{"rendered":"<p>Le Conseil d\u2019Administration de l\u2019Association Epireuil est compos\u00e9 de 12\u00a0 \u00e0 16 membres titulaires, personnes physiques ou morales,\u00a0\u00e0 jour de leur cotisation et\/ou participant au financement de la structure. Et outre les repr\u00e9sentants du bureau, les membres sont r\u00e9partis en<\/p>\n","protected":false},"author":1,"featured_media":0,"parent":10,"menu_order":1,"comment_status":"closed","ping_status":"open","template":"","meta":{"_eb_attr":"","footnotes":""},"yoast_head":"<!-- This site is optimized with the Yoast SEO plugin v22.2 - https:\/\/yoast.com\/wordpress\/plugins\/seo\/ -->\n<title>Le Conseil d&#039;Administration d&#039;Epireuil -<\/title>\n<meta name=\"description\" content=\"Retrouvez ici la composition et les r\u00f4les et missions du Conseil d&#039;Administration de l&#039;\u00e9picerie sociale et solidaire Epireuil,\" \/>\n<meta name=\"robots\" content=\"index, follow, max-snippet:-1, max-image-preview:large, max-video-preview:-1\" \/>\n<link rel=\"canonical\" href=\"https:\/\/associationepireuil.fr\/?page_id=12\" \/>\n<meta property=\"og:locale\" content=\"fr_FR\" \/>\n<meta property=\"og:type\" content=\"article\" \/>\n<meta property=\"og:title\" content=\"Le Conseil d&#039;Administration d&#039;Epireuil -\" \/>\n<meta property=\"og:description\" content=\"Retrouvez ici la composition et les r\u00f4les et missions du Conseil d&#039;Administration de l&#039;\u00e9picerie sociale et solidaire Epireuil,\" \/>\n<meta property=\"og:url\" content=\"https:\/\/associationepireuil.fr\/?page_id=12\" \/>\n<meta property=\"article:publisher\" content=\"https:\/\/www.facebook.com\/Epireuil\/\" \/>\n<meta property=\"article:modified_time\" content=\"2021-03-11T11:42:40+00:00\" \/>\n<meta property=\"og:image\" content=\"https:\/\/associationepireuil.fr\/wp-content\/uploads\/2021\/03\/conseil-administration-epireuil.jpg\" \/>\n<meta name=\"twitter:card\" content=\"summary_large_image\" \/>\n<meta name=\"twitter:label1\" content=\"Dur\u00e9e de lecture estim\u00e9e\" \/>\n\t<meta name=\"twitter:data1\" content=\"4 minutes\" \/>\n<script type=\"application\/ld+json\" class=\"yoast-schema-graph\">{\"@context\":\"https:\/\/schema.org\",\"@graph\":[{\"@type\":\"WebPage\",\"@id\":\"https:\/\/associationepireuil.fr\/?page_id=12\",\"url\":\"https:\/\/associationepireuil.fr\/?page_id=12\",\"name\":\"Le Conseil d'Administration d'Epireuil -\",\"isPartOf\":{\"@id\":\"https:\/\/associationepireuil.fr\/#website\"},\"primaryImageOfPage\":{\"@id\":\"https:\/\/associationepireuil.fr\/?page_id=12#primaryimage\"},\"image\":{\"@id\":\"https:\/\/associationepireuil.fr\/?page_id=12#primaryimage\"},\"thumbnailUrl\":\"https:\/\/associationepireuil.fr\/wp-content\/uploads\/2021\/03\/conseil-administration-epireuil.jpg\",\"datePublished\":\"2012-07-02T14:58:22+00:00\",\"dateModified\":\"2021-03-11T11:42:40+00:00\",\"description\":\"Retrouvez ici la composition et les r\u00f4les et missions du Conseil d'Administration de l'\u00e9picerie sociale et solidaire Epireuil,\",\"breadcrumb\":{\"@id\":\"https:\/\/associationepireuil.fr\/?page_id=12#breadcrumb\"},\"inLanguage\":\"fr-FR\",\"potentialAction\":[{\"@type\":\"ReadAction\",\"target\":[\"https:\/\/associationepireuil.fr\/?page_id=12\"]}]},{\"@type\":\"ImageObject\",\"inLanguage\":\"fr-FR\",\"@id\":\"https:\/\/associationepireuil.fr\/?page_id=12#primaryimage\",\"url\":\"https:\/\/associationepireuil.fr\/wp-content\/uploads\/2021\/03\/conseil-administration-epireuil.jpg\",\"contentUrl\":\"https:\/\/associationepireuil.fr\/wp-content\/uploads\/2021\/03\/conseil-administration-epireuil.jpg\",\"width\":640,\"height\":426,\"caption\":\"Conseil Administration Epireuil\"},{\"@type\":\"BreadcrumbList\",\"@id\":\"https:\/\/associationepireuil.fr\/?page_id=12#breadcrumb\",\"itemListElement\":[{\"@type\":\"ListItem\",\"position\":1,\"name\":\"Accueil\",\"item\":\"https:\/\/associationepireuil.fr\/\"},{\"@type\":\"ListItem\",\"position\":2,\"name\":\"Notre \u00e9quipe\",\"item\":\"https:\/\/associationepireuil.fr\/?page_id=10\"},{\"@type\":\"ListItem\",\"position\":3,\"name\":\"Conseil d'Administration\"}]},{\"@type\":\"WebSite\",\"@id\":\"https:\/\/associationepireuil.fr\/#website\",\"url\":\"https:\/\/associationepireuil.fr\/\",\"name\":\"\",\"description\":\"\",\"potentialAction\":[{\"@type\":\"SearchAction\",\"target\":{\"@type\":\"EntryPoint\",\"urlTemplate\":\"https:\/\/associationepireuil.fr\/?s={search_term_string}\"},\"query-input\":\"required name=search_term_string\"}],\"inLanguage\":\"fr-FR\"}]}<\/script>\n<!-- \/ Yoast SEO plugin. -->","yoast_head_json":{"title":"Le Conseil d'Administration d'Epireuil -","description":"Retrouvez ici la composition et les r\u00f4les et missions du Conseil d'Administration de l'\u00e9picerie sociale et solidaire Epireuil,","robots":{"index":"index","follow":"follow","max-snippet":"max-snippet:-1","max-image-preview":"max-image-preview:large","max-video-preview":"max-video-preview:-1"},"canonical":"https:\/\/associationepireuil.fr\/?page_id=12","og_locale":"fr_FR","og_type":"article","og_title":"Le Conseil d'Administration d'Epireuil -","og_description":"Retrouvez ici la composition et les r\u00f4les et missions du Conseil d'Administration de l'\u00e9picerie sociale et solidaire Epireuil,","og_url":"https:\/\/associationepireuil.fr\/?page_id=12","article_publisher":"https:\/\/www.facebook.com\/Epireuil\/","article_modified_time":"2021-03-11T11:42:40+00:00","og_image":[{"url":"https:\/\/associationepireuil.fr\/wp-content\/uploads\/2021\/03\/conseil-administration-epireuil.jpg"}],"twitter_card":"summary_large_image","twitter_misc":{"Dur\u00e9e de lecture estim\u00e9e":"4 minutes"},"schema":{"@context":"https:\/\/schema.org","@graph":[{"@type":"WebPage","@id":"https:\/\/associationepireuil.fr\/?page_id=12","url":"https:\/\/associationepireuil.fr\/?page_id=12","name":"Le Conseil d'Administration d'Epireuil -","isPartOf":{"@id":"https:\/\/associationepireuil.fr\/#website"},"primaryImageOfPage":{"@id":"https:\/\/associationepireuil.fr\/?page_id=12#primaryimage"},"image":{"@id":"https:\/\/associationepireuil.fr\/?page_id=12#primaryimage"},"thumbnailUrl":"https:\/\/associationepireuil.fr\/wp-content\/uploads\/2021\/03\/conseil-administration-epireuil.jpg","datePublished":"2012-07-02T14:58:22+00:00","dateModified":"2021-03-11T11:42:40+00:00","description":"Retrouvez ici la composition et les r\u00f4les et missions du Conseil d'Administration de l'\u00e9picerie sociale et solidaire Epireuil,","breadcrumb":{"@id":"https:\/\/associationepireuil.fr\/?page_id=12#breadcrumb"},"inLanguage":"fr-FR","potentialAction":[{"@type":"ReadAction","target":["https:\/\/associationepireuil.fr\/?page_id=12"]}]},{"@type":"ImageObject","inLanguage":"fr-FR","@id":"https:\/\/associationepireuil.fr\/?page_id=12#primaryimage","url":"https:\/\/associationepireuil.fr\/wp-content\/uploads\/2021\/03\/conseil-administration-epireuil.jpg","contentUrl":"https:\/\/associationepireuil.fr\/wp-content\/uploads\/2021\/03\/conseil-administration-epireuil.jpg","width":640,"height":426,"caption":"Conseil Administration Epireuil"},{"@type":"BreadcrumbList","@id":"https:\/\/associationepireuil.fr\/?page_id=12#breadcrumb","itemListElement":[{"@type":"ListItem","position":1,"name":"Accueil","item":"https:\/\/associationepireuil.fr\/"},{"@type":"ListItem","position":2,"name":"Notre \u00e9quipe","item":"https:\/\/associationepireuil.fr\/?page_id=10"},{"@type":"ListItem","position":3,"name":"Conseil d'Administration"}]},{"@type":"WebSite","@id":"https:\/\/associationepireuil.fr\/#website","url":"https:\/\/associationepireuil.fr\/","name":"","description":"","potentialAction":[{"@type":"SearchAction","target":{"@type":"EntryPoint","urlTemplate":"https:\/\/associationepireuil.fr\/?s={search_term_string}"},"query-input":"required name=search_term_string"}],"inLanguage":"fr-FR"}]}},"_links":{"self":[{"href":"https:\/\/associationepireuil.fr\/index.php?rest_route=\/wp\/v2\/pages\/12"}],"collection":[{"href":"https:\/\/associationepireuil.fr\/index.php?rest_route=\/wp\/v2\/pages"}],"about":[{"href":"https:\/\/associationepireuil.fr\/index.php?rest_route=\/wp\/v2\/types\/page"}],"author":[{"embeddable":true,"href":"https:\/\/associationepireuil.fr\/index.php?rest_route=\/wp\/v2\/users\/1"}],"replies":[{"embeddable":true,"href":"https:\/\/associationepireuil.fr\/index.php?rest_route=%2Fwp%2Fv2%2Fcomments&post=12"}],"version-history":[{"count":81,"href":"https:\/\/associationepireuil.fr\/index.php?rest_route=\/wp\/v2\/pages\/12\/revisions"}],"predecessor-version":[{"id":4090,"href":"https:\/\/associationepireuil.fr\/index.php?rest_route=\/wp\/v2\/pages\/12\/revisions\/4090"}],"up":[{"embeddable":true,"href":"https:\/\/associationepireuil.fr\/index.php?rest_route=\/wp\/v2\/pages\/10"}],"wp:attachment":[{"href":"https:\/\/associationepireuil.fr\/index.php?rest_route=%2Fwp%2Fv2%2Fmedia&parent=12"}],"curies":[{"name":"wp","href":"https:\/\/api.w.org\/{rel}","templated":true}]}}