{"id":15,"date":"2012-07-02T14:58:54","date_gmt":"2012-07-02T14:58:54","guid":{"rendered":"http:\/\/association.epireuil.fr\/?page_id=15"},"modified":"2024-03-06T10:28:42","modified_gmt":"2024-03-06T10:28:42","slug":"les-salaries-epicerie-epireuil","status":"publish","type":"page","link":"https:\/\/associationepireuil.fr\/?page_id=15","title":{"rendered":"Les salari\u00e9s de l&rsquo;\u00e9picerie sociale et solidaire Epireuil"},"content":{"rendered":"\t\t<div data-elementor-type=\"wp-page\" data-elementor-id=\"15\" class=\"elementor elementor-15\">\n\t\t\t\t\t\t<section class=\"elementor-section elementor-top-section elementor-element elementor-element-38e9b5a elementor-section-boxed elementor-section-height-default elementor-section-height-default\" data-id=\"38e9b5a\" data-element_type=\"section\">\n\t\t\t\t\t\t<div class=\"elementor-container elementor-column-gap-default\">\n\t\t\t\t\t<div class=\"elementor-column elementor-col-100 elementor-top-column elementor-element elementor-element-51cd7fd\" data-id=\"51cd7fd\" data-element_type=\"column\">\n\t\t\t<div class=\"elementor-widget-wrap elementor-element-populated\">\n\t\t\t\t\t\t<div class=\"elementor-element elementor-element-62c5486 elementor-widget elementor-widget-text-editor\" data-id=\"62c5486\" data-element_type=\"widget\" data-widget_type=\"text-editor.default\">\n\t\t\t\t<div class=\"elementor-widget-container\">\n\t\t\t\t\t\t\t<p>Faites ici connaissance avec les salari\u00e9s de l&rsquo;association qui vous accueillent chaleureusement au sein de votre \u00e9picerie sociale et solidaire Epireuil \u00e0 Val de Reuil et Louviers.<\/p>\t\t\t\t\t\t<\/div>\n\t\t\t\t<\/div>\n\t\t\t\t<div class=\"elementor-element elementor-element-4bbde2d elementor-widget elementor-widget-spacer\" data-id=\"4bbde2d\" data-element_type=\"widget\" data-widget_type=\"spacer.default\">\n\t\t\t\t<div class=\"elementor-widget-container\">\n\t\t\t\t\t<div class=\"elementor-spacer\">\n\t\t\t<div class=\"elementor-spacer-inner\"><\/div>\n\t\t<\/div>\n\t\t\t\t<\/div>\n\t\t\t\t<\/div>\n\t\t\t\t<div class=\"elementor-element elementor-element-ec64390 elementor-widget elementor-widget-heading\" data-id=\"ec64390\" data-element_type=\"widget\" data-widget_type=\"heading.default\">\n\t\t\t\t<div class=\"elementor-widget-container\">\n\t\t\t<h2 class=\"elementor-heading-title elementor-size-default\">Natacha Patte, Directrice de l'Association<\/h2>\t\t<\/div>\n\t\t\t\t<\/div>\n\t\t\t\t\t<\/div>\n\t\t<\/div>\n\t\t\t\t\t<\/div>\n\t\t<\/section>\n\t\t\t\t<section class=\"elementor-section elementor-top-section elementor-element elementor-element-e073d11 elementor-section-boxed elementor-section-height-default elementor-section-height-default\" data-id=\"e073d11\" data-element_type=\"section\">\n\t\t\t\t\t\t<div class=\"elementor-container elementor-column-gap-default\">\n\t\t\t\t\t<div class=\"elementor-column elementor-col-33 elementor-top-column elementor-element elementor-element-e65919f\" data-id=\"e65919f\" data-element_type=\"column\">\n\t\t\t<div class=\"elementor-widget-wrap elementor-element-populated\">\n\t\t\t\t\t\t<div class=\"elementor-element elementor-element-6b627a5 elementor-widget elementor-widget-image\" data-id=\"6b627a5\" data-element_type=\"widget\" data-widget_type=\"image.default\">\n\t\t\t\t<div class=\"elementor-widget-container\">\n\t\t\t\t\t\t\t\t\t\t\t\t\t<img fetchpriority=\"high\" decoding=\"async\" width=\"720\" height=\"540\" src=\"https:\/\/associationepireuil.fr\/wp-content\/uploads\/2021\/03\/Natacha_Patte.jpg\" class=\"attachment-large size-large wp-image-4100\" alt=\"Natacha Patte, Directrice de l&#039;Association Epireuil\" srcset=\"https:\/\/associationepireuil.fr\/wp-content\/uploads\/2021\/03\/Natacha_Patte.jpg 900w, https:\/\/associationepireuil.fr\/wp-content\/uploads\/2021\/03\/Natacha_Patte-300x225.jpg 300w, https:\/\/associationepireuil.fr\/wp-content\/uploads\/2021\/03\/Natacha_Patte-768x576.jpg 768w\" sizes=\"(max-width: 720px) 100vw, 720px\" \/>\t\t\t\t\t\t\t\t\t\t\t\t\t<\/div>\n\t\t\t\t<\/div>\n\t\t\t\t\t<\/div>\n\t\t<\/div>\n\t\t\t\t<div class=\"elementor-column elementor-col-66 elementor-top-column elementor-element elementor-element-a4aa3f4\" data-id=\"a4aa3f4\" data-element_type=\"column\">\n\t\t\t<div class=\"elementor-widget-wrap elementor-element-populated\">\n\t\t\t\t\t\t<div class=\"elementor-element elementor-element-8fcf308 elementor-widget elementor-widget-text-editor\" data-id=\"8fcf308\" data-element_type=\"widget\" data-widget_type=\"text-editor.default\">\n\t\t\t\t<div class=\"elementor-widget-container\">\n\t\t\t\t\t\t\t<p>Natacha est la Directrice de l\u2019Association Epireuil et, \u00e0 ce titre, elle a la responsabilit\u00e9 d\u2019un ensemble de missions destin\u00e9es au bon fonctionnement de la structure :<\/p><ul><li aria-level=\"1\">Coordination<\/li><li aria-level=\"1\">Management de l\u2019\u00e9quipe<\/li><li aria-level=\"1\">Approvisionnement et commandes<\/li><li aria-level=\"1\">Relations ext\u00e9rieures (partenaires commerciaux et structures publiques)<\/li><li aria-level=\"1\">D\u00e9veloppement de projets<\/li><li aria-level=\"1\">Finances et comptabilit\u00e9.<\/li><\/ul><div><p style=\"font-variant-ligatures: normal; font-variant-caps: normal;\"><span style=\"font-size: 16px; font-weight: 400;\">Mais Natacha n\u2019est pas arriv\u00e9e par hasard au sein de l\u2019association. En fait, il s\u2019agissait d\u2019un v\u00e9ritable coup de c\u0153ur.\u00a0<\/span><\/p><\/div>\t\t\t\t\t\t<\/div>\n\t\t\t\t<\/div>\n\t\t\t\t\t<\/div>\n\t\t<\/div>\n\t\t\t\t\t<\/div>\n\t\t<\/section>\n\t\t\t\t<section class=\"elementor-section elementor-top-section elementor-element elementor-element-485245e elementor-section-boxed elementor-section-height-default elementor-section-height-default\" data-id=\"485245e\" data-element_type=\"section\">\n\t\t\t\t\t\t<div class=\"elementor-container elementor-column-gap-default\">\n\t\t\t\t\t<div class=\"elementor-column elementor-col-100 elementor-top-column elementor-element elementor-element-92ce866\" data-id=\"92ce866\" data-element_type=\"column\">\n\t\t\t<div class=\"elementor-widget-wrap elementor-element-populated\">\n\t\t\t\t\t\t<div class=\"elementor-element elementor-element-f8b1704 elementor-widget elementor-widget-text-editor\" data-id=\"f8b1704\" data-element_type=\"widget\" data-widget_type=\"text-editor.default\">\n\t\t\t\t<div class=\"elementor-widget-container\">\n\t\t\t\t\t\t\t<p>\u00a0<\/p><p><i style=\"font-variant-ligatures: inherit; font-variant-caps: inherit; color: var( --e-global-color-text );\"><span style=\"font-weight: 400;\">\u201cJ\u2019ai eu l\u2019impression que ce poste \u00e9tait fait pour moi. En fait, il rassemble tout ce que j\u2019aime, tout ce en quoi je crois : le milieu associatif, la mission environnementale et la lutte contre le gaspillage alimentaire, les animations. En outre, j\u2019appr\u00e9cie la libert\u00e9 d\u2019action et l\u2019investissement r\u00e9el de tous les acteurs.\u201d<\/span><\/i><\/p>\t\t\t\t\t\t<\/div>\n\t\t\t\t<\/div>\n\t\t\t\t\t<\/div>\n\t\t<\/div>\n\t\t\t\t\t<\/div>\n\t\t<\/section>\n\t\t\t\t<section class=\"elementor-section elementor-top-section elementor-element elementor-element-0af11c1 elementor-section-boxed elementor-section-height-default elementor-section-height-default\" data-id=\"0af11c1\" data-element_type=\"section\">\n\t\t\t\t\t\t<div class=\"elementor-container elementor-column-gap-default\">\n\t\t\t\t\t<div class=\"elementor-column elementor-col-100 elementor-top-column elementor-element elementor-element-4d4e299\" data-id=\"4d4e299\" data-element_type=\"column\">\n\t\t\t<div class=\"elementor-widget-wrap elementor-element-populated\">\n\t\t\t\t\t\t<div class=\"elementor-element elementor-element-c746e70 elementor-widget elementor-widget-spacer\" data-id=\"c746e70\" data-element_type=\"widget\" data-widget_type=\"spacer.default\">\n\t\t\t\t<div class=\"elementor-widget-container\">\n\t\t\t\t\t<div class=\"elementor-spacer\">\n\t\t\t<div class=\"elementor-spacer-inner\"><\/div>\n\t\t<\/div>\n\t\t\t\t<\/div>\n\t\t\t\t<\/div>\n\t\t\t\t\t<\/div>\n\t\t<\/div>\n\t\t\t\t\t<\/div>\n\t\t<\/section>\n\t\t\t\t<section class=\"elementor-section elementor-top-section elementor-element elementor-element-c016fe4 elementor-section-boxed elementor-section-height-default elementor-section-height-default\" data-id=\"c016fe4\" data-element_type=\"section\">\n\t\t\t\t\t\t<div class=\"elementor-container elementor-column-gap-default\">\n\t\t\t\t\t<div class=\"elementor-column elementor-col-100 elementor-top-column elementor-element elementor-element-7c50e26\" data-id=\"7c50e26\" data-element_type=\"column\">\n\t\t\t<div class=\"elementor-widget-wrap elementor-element-populated\">\n\t\t\t\t\t\t<div class=\"elementor-element elementor-element-3a8cfb0 elementor-widget elementor-widget-heading\" data-id=\"3a8cfb0\" data-element_type=\"widget\" data-widget_type=\"heading.default\">\n\t\t\t\t<div class=\"elementor-widget-container\">\n\t\t\t<h2 class=\"elementor-heading-title elementor-size-default\">Charli Aguettaz, P\u00f4le Epicerie<\/h2>\t\t<\/div>\n\t\t\t\t<\/div>\n\t\t\t\t\t<\/div>\n\t\t<\/div>\n\t\t\t\t\t<\/div>\n\t\t<\/section>\n\t\t\t\t<section class=\"elementor-section elementor-top-section elementor-element elementor-element-d30408b elementor-section-boxed elementor-section-height-default elementor-section-height-default\" data-id=\"d30408b\" data-element_type=\"section\">\n\t\t\t\t\t\t<div class=\"elementor-container elementor-column-gap-default\">\n\t\t\t\t\t<div class=\"elementor-column elementor-col-33 elementor-top-column elementor-element elementor-element-abe8bf7\" data-id=\"abe8bf7\" data-element_type=\"column\">\n\t\t\t<div class=\"elementor-widget-wrap elementor-element-populated\">\n\t\t\t\t\t\t<div class=\"elementor-element elementor-element-498614f elementor-widget elementor-widget-image\" data-id=\"498614f\" data-element_type=\"widget\" data-widget_type=\"image.default\">\n\t\t\t\t<div class=\"elementor-widget-container\">\n\t\t\t\t\t\t\t\t\t\t\t\t\t<img decoding=\"async\" width=\"720\" height=\"540\" src=\"https:\/\/associationepireuil.fr\/wp-content\/uploads\/2022\/10\/Charli_Aguettaz-Epireuil-1024x768.jpg\" class=\"attachment-large size-large wp-image-5224\" alt=\"Charli Aguettaz - Epireuil\" srcset=\"https:\/\/associationepireuil.fr\/wp-content\/uploads\/2022\/10\/Charli_Aguettaz-Epireuil-1024x768.jpg 1024w, https:\/\/associationepireuil.fr\/wp-content\/uploads\/2022\/10\/Charli_Aguettaz-Epireuil-300x225.jpg 300w, https:\/\/associationepireuil.fr\/wp-content\/uploads\/2022\/10\/Charli_Aguettaz-Epireuil-768x576.jpg 768w, https:\/\/associationepireuil.fr\/wp-content\/uploads\/2022\/10\/Charli_Aguettaz-Epireuil-1536x1152.jpg 1536w, https:\/\/associationepireuil.fr\/wp-content\/uploads\/2022\/10\/Charli_Aguettaz-Epireuil-2048x1536.jpg 2048w\" sizes=\"(max-width: 720px) 100vw, 720px\" \/>\t\t\t\t\t\t\t\t\t\t\t\t\t<\/div>\n\t\t\t\t<\/div>\n\t\t\t\t\t<\/div>\n\t\t<\/div>\n\t\t\t\t<div class=\"elementor-column elementor-col-66 elementor-top-column elementor-element elementor-element-9e63a1c\" data-id=\"9e63a1c\" data-element_type=\"column\">\n\t\t\t<div class=\"elementor-widget-wrap elementor-element-populated\">\n\t\t\t\t\t\t<div class=\"elementor-element elementor-element-8b87ef2 elementor-widget elementor-widget-text-editor\" data-id=\"8b87ef2\" data-element_type=\"widget\" data-widget_type=\"text-editor.default\">\n\t\t\t\t<div class=\"elementor-widget-container\">\n\t\t\t\t\t\t\t<p><span style=\"font-weight: 400;\">R\u00e9f\u00e9rent Hygi\u00e8ne et S\u00e9curit\u00e9 alimentaire \/ Inventaire P\u00f4le Epicerie<\/span><\/p><p><span style=\"font-weight: 400;\">Ses missions :<\/span><\/p><ul><li style=\"font-weight: 400;\" aria-level=\"1\"><span style=\"font-weight: 400;\">Ramasse (appel\u00e9e \u00e9galement ramassage ou collecte) de denr\u00e9es alimentaires aupr\u00e8s de nos partenaires La Banque Alimentaire et Leclerc<\/span><\/li><li style=\"font-weight: 400;\" aria-level=\"1\"><span style=\"font-weight: 400;\">R\u00e9ception des commandes, approvisionnement et r\u00e9assort des rayons de l\u2019\u00e9picerie, contr\u00f4le des temp\u00e9ratures<\/span><\/li><li style=\"font-weight: 400;\" aria-level=\"1\"><span style=\"font-weight: 400;\">Gestion des stocks<\/span><\/li><li style=\"font-weight: 400;\" aria-level=\"1\"><span style=\"font-weight: 400;\">Entretien et nettoyage de l\u2019\u00e9picerie<\/span><\/li><\/ul><p style=\"font-weight: 400;\">Avant de rejoindre Epireuil, Charli, au parcours qu\u2019il d\u00e9crit lui-m\u00eame comme atypique, a exerc\u00e9 plusieurs m\u00e9tiers (restauration, foodtruck, espaces verts\u2026).\u00a0<\/p><p style=\"font-weight: 400;\">Le truc en plus d\u2019Epireuil, selon lui\u00a0? L\u2019associatif et le social.<\/p>\t\t\t\t\t\t<\/div>\n\t\t\t\t<\/div>\n\t\t\t\t\t<\/div>\n\t\t<\/div>\n\t\t\t\t\t<\/div>\n\t\t<\/section>\n\t\t\t\t<section class=\"elementor-section elementor-top-section elementor-element elementor-element-77c29c3 elementor-section-boxed elementor-section-height-default elementor-section-height-default\" data-id=\"77c29c3\" data-element_type=\"section\">\n\t\t\t\t\t\t<div class=\"elementor-container elementor-column-gap-default\">\n\t\t\t\t\t<div class=\"elementor-column elementor-col-100 elementor-top-column elementor-element elementor-element-0d154fa\" data-id=\"0d154fa\" data-element_type=\"column\">\n\t\t\t<div class=\"elementor-widget-wrap elementor-element-populated\">\n\t\t\t\t\t\t<div class=\"elementor-element elementor-element-dc4c44e elementor-widget elementor-widget-text-editor\" data-id=\"dc4c44e\" data-element_type=\"widget\" data-widget_type=\"text-editor.default\">\n\t\t\t\t<div class=\"elementor-widget-container\">\n\t\t\t\t\t\t\t<p style=\"font-weight: 400;\"><em>\u00ab\u00a0J\u2019aime voir le sourire aux gens quand ils repartent du magasin.<\/em><\/p><p style=\"font-weight: 400;\"><em>Nous servons une belle cause et nous sommes une \u00e9quipe soud\u00e9e de salari\u00e9s et b\u00e9n\u00e9voles.\u00a0\u00bb.<\/em><\/p>\t\t\t\t\t\t<\/div>\n\t\t\t\t<\/div>\n\t\t\t\t<div class=\"elementor-element elementor-element-27275bb elementor-widget elementor-widget-text-editor\" data-id=\"27275bb\" data-element_type=\"widget\" data-widget_type=\"text-editor.default\">\n\t\t\t\t<div class=\"elementor-widget-container\">\n\t\t\t\t\t\t\t<p style=\"font-weight: 400;\">Mais ce n\u2019est pas la seule chose que l\u2019association a pu lui apporter. En effet, outre ses activit\u00e9s diversifi\u00e9es, il appr\u00e9cie tout particuli\u00e8rement les \u00ab\u00a0op\u00e9rations sp\u00e9ciales\u00a0\u00bb o\u00f9 il peut mettre en \u0153uvre sa cr\u00e9ativit\u00e9. Et par ailleurs, Epireuil l\u2019a fait grandir.<\/p>\t\t\t\t\t\t<\/div>\n\t\t\t\t<\/div>\n\t\t\t\t<div class=\"elementor-element elementor-element-1bf9341 elementor-widget elementor-widget-text-editor\" data-id=\"1bf9341\" data-element_type=\"widget\" data-widget_type=\"text-editor.default\">\n\t\t\t\t<div class=\"elementor-widget-container\">\n\t\t\t\t\t\t\t<p style=\"font-weight: 400;\"><em>\u00ab\u00a0L\u2019activit\u00e9 demande d\u2019\u00eatre organis\u00e9, ind\u00e9pendant et de savoir g\u00e9rer les al\u00e9as.\u00a0\u00bb<\/em><\/p>\t\t\t\t\t\t<\/div>\n\t\t\t\t<\/div>\n\t\t\t\t<div class=\"elementor-element elementor-element-ffbc968 elementor-widget elementor-widget-text-editor\" data-id=\"ffbc968\" data-element_type=\"widget\" data-widget_type=\"text-editor.default\">\n\t\t\t\t<div class=\"elementor-widget-container\">\n\t\t\t\t\t\t\t<p style=\"font-weight: 400;\">Et ce qu\u2019il a pu constater, notamment lors de l\u2019inauguration de l\u2019\u00e9picerie, c\u2019est que leur cause d\u00e9passait les murs de l\u2019association et touchait jusqu\u2019aux pouvoirs publics de la r\u00e9gion.<\/p>\t\t\t\t\t\t<\/div>\n\t\t\t\t<\/div>\n\t\t\t\t<div class=\"elementor-element elementor-element-f24b2b8 elementor-widget elementor-widget-spacer\" data-id=\"f24b2b8\" data-element_type=\"widget\" data-widget_type=\"spacer.default\">\n\t\t\t\t<div class=\"elementor-widget-container\">\n\t\t\t\t\t<div class=\"elementor-spacer\">\n\t\t\t<div class=\"elementor-spacer-inner\"><\/div>\n\t\t<\/div>\n\t\t\t\t<\/div>\n\t\t\t\t<\/div>\n\t\t\t\t\t<\/div>\n\t\t<\/div>\n\t\t\t\t\t<\/div>\n\t\t<\/section>\n\t\t\t\t<section class=\"elementor-section elementor-top-section elementor-element elementor-element-f8a6ec0 elementor-section-boxed elementor-section-height-default elementor-section-height-default\" data-id=\"f8a6ec0\" data-element_type=\"section\">\n\t\t\t\t\t\t<div class=\"elementor-container elementor-column-gap-default\">\n\t\t\t\t\t<div class=\"elementor-column elementor-col-100 elementor-top-column elementor-element elementor-element-683b5ac\" data-id=\"683b5ac\" data-element_type=\"column\">\n\t\t\t<div class=\"elementor-widget-wrap elementor-element-populated\">\n\t\t\t\t\t\t<div class=\"elementor-element elementor-element-7c66ddd elementor-widget elementor-widget-heading\" data-id=\"7c66ddd\" data-element_type=\"widget\" data-widget_type=\"heading.default\">\n\t\t\t\t<div class=\"elementor-widget-container\">\n\t\t\t<h2 class=\"elementor-heading-title elementor-size-default\">Flavie Guilmin, P\u00f4le Epicerie<\/h2>\t\t<\/div>\n\t\t\t\t<\/div>\n\t\t\t\t\t<\/div>\n\t\t<\/div>\n\t\t\t\t\t<\/div>\n\t\t<\/section>\n\t\t\t\t<section class=\"elementor-section elementor-top-section elementor-element elementor-element-4eae26b elementor-section-boxed elementor-section-height-default elementor-section-height-default\" data-id=\"4eae26b\" data-element_type=\"section\">\n\t\t\t\t\t\t<div class=\"elementor-container elementor-column-gap-default\">\n\t\t\t\t\t<div class=\"elementor-column elementor-col-33 elementor-top-column elementor-element elementor-element-429de8e\" data-id=\"429de8e\" data-element_type=\"column\">\n\t\t\t<div class=\"elementor-widget-wrap elementor-element-populated\">\n\t\t\t\t\t\t<div class=\"elementor-element elementor-element-85f2d8b elementor-widget elementor-widget-image\" data-id=\"85f2d8b\" data-element_type=\"widget\" data-widget_type=\"image.default\">\n\t\t\t\t<div class=\"elementor-widget-container\">\n\t\t\t\t\t\t\t\t\t\t\t\t\t<img decoding=\"async\" width=\"720\" height=\"540\" src=\"https:\/\/associationepireuil.fr\/wp-content\/uploads\/2021\/03\/Flavie_Guilmin.jpg\" class=\"attachment-large size-large wp-image-4103\" alt=\"Flavie Guilmin, R\u00e9f\u00e9rent Tra\u00e7abilit\u00e9 \/ P\u00f4le Epicerie, Epireuil\" srcset=\"https:\/\/associationepireuil.fr\/wp-content\/uploads\/2021\/03\/Flavie_Guilmin.jpg 900w, https:\/\/associationepireuil.fr\/wp-content\/uploads\/2021\/03\/Flavie_Guilmin-300x225.jpg 300w, https:\/\/associationepireuil.fr\/wp-content\/uploads\/2021\/03\/Flavie_Guilmin-768x576.jpg 768w\" sizes=\"(max-width: 720px) 100vw, 720px\" \/>\t\t\t\t\t\t\t\t\t\t\t\t\t<\/div>\n\t\t\t\t<\/div>\n\t\t\t\t\t<\/div>\n\t\t<\/div>\n\t\t\t\t<div class=\"elementor-column elementor-col-66 elementor-top-column elementor-element elementor-element-9c7dc32\" data-id=\"9c7dc32\" data-element_type=\"column\">\n\t\t\t<div class=\"elementor-widget-wrap elementor-element-populated\">\n\t\t\t\t\t\t<div class=\"elementor-element elementor-element-002af51 elementor-widget elementor-widget-text-editor\" data-id=\"002af51\" data-element_type=\"widget\" data-widget_type=\"text-editor.default\">\n\t\t\t\t<div class=\"elementor-widget-container\">\n\t\t\t\t\t\t\t<p><span style=\"font-weight: 400;\">R\u00e9f\u00e9rent Tra\u00e7abilit\u00e9 \/ P\u00f4le Epicerie<\/span><\/p><p><span style=\"font-weight: 400;\">Ses missions :<\/span><\/p><ul><li style=\"font-weight: 400;\" aria-level=\"1\"><span style=\"font-weight: 400;\">Ramasse de denr\u00e9es alimentaires aupr\u00e8s de supermarch\u00e9s partenaires<\/span><\/li><li style=\"font-weight: 400;\" aria-level=\"1\"><span style=\"font-weight: 400;\">R\u00e9ception des commandes, approvisionnement et r\u00e9assort des rayons de l\u2019\u00e9picerie<\/span><\/li><li style=\"font-weight: 400;\" aria-level=\"1\"><span style=\"font-weight: 400;\">Gestion des stocks<\/span><\/li><li style=\"font-weight: 400;\" aria-level=\"1\"><span style=\"font-weight: 400;\">Entretien et nettoyage de l\u2019\u00e9picerie<\/span><\/li><li style=\"font-weight: 400;\" aria-level=\"1\"><span style=\"font-weight: 400;\">H\u00f4tesse d&rsquo;accueil Epicerie.<\/span><\/li><\/ul>\t\t\t\t\t\t<\/div>\n\t\t\t\t<\/div>\n\t\t\t\t\t<\/div>\n\t\t<\/div>\n\t\t\t\t\t<\/div>\n\t\t<\/section>\n\t\t\t\t<section class=\"elementor-section elementor-top-section elementor-element elementor-element-a843b84 elementor-section-boxed elementor-section-height-default elementor-section-height-default\" data-id=\"a843b84\" data-element_type=\"section\">\n\t\t\t\t\t\t<div class=\"elementor-container elementor-column-gap-default\">\n\t\t\t\t\t<div class=\"elementor-column elementor-col-100 elementor-top-column elementor-element elementor-element-f65c08b\" data-id=\"f65c08b\" data-element_type=\"column\">\n\t\t\t<div class=\"elementor-widget-wrap elementor-element-populated\">\n\t\t\t\t\t\t<div class=\"elementor-element elementor-element-909b599 elementor-widget elementor-widget-text-editor\" data-id=\"909b599\" data-element_type=\"widget\" data-widget_type=\"text-editor.default\">\n\t\t\t\t<div class=\"elementor-widget-container\">\n\t\t\t\t\t\t\t<p><i><span style=\"font-weight: 400;\">\u201cJe suis une ancienne b\u00e9n\u00e9ficiaire et b\u00e9n\u00e9vole. Je m\u2019occupais de la distribution et je participais \u00e0 certains ateliers. A l\u2019\u00e9poque, j\u2019avais \u00e9t\u00e9 tr\u00e8s bien accueillie. J\u2019avais aim\u00e9 ce que je faisais et cela m\u2019avait permis en plus de reprendre confiance en moi.\u00a0<\/span><\/i><\/p><p><i><span style=\"font-weight: 400;\">Aussi, quand une opportunit\u00e9 de rejoindre l\u2019\u00e9quipe s\u2019est pr\u00e9sent\u00e9e, j\u2019ai tout de suite propos\u00e9 ma candidature. Et aujourd\u2019hui, j\u2019aime toujours autant mon travail. En effet, chaque jour est \u00e0 la fois semblable et compl\u00e8tement diff\u00e9rent. J\u2019y ai trouv\u00e9 le contact humain social qui me plaisait.\u00a0<\/span><\/i><\/p><p><i><span style=\"font-weight: 400;\">Et \u00e0 mon tour, je peux aider comme j\u2019ai pu l\u2019\u00eatre moi-m\u00eame quand j\u2019en ai eu besoin. Alors j\u2019essaie d\u2019apporter, quand je le peux, de la l\u00e9g\u00e8ret\u00e9 et de la bonne humeur aupr\u00e8s des b\u00e9n\u00e9ficiaires.\u201d<\/span><\/i><\/p>\t\t\t\t\t\t<\/div>\n\t\t\t\t<\/div>\n\t\t\t\t\t<\/div>\n\t\t<\/div>\n\t\t\t\t\t<\/div>\n\t\t<\/section>\n\t\t\t\t<section class=\"elementor-section elementor-top-section elementor-element elementor-element-2fcf592 elementor-section-boxed elementor-section-height-default elementor-section-height-default\" data-id=\"2fcf592\" data-element_type=\"section\">\n\t\t\t\t\t\t<div class=\"elementor-container elementor-column-gap-default\">\n\t\t\t\t\t<div class=\"elementor-column elementor-col-100 elementor-top-column elementor-element elementor-element-77651d2\" data-id=\"77651d2\" data-element_type=\"column\">\n\t\t\t<div class=\"elementor-widget-wrap elementor-element-populated\">\n\t\t\t\t\t\t<div class=\"elementor-element elementor-element-44380e3 elementor-widget elementor-widget-spacer\" data-id=\"44380e3\" data-element_type=\"widget\" data-widget_type=\"spacer.default\">\n\t\t\t\t<div class=\"elementor-widget-container\">\n\t\t\t\t\t<div class=\"elementor-spacer\">\n\t\t\t<div class=\"elementor-spacer-inner\"><\/div>\n\t\t<\/div>\n\t\t\t\t<\/div>\n\t\t\t\t<\/div>\n\t\t\t\t\t<\/div>\n\t\t<\/div>\n\t\t\t\t\t<\/div>\n\t\t<\/section>\n\t\t\t\t<section class=\"elementor-section elementor-top-section elementor-element elementor-element-6629aaa elementor-section-boxed elementor-section-height-default elementor-section-height-default\" data-id=\"6629aaa\" data-element_type=\"section\">\n\t\t\t\t\t\t<div class=\"elementor-container elementor-column-gap-default\">\n\t\t\t\t\t<div class=\"elementor-column elementor-col-100 elementor-top-column elementor-element elementor-element-273ae60\" data-id=\"273ae60\" data-element_type=\"column\">\n\t\t\t<div class=\"elementor-widget-wrap elementor-element-populated\">\n\t\t\t\t\t\t<div class=\"elementor-element elementor-element-ec088b5 elementor-widget elementor-widget-heading\" data-id=\"ec088b5\" data-element_type=\"widget\" data-widget_type=\"heading.default\">\n\t\t\t\t<div class=\"elementor-widget-container\">\n\t\t\t<h2 class=\"elementor-heading-title elementor-size-default\">Caroline Sergeant , P\u00f4le Accueil<\/h2>\t\t<\/div>\n\t\t\t\t<\/div>\n\t\t\t\t\t<\/div>\n\t\t<\/div>\n\t\t\t\t\t<\/div>\n\t\t<\/section>\n\t\t\t\t<section class=\"elementor-section elementor-top-section elementor-element elementor-element-ec544b8 elementor-section-boxed elementor-section-height-default elementor-section-height-default\" data-id=\"ec544b8\" data-element_type=\"section\">\n\t\t\t\t\t\t<div class=\"elementor-container elementor-column-gap-default\">\n\t\t\t\t\t<div class=\"elementor-column elementor-col-66 elementor-top-column elementor-element elementor-element-4e2fb49\" data-id=\"4e2fb49\" data-element_type=\"column\">\n\t\t\t<div class=\"elementor-widget-wrap elementor-element-populated\">\n\t\t\t\t\t\t<div class=\"elementor-element elementor-element-6f70383 elementor-widget elementor-widget-text-editor\" data-id=\"6f70383\" data-element_type=\"widget\" data-widget_type=\"text-editor.default\">\n\t\t\t\t<div class=\"elementor-widget-container\">\n\t\t\t\t\t\t\t<p style=\"font-weight: 400;\">Caroline est votre r\u00e9f\u00e9rente famille accueil.<\/p><p style=\"font-weight: 400;\">Ses journ\u00e9es se partagent entre les demandes d\u2019ouverture de droits, la distribution des cartes aux b\u00e9n\u00e9ficiaires\u2026<\/p><p style=\"font-weight: 400;\">Apr\u00e8s la pr\u00e9paration d\u2019un dipl\u00f4me en h\u00f4tellerie et plusieurs petits postes, c\u2019est \u00e0 sa famille qu\u2019elle s\u2019est consacr\u00e9e enti\u00e8rement et ce, pendant plusieurs ann\u00e9es. De ce fait, l\u2019organisation, la planification mais surtout le soutien et l\u2019accompagnement n\u2019avaient aucun secret pour elle quand elle est arriv\u00e9e \u00e0 l\u2019association. Et son go\u00fbt du contact, d\u00e9velopp\u00e9 lors de ses pr\u00e9c\u00e9dents postes, a fait le reste.<\/p>\t\t\t\t\t\t<\/div>\n\t\t\t\t<\/div>\n\t\t\t\t<div class=\"elementor-element elementor-element-51f16a4 elementor-widget elementor-widget-text-editor\" data-id=\"51f16a4\" data-element_type=\"widget\" data-widget_type=\"text-editor.default\">\n\t\t\t\t<div class=\"elementor-widget-container\">\n\t\t\t\t\t\t\t<p style=\"font-weight: 400;\"><em>\u00ab\u00a0Ce poste, c\u2019est comme une \u00e9vidence. J\u2019adore le contact, apporter du soutien, accompagner, orienter. Je viens au travail avec plaisir. Et les retours positifs que je re\u00e7ois me font prendre conscience que mon activit\u00e9 a un r\u00e9el impact humain.\u00a0\u00bb<\/em><\/p>\t\t\t\t\t\t<\/div>\n\t\t\t\t<\/div>\n\t\t\t\t\t<\/div>\n\t\t<\/div>\n\t\t\t\t<div class=\"elementor-column elementor-col-33 elementor-top-column elementor-element elementor-element-6f0d6f9\" data-id=\"6f0d6f9\" data-element_type=\"column\">\n\t\t\t<div class=\"elementor-widget-wrap elementor-element-populated\">\n\t\t\t\t\t\t<div class=\"elementor-element elementor-element-8101fe9 elementor-widget elementor-widget-image\" data-id=\"8101fe9\" data-element_type=\"widget\" data-widget_type=\"image.default\">\n\t\t\t\t<div class=\"elementor-widget-container\">\n\t\t\t\t\t\t\t\t\t\t\t\t\t<img loading=\"lazy\" decoding=\"async\" width=\"720\" height=\"664\" src=\"https:\/\/associationepireuil.fr\/wp-content\/uploads\/2024\/03\/epireuil_caroline_sergeant-1024x944.jpeg\" class=\"attachment-large size-large wp-image-5973\" alt=\"Caroline Sergeant - P\u00f4le Accueil - Epicerie sociale et solidaire Epireuil\" srcset=\"https:\/\/associationepireuil.fr\/wp-content\/uploads\/2024\/03\/epireuil_caroline_sergeant-1024x944.jpeg 1024w, https:\/\/associationepireuil.fr\/wp-content\/uploads\/2024\/03\/epireuil_caroline_sergeant-300x276.jpeg 300w, https:\/\/associationepireuil.fr\/wp-content\/uploads\/2024\/03\/epireuil_caroline_sergeant-768x708.jpeg 768w, https:\/\/associationepireuil.fr\/wp-content\/uploads\/2024\/03\/epireuil_caroline_sergeant-1536x1416.jpeg 1536w, https:\/\/associationepireuil.fr\/wp-content\/uploads\/2024\/03\/epireuil_caroline_sergeant-2048x1887.jpeg 2048w\" sizes=\"(max-width: 720px) 100vw, 720px\" \/>\t\t\t\t\t\t\t\t\t\t\t\t\t<\/div>\n\t\t\t\t<\/div>\n\t\t\t\t\t<\/div>\n\t\t<\/div>\n\t\t\t\t\t<\/div>\n\t\t<\/section>\n\t\t\t\t<section class=\"elementor-section elementor-top-section elementor-element elementor-element-af38e48 elementor-section-boxed elementor-section-height-default elementor-section-height-default\" data-id=\"af38e48\" data-element_type=\"section\">\n\t\t\t\t\t\t<div class=\"elementor-container elementor-column-gap-default\">\n\t\t\t\t\t<div class=\"elementor-column elementor-col-100 elementor-top-column elementor-element elementor-element-acbc0a0\" data-id=\"acbc0a0\" data-element_type=\"column\">\n\t\t\t<div class=\"elementor-widget-wrap elementor-element-populated\">\n\t\t\t\t\t\t<div class=\"elementor-element elementor-element-a1a4582 elementor-widget elementor-widget-text-editor\" data-id=\"a1a4582\" data-element_type=\"widget\" data-widget_type=\"text-editor.default\">\n\t\t\t\t<div class=\"elementor-widget-container\">\n\t\t\t\t\t\t\t<p style=\"font-weight: 400;\">Par ailleurs, pour compl\u00e9ter ses comp\u00e9tences, elle aimerait s\u2019orienter vers la m\u00e9diation sociale par la suite.<\/p>\t\t\t\t\t\t<\/div>\n\t\t\t\t<\/div>\n\t\t\t\t<div class=\"elementor-element elementor-element-500e98a elementor-widget elementor-widget-spacer\" data-id=\"500e98a\" data-element_type=\"widget\" data-widget_type=\"spacer.default\">\n\t\t\t\t<div class=\"elementor-widget-container\">\n\t\t\t\t\t<div class=\"elementor-spacer\">\n\t\t\t<div class=\"elementor-spacer-inner\"><\/div>\n\t\t<\/div>\n\t\t\t\t<\/div>\n\t\t\t\t<\/div>\n\t\t\t\t\t<\/div>\n\t\t<\/div>\n\t\t\t\t\t<\/div>\n\t\t<\/section>\n\t\t\t\t<section class=\"elementor-section elementor-top-section elementor-element elementor-element-8bde942 elementor-section-boxed elementor-section-height-default elementor-section-height-default\" data-id=\"8bde942\" data-element_type=\"section\">\n\t\t\t\t\t\t<div class=\"elementor-container elementor-column-gap-default\">\n\t\t\t\t\t<div class=\"elementor-column elementor-col-100 elementor-top-column elementor-element elementor-element-1c00aa8\" data-id=\"1c00aa8\" data-element_type=\"column\">\n\t\t\t<div class=\"elementor-widget-wrap elementor-element-populated\">\n\t\t\t\t\t\t<div class=\"elementor-element elementor-element-ba068a5 elementor-widget elementor-widget-heading\" data-id=\"ba068a5\" data-element_type=\"widget\" data-widget_type=\"heading.default\">\n\t\t\t\t<div class=\"elementor-widget-container\">\n\t\t\t<h2 class=\"elementor-heading-title elementor-size-default\">Anne-Sophie FERET, Epicerie de Louviers et Point Conseil Budget<\/h2>\t\t<\/div>\n\t\t\t\t<\/div>\n\t\t\t\t\t<\/div>\n\t\t<\/div>\n\t\t\t\t\t<\/div>\n\t\t<\/section>\n\t\t\t\t<section class=\"elementor-section elementor-top-section elementor-element elementor-element-c74e92d elementor-section-boxed elementor-section-height-default elementor-section-height-default\" data-id=\"c74e92d\" data-element_type=\"section\">\n\t\t\t\t\t\t<div class=\"elementor-container elementor-column-gap-default\">\n\t\t\t\t\t<div class=\"elementor-column elementor-col-66 elementor-top-column elementor-element elementor-element-1e7262c\" data-id=\"1e7262c\" data-element_type=\"column\">\n\t\t\t<div class=\"elementor-widget-wrap elementor-element-populated\">\n\t\t\t\t\t\t<div class=\"elementor-element elementor-element-c62a1b5 elementor-widget elementor-widget-text-editor\" data-id=\"c62a1b5\" data-element_type=\"widget\" data-widget_type=\"text-editor.default\">\n\t\t\t\t<div class=\"elementor-widget-container\">\n\t\t\t\t\t\t\t<p><span style=\"font-weight: 400;\">Anne-Sophie partage son temps entre l\u2019\u00e9picerie sociale et solidaire de Louviers et le Point Conseil Budget (<a href=\"https:\/\/associationepireuil.fr\/?page_id=4184\" target=\"_blank\" rel=\"noopener\">PCB<\/a>).<\/span><\/p><p style=\"font-weight: 400;\">C\u2019est en poussant la porte d\u2019Epireuil qu\u2019Anne-Sophie a retrouv\u00e9 la petite \u00e9tincelle, le sens qui lui manquaient, apr\u00e8s une carri\u00e8re pass\u00e9e dans des EHPAD priv\u00e9s (Etablissements d&rsquo;H\u00e9bergement pour Personnes Ag\u00e9es D\u00e9pendantes), en tant qu\u2019aide-soignante puis responsable d\u2019h\u00e9bergement.<\/p><p style=\"font-weight: 400;\">Pourtant, rien ne la pr\u00e9destinait \u00e0 le faire. En effet, elle souhaitait initialement se reconvertir dans l\u2019aide \u00e0 domicile.<\/p><p>Mais c\u2019est l\u2019annonce de l\u2019association qui l\u2019a d\u00e9cid\u00e9e \u00e0 se lancer. En effet, elle y retrouvait l\u2019accompagnement et le travail avec l\u2019humain, les valeurs associatives et des sujets qui lui tenaient \u00e0 c\u0153ur comme la lutte contre le gaspillage alimentaire.<\/p>\t\t\t\t\t\t<\/div>\n\t\t\t\t<\/div>\n\t\t\t\t\t<\/div>\n\t\t<\/div>\n\t\t\t\t<div class=\"elementor-column elementor-col-33 elementor-top-column elementor-element elementor-element-fefd524\" data-id=\"fefd524\" data-element_type=\"column\">\n\t\t\t<div class=\"elementor-widget-wrap elementor-element-populated\">\n\t\t\t\t\t\t<div class=\"elementor-element elementor-element-b5ee0af elementor-widget elementor-widget-image\" data-id=\"b5ee0af\" data-element_type=\"widget\" data-widget_type=\"image.default\">\n\t\t\t\t<div class=\"elementor-widget-container\">\n\t\t\t\t\t\t\t\t\t\t\t\t\t<img decoding=\"async\" src=\"https:\/\/associationepireuil.fr\/wp-content\/uploads\/elementor\/thumbs\/Anne_Sophie_Feret-pzfq4cmc0gamcjjlkaebbp7av8809fwixcnqxa4jg0.jpg\" title=\"Anne_Sophie_Feret\" alt=\"Epicerie sociale et solidaire Epireuil - Anne-Sophie FERET\" loading=\"lazy\" \/>\t\t\t\t\t\t\t\t\t\t\t\t\t<\/div>\n\t\t\t\t<\/div>\n\t\t\t\t\t<\/div>\n\t\t<\/div>\n\t\t\t\t\t<\/div>\n\t\t<\/section>\n\t\t\t\t<section class=\"elementor-section elementor-top-section elementor-element elementor-element-1523639 elementor-section-boxed elementor-section-height-default elementor-section-height-default\" data-id=\"1523639\" data-element_type=\"section\">\n\t\t\t\t\t\t<div class=\"elementor-container elementor-column-gap-default\">\n\t\t\t\t\t<div class=\"elementor-column elementor-col-100 elementor-top-column elementor-element elementor-element-be2e508\" data-id=\"be2e508\" data-element_type=\"column\">\n\t\t\t<div class=\"elementor-widget-wrap elementor-element-populated\">\n\t\t\t\t\t\t<div class=\"elementor-element elementor-element-ac3f620 elementor-widget elementor-widget-text-editor\" data-id=\"ac3f620\" data-element_type=\"widget\" data-widget_type=\"text-editor.default\">\n\t\t\t\t<div class=\"elementor-widget-container\">\n\t\t\t\t\t\t\t<p style=\"font-weight: 400;\">Ce qui lui pla\u00eet\u00a0?\u00a0<\/p>\t\t\t\t\t\t<\/div>\n\t\t\t\t<\/div>\n\t\t\t\t\t<\/div>\n\t\t<\/div>\n\t\t\t\t\t<\/div>\n\t\t<\/section>\n\t\t\t\t<section class=\"elementor-section elementor-top-section elementor-element elementor-element-3153aca elementor-section-boxed elementor-section-height-default elementor-section-height-default\" data-id=\"3153aca\" data-element_type=\"section\">\n\t\t\t\t\t\t<div class=\"elementor-container elementor-column-gap-default\">\n\t\t\t\t\t<div class=\"elementor-column elementor-col-100 elementor-top-column elementor-element elementor-element-4c09e25\" data-id=\"4c09e25\" data-element_type=\"column\">\n\t\t\t<div class=\"elementor-widget-wrap elementor-element-populated\">\n\t\t\t\t\t\t<div class=\"elementor-element elementor-element-e77f693 elementor-widget elementor-widget-text-editor\" data-id=\"e77f693\" data-element_type=\"widget\" data-widget_type=\"text-editor.default\">\n\t\t\t\t<div class=\"elementor-widget-container\">\n\t\t\t\t\t\t\t<p style=\"font-weight: 400;\"><em>\u00ab La solidarit\u00e9 \u00e9vidente entre l\u2019\u00e9quipe, les b\u00e9n\u00e9voles et les b\u00e9n\u00e9ficiaires.<\/em><em>\u00a0\u00bb<\/em><\/p>\t\t\t\t\t\t<\/div>\n\t\t\t\t<\/div>\n\t\t\t\t\t<\/div>\n\t\t<\/div>\n\t\t\t\t\t<\/div>\n\t\t<\/section>\n\t\t\t\t<section class=\"elementor-section elementor-top-section elementor-element elementor-element-7350e4b elementor-section-boxed elementor-section-height-default elementor-section-height-default\" data-id=\"7350e4b\" data-element_type=\"section\">\n\t\t\t\t\t\t<div class=\"elementor-container elementor-column-gap-default\">\n\t\t\t\t\t<div class=\"elementor-column elementor-col-100 elementor-top-column elementor-element elementor-element-60cd21e\" data-id=\"60cd21e\" data-element_type=\"column\">\n\t\t\t<div class=\"elementor-widget-wrap elementor-element-populated\">\n\t\t\t\t\t\t<div class=\"elementor-element elementor-element-36f7b90 elementor-widget elementor-widget-text-editor\" data-id=\"36f7b90\" data-element_type=\"widget\" data-widget_type=\"text-editor.default\">\n\t\t\t\t<div class=\"elementor-widget-container\">\n\t\t\t\t\t\t\t<p style=\"font-weight: 400;\"><span style=\"font-family: Roboto; font-size: 16px; font-style: normal; color: var( --e-global-color-text );\">En plus, ce poste lui permet d\u2019apprendre tous les jours. En outre, cela lui a permis de se rendre compte que personne n\u2019est \u00e0 l\u2019abri d\u2019avoir \u00e0 passer un jour la porte de l\u2019\u00e9picerie. Le pas est certes difficile mais quand on le fait, on est heureux de rencontrer des personnes comme celles de l\u2019association, sans pr\u00e9jug\u00e9.<\/span><\/p><p style=\"font-weight: 400;\">Ce qui lui plairait\u00a0?\u00a0<\/p>\t\t\t\t\t\t<\/div>\n\t\t\t\t<\/div>\n\t\t\t\t\t<\/div>\n\t\t<\/div>\n\t\t\t\t\t<\/div>\n\t\t<\/section>\n\t\t\t\t<section class=\"elementor-section elementor-top-section elementor-element elementor-element-8d7d8db elementor-section-boxed elementor-section-height-default elementor-section-height-default\" data-id=\"8d7d8db\" data-element_type=\"section\">\n\t\t\t\t\t\t<div class=\"elementor-container elementor-column-gap-default\">\n\t\t\t\t\t<div class=\"elementor-column elementor-col-100 elementor-top-column elementor-element elementor-element-b26319c\" data-id=\"b26319c\" data-element_type=\"column\">\n\t\t\t<div class=\"elementor-widget-wrap elementor-element-populated\">\n\t\t\t\t\t\t<div class=\"elementor-element elementor-element-009854a elementor-widget elementor-widget-text-editor\" data-id=\"009854a\" data-element_type=\"widget\" data-widget_type=\"text-editor.default\">\n\t\t\t\t<div class=\"elementor-widget-container\">\n\t\t\t\t\t\t\t<p style=\"font-weight: 400;\"><em>\u00ab R\u00e9ussir \u00e0 insuffler \u00e0 Louviers le m\u00eame dynamisme qu\u2019\u00e0 Val de Reuil gr\u00e2ce notamment aux ateliers.<\/em><em>\u00a0\u00bb<\/em><\/p>\t\t\t\t\t\t<\/div>\n\t\t\t\t<\/div>\n\t\t\t\t\t<\/div>\n\t\t<\/div>\n\t\t\t\t\t<\/div>\n\t\t<\/section>\n\t\t\t\t<section class=\"elementor-section elementor-top-section elementor-element elementor-element-eb1c13a elementor-section-boxed elementor-section-height-default elementor-section-height-default\" data-id=\"eb1c13a\" data-element_type=\"section\">\n\t\t\t\t\t\t<div class=\"elementor-container elementor-column-gap-default\">\n\t\t\t\t\t<div class=\"elementor-column elementor-col-100 elementor-top-column elementor-element elementor-element-47a4385\" data-id=\"47a4385\" data-element_type=\"column\">\n\t\t\t<div class=\"elementor-widget-wrap elementor-element-populated\">\n\t\t\t\t\t\t<div class=\"elementor-element elementor-element-67a9315 elementor-widget elementor-widget-spacer\" data-id=\"67a9315\" data-element_type=\"widget\" data-widget_type=\"spacer.default\">\n\t\t\t\t<div class=\"elementor-widget-container\">\n\t\t\t\t\t<div class=\"elementor-spacer\">\n\t\t\t<div class=\"elementor-spacer-inner\"><\/div>\n\t\t<\/div>\n\t\t\t\t<\/div>\n\t\t\t\t<\/div>\n\t\t\t\t\t<\/div>\n\t\t<\/div>\n\t\t\t\t\t<\/div>\n\t\t<\/section>\n\t\t\t\t<section class=\"elementor-section elementor-top-section elementor-element elementor-element-5d1107d elementor-section-boxed elementor-section-height-default elementor-section-height-default\" data-id=\"5d1107d\" data-element_type=\"section\">\n\t\t\t\t\t\t<div class=\"elementor-container elementor-column-gap-default\">\n\t\t\t\t\t<div class=\"elementor-column elementor-col-100 elementor-top-column elementor-element elementor-element-082f9d8\" data-id=\"082f9d8\" data-element_type=\"column\">\n\t\t\t<div class=\"elementor-widget-wrap elementor-element-populated\">\n\t\t\t\t\t\t<div class=\"elementor-element elementor-element-923665f elementor-widget elementor-widget-heading\" data-id=\"923665f\" data-element_type=\"widget\" data-widget_type=\"heading.default\">\n\t\t\t\t<div class=\"elementor-widget-container\">\n\t\t\t<h2 class=\"elementor-heading-title elementor-size-default\">C\u00e9line De Yzaguirre, Animatrice et R\u00e9f\u00e9rente de l\u2019Espace de vie sociale<\/h2>\t\t<\/div>\n\t\t\t\t<\/div>\n\t\t\t\t\t<\/div>\n\t\t<\/div>\n\t\t\t\t\t<\/div>\n\t\t<\/section>\n\t\t\t\t<section class=\"elementor-section elementor-top-section elementor-element elementor-element-fee3eef elementor-section-boxed elementor-section-height-default elementor-section-height-default\" data-id=\"fee3eef\" data-element_type=\"section\">\n\t\t\t\t\t\t<div class=\"elementor-container elementor-column-gap-default\">\n\t\t\t\t\t<div class=\"elementor-column elementor-col-100 elementor-top-column elementor-element elementor-element-f8fde99\" data-id=\"f8fde99\" data-element_type=\"column\">\n\t\t\t<div class=\"elementor-widget-wrap\">\n\t\t\t\t\t\t\t<\/div>\n\t\t<\/div>\n\t\t\t\t\t<\/div>\n\t\t<\/section>\n\t\t\t\t<section class=\"elementor-section elementor-top-section elementor-element elementor-element-37723a8 elementor-section-boxed elementor-section-height-default elementor-section-height-default\" data-id=\"37723a8\" data-element_type=\"section\">\n\t\t\t\t\t\t<div class=\"elementor-container elementor-column-gap-default\">\n\t\t\t\t\t<div class=\"elementor-column elementor-col-50 elementor-top-column elementor-element elementor-element-80af8d8\" data-id=\"80af8d8\" data-element_type=\"column\">\n\t\t\t<div class=\"elementor-widget-wrap elementor-element-populated\">\n\t\t\t\t\t\t<div class=\"elementor-element elementor-element-bbc8970 elementor-widget__width-initial elementor-widget elementor-widget-image\" data-id=\"bbc8970\" data-element_type=\"widget\" data-widget_type=\"image.default\">\n\t\t\t\t<div class=\"elementor-widget-container\">\n\t\t\t\t\t\t\t\t\t\t\t\t\t<img loading=\"lazy\" decoding=\"async\" width=\"720\" height=\"886\" src=\"https:\/\/associationepireuil.fr\/wp-content\/uploads\/2023\/06\/celine_deyzaguirre-832x1024.jpeg\" class=\"attachment-large size-large wp-image-5665\" alt=\"C\u00e9line De Yzaguirre, Animatrice et R\u00e9f\u00e9rente de l\u2019Espace de vie sociale de l&#039;Association Epireuil\" srcset=\"https:\/\/associationepireuil.fr\/wp-content\/uploads\/2023\/06\/celine_deyzaguirre-832x1024.jpeg 832w, https:\/\/associationepireuil.fr\/wp-content\/uploads\/2023\/06\/celine_deyzaguirre-244x300.jpeg 244w, https:\/\/associationepireuil.fr\/wp-content\/uploads\/2023\/06\/celine_deyzaguirre-768x946.jpeg 768w, https:\/\/associationepireuil.fr\/wp-content\/uploads\/2023\/06\/celine_deyzaguirre-1248x1536.jpeg 1248w, https:\/\/associationepireuil.fr\/wp-content\/uploads\/2023\/06\/celine_deyzaguirre-1663x2048.jpeg 1663w, https:\/\/associationepireuil.fr\/wp-content\/uploads\/2023\/06\/celine_deyzaguirre-300x369.jpeg 300w, https:\/\/associationepireuil.fr\/wp-content\/uploads\/2023\/06\/celine_deyzaguirre.jpeg 1721w\" sizes=\"(max-width: 720px) 100vw, 720px\" \/>\t\t\t\t\t\t\t\t\t\t\t\t\t<\/div>\n\t\t\t\t<\/div>\n\t\t\t\t\t<\/div>\n\t\t<\/div>\n\t\t\t\t<div class=\"elementor-column elementor-col-50 elementor-top-column elementor-element elementor-element-67788d0\" data-id=\"67788d0\" data-element_type=\"column\">\n\t\t\t<div class=\"elementor-widget-wrap elementor-element-populated\">\n\t\t\t\t\t\t<div class=\"elementor-element elementor-element-ad74251 elementor-widget__width-initial elementor-widget elementor-widget-text-editor\" data-id=\"ad74251\" data-element_type=\"widget\" data-widget_type=\"text-editor.default\">\n\t\t\t\t<div class=\"elementor-widget-container\">\n\t\t\t\t\t\t\t<p style=\"font-weight: 400;\">Rien ne pr\u00e9disposait C\u00e9line \u00e0 int\u00e9grer l\u2019\u00e9quipe d\u2019Epireuil.<\/p><p style=\"font-weight: 400;\">En effet, avant de nous rejoindre, elle a v\u00e9cu plusieurs vies. Du Sud-Ouest \u00e0 Rouen, en passant par Paris, des \u00e9tudes d\u2019Histoire de l\u2019Art, de la vente et un poste d\u2019Adjointe Animations dans une boutique de loisirs cr\u00e9atifs&#8230; avant sa reconversion \u00e0 la fermeture de la boutique.<\/p><p style=\"font-weight: 400;\">Et elle ne le regrette pas car cela lui a permis de quitter un milieu dans lequel elle ne se retrouvait plus.<\/p><p style=\"font-weight: 400;\">Le d\u00e9but de sa nouvelle vie\u00a0? Un CV envoy\u00e9 \u00e0 l\u2019association pour rejoindre l\u2019\u00e9quipe de b\u00e9n\u00e9voles et combler ainsi un besoin de vie sociale. Et pendant pr\u00e8s d\u2019un an, elle a pu ainsi s\u2019occuper de l\u2019activit\u00e9 d\u2019animation d\u2019Epireuil avant qu\u2019un poste d\u2019animatrice et de r\u00e9f\u00e9rente de l\u2019Espace de vie sociale lui soit propos\u00e9.<\/p>\t\t\t\t\t\t<\/div>\n\t\t\t\t<\/div>\n\t\t\t\t\t<\/div>\n\t\t<\/div>\n\t\t\t\t\t<\/div>\n\t\t<\/section>\n\t\t\t\t<section class=\"elementor-section elementor-top-section elementor-element elementor-element-b80c432 elementor-section-boxed elementor-section-height-default elementor-section-height-default\" data-id=\"b80c432\" data-element_type=\"section\">\n\t\t\t\t\t\t<div class=\"elementor-container elementor-column-gap-default\">\n\t\t\t\t\t<div class=\"elementor-column elementor-col-100 elementor-top-column elementor-element elementor-element-4ae5dee\" data-id=\"4ae5dee\" data-element_type=\"column\">\n\t\t\t<div class=\"elementor-widget-wrap elementor-element-populated\">\n\t\t\t\t\t\t<div class=\"elementor-element elementor-element-1631358 elementor-widget elementor-widget-text-editor\" data-id=\"1631358\" data-element_type=\"widget\" data-widget_type=\"text-editor.default\">\n\t\t\t\t<div class=\"elementor-widget-container\">\n\t\t\t\t\t\t\t<p style=\"font-weight: 400;\">Une opportunit\u00e9. En effet, elle appr\u00e9cie vraiment le public avec lequel elle travaille et la confiance qui s\u2019est instaur\u00e9e avec les b\u00e9n\u00e9ficiaires. Elle peut ainsi partager \u00e0 la fois des ateliers mais \u00e9galement des moments de vie. En outre, elle est ravie de pouvoir \u00eatre t\u00e9moin de l\u2019\u00e9volution des personnes qui passent la porte de l\u2019association.<\/p>\t\t\t\t\t\t<\/div>\n\t\t\t\t<\/div>\n\t\t\t\t\t<\/div>\n\t\t<\/div>\n\t\t\t\t\t<\/div>\n\t\t<\/section>\n\t\t\t\t<section class=\"elementor-section elementor-top-section elementor-element elementor-element-73111a8 elementor-section-boxed elementor-section-height-default elementor-section-height-default\" data-id=\"73111a8\" data-element_type=\"section\">\n\t\t\t\t\t\t<div class=\"elementor-container elementor-column-gap-default\">\n\t\t\t\t\t<div class=\"elementor-column elementor-col-100 elementor-top-column elementor-element elementor-element-cb96e07\" data-id=\"cb96e07\" data-element_type=\"column\">\n\t\t\t<div class=\"elementor-widget-wrap elementor-element-populated\">\n\t\t\t\t\t\t<div class=\"elementor-element elementor-element-4bc1ba2 elementor-widget elementor-widget-text-editor\" data-id=\"4bc1ba2\" data-element_type=\"widget\" data-widget_type=\"text-editor.default\">\n\t\t\t\t<div class=\"elementor-widget-container\">\n\t\t\t\t\t\t\t<p style=\"font-weight: 400;\"><em>\u00ab\u00a0Certes, l\u2019aide alimentaire est essentielle. Mais l\u2019impact sur leur vie sociale est \u00e9galement primordial. Gr\u00e2ce aux sorties, par exemple au th\u00e9\u00e2tre, nous arrivons \u00e0 recr\u00e9er du lien, du partage de temps entre parents et enfants. Et Je suis ravie d\u2019apporter cette vision du b\u00e9n\u00e9volat \u00e0 mes propres enfants.\u00a0\u00bb<\/em><\/p>\t\t\t\t\t\t<\/div>\n\t\t\t\t<\/div>\n\t\t\t\t\t<\/div>\n\t\t<\/div>\n\t\t\t\t\t<\/div>\n\t\t<\/section>\n\t\t\t\t<\/div>\n\t\t","protected":false},"excerpt":{"rendered":"<p>Faites ici connaissance avec les salari\u00e9s de l&rsquo;association qui vous accueillent chaleureusement au sein de votre \u00e9picerie sociale et solidaire Epireuil \u00e0 Val de Reuil et Louviers. Natacha Patte, Directrice de l&rsquo;Association Natacha est la Directrice de l\u2019Association Epireuil et,<\/p>\n","protected":false},"author":146,"featured_media":0,"parent":10,"menu_order":2,"comment_status":"closed","ping_status":"open","template":"","meta":{"_eb_attr":"","footnotes":""},"yoast_head":"<!-- This site is optimized with the Yoast SEO plugin v22.2 - https:\/\/yoast.com\/wordpress\/plugins\/seo\/ -->\n<title>Les salari\u00e9s de l&#039;\u00e9picerie sociale et solidaire Epireuil -<\/title>\n<meta name=\"description\" content=\"Retrouvez ici toute l&#039;\u00e9quipe dynamique et souriante des salari\u00e9s de l&#039;\u00e9picerie sociale et solidaire Epireuil\" \/>\n<meta name=\"robots\" content=\"index, follow, max-snippet:-1, max-image-preview:large, max-video-preview:-1\" \/>\n<link rel=\"canonical\" href=\"https:\/\/associationepireuil.fr\/?page_id=15\" \/>\n<meta property=\"og:locale\" content=\"fr_FR\" \/>\n<meta property=\"og:type\" content=\"article\" \/>\n<meta property=\"og:title\" content=\"Les salari\u00e9s de l&#039;\u00e9picerie sociale et solidaire Epireuil -\" \/>\n<meta property=\"og:description\" content=\"Retrouvez ici toute l&#039;\u00e9quipe dynamique et souriante des salari\u00e9s de l&#039;\u00e9picerie sociale et solidaire Epireuil\" \/>\n<meta property=\"og:url\" content=\"https:\/\/associationepireuil.fr\/?page_id=15\" \/>\n<meta property=\"article:publisher\" content=\"https:\/\/www.facebook.com\/Epireuil\/\" \/>\n<meta property=\"article:modified_time\" content=\"2024-03-06T10:28:42+00:00\" \/>\n<meta property=\"og:image\" content=\"https:\/\/associationepireuil.fr\/wp-content\/uploads\/2021\/03\/Natacha_Patte.jpg\" \/>\n<meta name=\"twitter:card\" content=\"summary_large_image\" \/>\n<meta name=\"twitter:label1\" content=\"Dur\u00e9e de lecture estim\u00e9e\" \/>\n\t<meta name=\"twitter:data1\" content=\"7 minutes\" \/>\n<script type=\"application\/ld+json\" class=\"yoast-schema-graph\">{\"@context\":\"https:\/\/schema.org\",\"@graph\":[{\"@type\":\"WebPage\",\"@id\":\"https:\/\/associationepireuil.fr\/?page_id=15\",\"url\":\"https:\/\/associationepireuil.fr\/?page_id=15\",\"name\":\"Les salari\u00e9s de l'\u00e9picerie sociale et solidaire Epireuil -\",\"isPartOf\":{\"@id\":\"https:\/\/associationepireuil.fr\/#website\"},\"primaryImageOfPage\":{\"@id\":\"https:\/\/associationepireuil.fr\/?page_id=15#primaryimage\"},\"image\":{\"@id\":\"https:\/\/associationepireuil.fr\/?page_id=15#primaryimage\"},\"thumbnailUrl\":\"https:\/\/associationepireuil.fr\/wp-content\/uploads\/2021\/03\/Natacha_Patte.jpg\",\"datePublished\":\"2012-07-02T14:58:54+00:00\",\"dateModified\":\"2024-03-06T10:28:42+00:00\",\"description\":\"Retrouvez ici toute l'\u00e9quipe dynamique et souriante des salari\u00e9s de l'\u00e9picerie sociale et solidaire Epireuil\",\"breadcrumb\":{\"@id\":\"https:\/\/associationepireuil.fr\/?page_id=15#breadcrumb\"},\"inLanguage\":\"fr-FR\",\"potentialAction\":[{\"@type\":\"ReadAction\",\"target\":[\"https:\/\/associationepireuil.fr\/?page_id=15\"]}]},{\"@type\":\"ImageObject\",\"inLanguage\":\"fr-FR\",\"@id\":\"https:\/\/associationepireuil.fr\/?page_id=15#primaryimage\",\"url\":\"https:\/\/associationepireuil.fr\/wp-content\/uploads\/2021\/03\/Natacha_Patte.jpg\",\"contentUrl\":\"https:\/\/associationepireuil.fr\/wp-content\/uploads\/2021\/03\/Natacha_Patte.jpg\",\"width\":900,\"height\":675,\"caption\":\"Natacha Patte, Directrice de l'Association Epireuil\"},{\"@type\":\"BreadcrumbList\",\"@id\":\"https:\/\/associationepireuil.fr\/?page_id=15#breadcrumb\",\"itemListElement\":[{\"@type\":\"ListItem\",\"position\":1,\"name\":\"Accueil\",\"item\":\"https:\/\/associationepireuil.fr\/\"},{\"@type\":\"ListItem\",\"position\":2,\"name\":\"Notre \u00e9quipe\",\"item\":\"https:\/\/associationepireuil.fr\/?page_id=10\"},{\"@type\":\"ListItem\",\"position\":3,\"name\":\"Les salari\u00e9s de l&rsquo;\u00e9picerie sociale et solidaire Epireuil\"}]},{\"@type\":\"WebSite\",\"@id\":\"https:\/\/associationepireuil.fr\/#website\",\"url\":\"https:\/\/associationepireuil.fr\/\",\"name\":\"\",\"description\":\"\",\"potentialAction\":[{\"@type\":\"SearchAction\",\"target\":{\"@type\":\"EntryPoint\",\"urlTemplate\":\"https:\/\/associationepireuil.fr\/?s={search_term_string}\"},\"query-input\":\"required name=search_term_string\"}],\"inLanguage\":\"fr-FR\"}]}<\/script>\n<!-- \/ Yoast SEO plugin. -->","yoast_head_json":{"title":"Les salari\u00e9s de l'\u00e9picerie sociale et solidaire Epireuil -","description":"Retrouvez ici toute l'\u00e9quipe dynamique et souriante des salari\u00e9s de l'\u00e9picerie sociale et solidaire Epireuil","robots":{"index":"index","follow":"follow","max-snippet":"max-snippet:-1","max-image-preview":"max-image-preview:large","max-video-preview":"max-video-preview:-1"},"canonical":"https:\/\/associationepireuil.fr\/?page_id=15","og_locale":"fr_FR","og_type":"article","og_title":"Les salari\u00e9s de l'\u00e9picerie sociale et solidaire Epireuil -","og_description":"Retrouvez ici toute l'\u00e9quipe dynamique et souriante des salari\u00e9s de l'\u00e9picerie sociale et solidaire Epireuil","og_url":"https:\/\/associationepireuil.fr\/?page_id=15","article_publisher":"https:\/\/www.facebook.com\/Epireuil\/","article_modified_time":"2024-03-06T10:28:42+00:00","og_image":[{"url":"https:\/\/associationepireuil.fr\/wp-content\/uploads\/2021\/03\/Natacha_Patte.jpg"}],"twitter_card":"summary_large_image","twitter_misc":{"Dur\u00e9e de lecture estim\u00e9e":"7 minutes"},"schema":{"@context":"https:\/\/schema.org","@graph":[{"@type":"WebPage","@id":"https:\/\/associationepireuil.fr\/?page_id=15","url":"https:\/\/associationepireuil.fr\/?page_id=15","name":"Les salari\u00e9s de l'\u00e9picerie sociale et solidaire Epireuil -","isPartOf":{"@id":"https:\/\/associationepireuil.fr\/#website"},"primaryImageOfPage":{"@id":"https:\/\/associationepireuil.fr\/?page_id=15#primaryimage"},"image":{"@id":"https:\/\/associationepireuil.fr\/?page_id=15#primaryimage"},"thumbnailUrl":"https:\/\/associationepireuil.fr\/wp-content\/uploads\/2021\/03\/Natacha_Patte.jpg","datePublished":"2012-07-02T14:58:54+00:00","dateModified":"2024-03-06T10:28:42+00:00","description":"Retrouvez ici toute l'\u00e9quipe dynamique et souriante des salari\u00e9s de l'\u00e9picerie sociale et solidaire Epireuil","breadcrumb":{"@id":"https:\/\/associationepireuil.fr\/?page_id=15#breadcrumb"},"inLanguage":"fr-FR","potentialAction":[{"@type":"ReadAction","target":["https:\/\/associationepireuil.fr\/?page_id=15"]}]},{"@type":"ImageObject","inLanguage":"fr-FR","@id":"https:\/\/associationepireuil.fr\/?page_id=15#primaryimage","url":"https:\/\/associationepireuil.fr\/wp-content\/uploads\/2021\/03\/Natacha_Patte.jpg","contentUrl":"https:\/\/associationepireuil.fr\/wp-content\/uploads\/2021\/03\/Natacha_Patte.jpg","width":900,"height":675,"caption":"Natacha Patte, Directrice de l'Association Epireuil"},{"@type":"BreadcrumbList","@id":"https:\/\/associationepireuil.fr\/?page_id=15#breadcrumb","itemListElement":[{"@type":"ListItem","position":1,"name":"Accueil","item":"https:\/\/associationepireuil.fr\/"},{"@type":"ListItem","position":2,"name":"Notre \u00e9quipe","item":"https:\/\/associationepireuil.fr\/?page_id=10"},{"@type":"ListItem","position":3,"name":"Les salari\u00e9s de l&rsquo;\u00e9picerie sociale et solidaire Epireuil"}]},{"@type":"WebSite","@id":"https:\/\/associationepireuil.fr\/#website","url":"https:\/\/associationepireuil.fr\/","name":"","description":"","potentialAction":[{"@type":"SearchAction","target":{"@type":"EntryPoint","urlTemplate":"https:\/\/associationepireuil.fr\/?s={search_term_string}"},"query-input":"required name=search_term_string"}],"inLanguage":"fr-FR"}]}},"_links":{"self":[{"href":"https:\/\/associationepireuil.fr\/index.php?rest_route=\/wp\/v2\/pages\/15"}],"collection":[{"href":"https:\/\/associationepireuil.fr\/index.php?rest_route=\/wp\/v2\/pages"}],"about":[{"href":"https:\/\/associationepireuil.fr\/index.php?rest_route=\/wp\/v2\/types\/page"}],"author":[{"embeddable":true,"href":"https:\/\/associationepireuil.fr\/index.php?rest_route=\/wp\/v2\/users\/146"}],"replies":[{"embeddable":true,"href":"https:\/\/associationepireuil.fr\/index.php?rest_route=%2Fwp%2Fv2%2Fcomments&post=15"}],"version-history":[{"count":103,"href":"https:\/\/associationepireuil.fr\/index.php?rest_route=\/wp\/v2\/pages\/15\/revisions"}],"predecessor-version":[{"id":5977,"href":"https:\/\/associationepireuil.fr\/index.php?rest_route=\/wp\/v2\/pages\/15\/revisions\/5977"}],"up":[{"embeddable":true,"href":"https:\/\/associationepireuil.fr\/index.php?rest_route=\/wp\/v2\/pages\/10"}],"wp:attachment":[{"href":"https:\/\/associationepireuil.fr\/index.php?rest_route=%2Fwp%2Fv2%2Fmedia&parent=15"}],"curies":[{"name":"wp","href":"https:\/\/api.w.org\/{rel}","templated":true}]}}