{"id":249,"date":"2012-10-24T07:47:31","date_gmt":"2012-10-24T07:47:31","guid":{"rendered":"http:\/\/associationepireuil.fr\/?page_id=249"},"modified":"2021-03-04T11:15:41","modified_gmt":"2021-03-04T11:15:41","slug":"jeunes-en-service-civique","status":"publish","type":"page","link":"https:\/\/associationepireuil.fr\/?page_id=249","title":{"rendered":"Jeunes en service civique"},"content":{"rendered":"\t\t<div data-elementor-type=\"wp-page\" data-elementor-id=\"249\" class=\"elementor elementor-249\">\n\t\t\t\t\t\t<section class=\"elementor-section elementor-top-section elementor-element elementor-element-1dff2d1 elementor-section-boxed elementor-section-height-default elementor-section-height-default\" data-id=\"1dff2d1\" data-element_type=\"section\">\n\t\t\t\t\t\t<div class=\"elementor-container elementor-column-gap-default\">\n\t\t\t\t\t<div class=\"elementor-column elementor-col-100 elementor-top-column elementor-element elementor-element-942c82d\" data-id=\"942c82d\" data-element_type=\"column\">\n\t\t\t<div class=\"elementor-widget-wrap elementor-element-populated\">\n\t\t\t\t\t\t<div class=\"elementor-element elementor-element-f6a786f elementor-widget elementor-widget-heading\" data-id=\"f6a786f\" data-element_type=\"widget\" data-widget_type=\"heading.default\">\n\t\t\t\t<div class=\"elementor-widget-container\">\n\t\t\t<h2 class=\"elementor-heading-title elementor-size-default\">Rejoignez-nous<\/h2>\t\t<\/div>\n\t\t\t\t<\/div>\n\t\t\t\t\t<\/div>\n\t\t<\/div>\n\t\t\t\t\t<\/div>\n\t\t<\/section>\n\t\t\t\t<section class=\"elementor-section elementor-top-section elementor-element elementor-element-31f6129 elementor-section-boxed elementor-section-height-default elementor-section-height-default\" data-id=\"31f6129\" data-element_type=\"section\">\n\t\t\t\t\t\t<div class=\"elementor-container elementor-column-gap-default\">\n\t\t\t\t\t<div class=\"elementor-column elementor-col-50 elementor-top-column elementor-element elementor-element-b55c2bd\" data-id=\"b55c2bd\" data-element_type=\"column\">\n\t\t\t<div class=\"elementor-widget-wrap elementor-element-populated\">\n\t\t\t\t\t\t<div class=\"elementor-element elementor-element-22e0729 elementor-widget elementor-widget-text-editor\" data-id=\"22e0729\" data-element_type=\"widget\" data-widget_type=\"text-editor.default\">\n\t\t\t\t<div class=\"elementor-widget-container\">\n\t\t\t\t\t\t\t<p><strong id=\"yui_3_7_2_1_1351064735890_93\"><img decoding=\"async\" class=\"alignleft\" src=\"http:\/\/associationepireuil.fr\/wp-content\/uploads\/2013\/01\/logo_service_civique.jpg\" alt=\"\" width=\"191\" height=\"75\" \/><\/strong><\/p>\t\t\t\t\t\t<\/div>\n\t\t\t\t<\/div>\n\t\t\t\t\t<\/div>\n\t\t<\/div>\n\t\t\t\t<div class=\"elementor-column elementor-col-50 elementor-top-column elementor-element elementor-element-d9782cb\" data-id=\"d9782cb\" data-element_type=\"column\">\n\t\t\t<div class=\"elementor-widget-wrap elementor-element-populated\">\n\t\t\t\t\t\t<div class=\"elementor-element elementor-element-5d32c14 elementor-widget elementor-widget-text-editor\" data-id=\"5d32c14\" data-element_type=\"widget\" data-widget_type=\"text-editor.default\">\n\t\t\t\t<div class=\"elementor-widget-container\">\n\t\t\t\t\t\t\t<p>Faites comme Sandra Da Costa qui a rejoint, dans le cadre de l&rsquo;Engagement Service Civique, l&rsquo;\u00e9quipe salari\u00e9e de l&rsquo;Association Epireuil sur le p\u00f4le Animation sur la saison 2020\/2021.<\/p><p>E si vous souhaitez \u00e0 votre tour renforcer l&rsquo;\u00e9quipe, n&rsquo;h\u00e9sitez pas \u00e0 prendre connaissance de l&rsquo;exemple de mission <a href=\"http:\/\/associationepireuil.fr\/wp-content\/uploads\/2018\/03\/FICHE-DE-MISSION-ESC-Acc.-Habitudes-alimentaires-et-budg..doc\" target=\"_blank\" rel=\"noopener\">ici<\/a> et \u00e0 nous contacter :<\/p><ul><li><span style=\"font-family: Roboto; font-size: 12pt;\">par t\u00e9l\u00e9phone au 02 32 50 57 98<\/span><\/li><li><span style=\"font-family: Roboto; font-size: 12pt;\">par mail \u00e0 l&rsquo;adresse association.epireuil@orange.fr<\/span><\/li><\/ul>\t\t\t\t\t\t<\/div>\n\t\t\t\t<\/div>\n\t\t\t\t\t<\/div>\n\t\t<\/div>\n\t\t\t\t\t<\/div>\n\t\t<\/section>\n\t\t\t\t<section class=\"elementor-section elementor-top-section elementor-element elementor-element-7e48fe4 elementor-section-boxed elementor-section-height-default elementor-section-height-default\" data-id=\"7e48fe4\" data-element_type=\"section\">\n\t\t\t\t\t\t<div class=\"elementor-container elementor-column-gap-default\">\n\t\t\t\t\t<div class=\"elementor-column elementor-col-100 elementor-top-column elementor-element elementor-element-6c4b144\" data-id=\"6c4b144\" data-element_type=\"column\">\n\t\t\t<div class=\"elementor-widget-wrap elementor-element-populated\">\n\t\t\t\t\t\t<div class=\"elementor-element elementor-element-f91d75d elementor-widget elementor-widget-spacer\" data-id=\"f91d75d\" data-element_type=\"widget\" data-widget_type=\"spacer.default\">\n\t\t\t\t<div class=\"elementor-widget-container\">\n\t\t\t\t\t<div class=\"elementor-spacer\">\n\t\t\t<div class=\"elementor-spacer-inner\"><\/div>\n\t\t<\/div>\n\t\t\t\t<\/div>\n\t\t\t\t<\/div>\n\t\t\t\t\t<\/div>\n\t\t<\/div>\n\t\t\t\t\t<\/div>\n\t\t<\/section>\n\t\t\t\t<section class=\"elementor-section elementor-top-section elementor-element elementor-element-894e89c elementor-section-boxed elementor-section-height-default elementor-section-height-default\" data-id=\"894e89c\" data-element_type=\"section\">\n\t\t\t\t\t\t<div class=\"elementor-container elementor-column-gap-default\">\n\t\t\t\t\t<div class=\"elementor-column elementor-col-33 elementor-top-column elementor-element elementor-element-1e46a5a\" data-id=\"1e46a5a\" data-element_type=\"column\">\n\t\t\t<div class=\"elementor-widget-wrap elementor-element-populated\">\n\t\t\t\t\t\t<div class=\"elementor-element elementor-element-afe9a11 elementor-widget elementor-widget-image\" data-id=\"afe9a11\" data-element_type=\"widget\" data-widget_type=\"image.default\">\n\t\t\t\t<div class=\"elementor-widget-container\">\n\t\t\t\t\t\t\t\t\t\t\t\t\t<img fetchpriority=\"high\" decoding=\"async\" width=\"720\" height=\"540\" src=\"https:\/\/associationepireuil.fr\/wp-content\/uploads\/2021\/03\/20210303_104229_3.jpg\" class=\"attachment-large size-large wp-image-3862\" alt=\"Sandra Da Costa - Engagement Service Civique 2020\/2021 - Devant l&#039;Association Epireuil, \u00e9picerie sociale et solidaire de Val de Reuil\" srcset=\"https:\/\/associationepireuil.fr\/wp-content\/uploads\/2021\/03\/20210303_104229_3.jpg 1024w, https:\/\/associationepireuil.fr\/wp-content\/uploads\/2021\/03\/20210303_104229_3-300x225.jpg 300w, https:\/\/associationepireuil.fr\/wp-content\/uploads\/2021\/03\/20210303_104229_3-768x576.jpg 768w\" sizes=\"(max-width: 720px) 100vw, 720px\" \/>\t\t\t\t\t\t\t\t\t\t\t\t\t<\/div>\n\t\t\t\t<\/div>\n\t\t\t\t\t<\/div>\n\t\t<\/div>\n\t\t\t\t<div class=\"elementor-column elementor-col-66 elementor-top-column elementor-element elementor-element-3fa0b35\" data-id=\"3fa0b35\" data-element_type=\"column\">\n\t\t\t<div class=\"elementor-widget-wrap elementor-element-populated\">\n\t\t\t\t\t\t<div class=\"elementor-element elementor-element-3daa693 elementor-widget elementor-widget-heading\" data-id=\"3daa693\" data-element_type=\"widget\" data-widget_type=\"heading.default\">\n\t\t\t\t<div class=\"elementor-widget-container\">\n\t\t\t<h2 class=\"elementor-heading-title elementor-size-default\"><h2 data-elementor-setting-key=\"title\" data-pen-placeholder=\"\u00c9crivez ici...\" style=\"font-variant-ligatures: normal; font-variant-caps: normal; font-family: Roboto, sans-serif; font-size: 26px; font-style: normal; font-weight: 600;\">Interview de Sandra Da Costa, Ambassadrice Manger Bouger<\/h2><\/h2>\t\t<\/div>\n\t\t\t\t<\/div>\n\t\t\t\t<div class=\"elementor-element elementor-element-5b8da99 elementor-widget elementor-widget-text-editor\" data-id=\"5b8da99\" data-element_type=\"widget\" data-widget_type=\"text-editor.default\">\n\t\t\t\t<div class=\"elementor-widget-container\">\n\t\t\t\t\t\t\t<p><span style=\"font-weight: 400;\">Rencontre avec Sandra Da Costa, ambassadrice Manger Bouger chez Epireuil dans le cadre d\u2019un Engagement Service Civique.<\/span><\/p>\t\t\t\t\t\t<\/div>\n\t\t\t\t<\/div>\n\t\t\t\t<div class=\"elementor-element elementor-element-5cce86a elementor-widget elementor-widget-heading\" data-id=\"5cce86a\" data-element_type=\"widget\" data-widget_type=\"heading.default\">\n\t\t\t\t<div class=\"elementor-widget-container\">\n\t\t\t<h3 class=\"elementor-heading-title elementor-size-default\">Son parcours<\/h3>\t\t<\/div>\n\t\t\t\t<\/div>\n\t\t\t\t<div class=\"elementor-element elementor-element-9ba977f elementor-widget elementor-widget-text-editor\" data-id=\"9ba977f\" data-element_type=\"widget\" data-widget_type=\"text-editor.default\">\n\t\t\t\t<div class=\"elementor-widget-container\">\n\t\t\t\t\t\t\t<p><span style=\"font-weight: 400;\">Rien ne pr\u00e9destinait cette jeune femme de 21 ans \u00e0 rejoindre une \u00e9picerie solidaire. \u00c9tudiante en G\u00e9nie Chimique et G\u00e9nie des proc\u00e9d\u00e9s, la vie la destinait davantage \u00e0 un poste d\u2019ing\u00e9nieur.e.<\/span><\/p>\t\t\t\t\t\t<\/div>\n\t\t\t\t<\/div>\n\t\t\t\t\t<\/div>\n\t\t<\/div>\n\t\t\t\t\t<\/div>\n\t\t<\/section>\n\t\t\t\t<section class=\"elementor-section elementor-top-section elementor-element elementor-element-f5f24ac elementor-section-boxed elementor-section-height-default elementor-section-height-default\" data-id=\"f5f24ac\" data-element_type=\"section\">\n\t\t\t\t\t\t<div class=\"elementor-container elementor-column-gap-default\">\n\t\t\t\t\t<div class=\"elementor-column elementor-col-100 elementor-top-column elementor-element elementor-element-e8a5933\" data-id=\"e8a5933\" data-element_type=\"column\">\n\t\t\t<div class=\"elementor-widget-wrap elementor-element-populated\">\n\t\t\t\t\t\t<div class=\"elementor-element elementor-element-98fc4d0 elementor-widget elementor-widget-text-editor\" data-id=\"98fc4d0\" data-element_type=\"widget\" data-widget_type=\"text-editor.default\">\n\t\t\t\t<div class=\"elementor-widget-container\">\n\t\t\t\t\t\t\t<p><span style=\"font-weight: 400;\">Seulement, bien que le domaine l\u2019int\u00e9resse alors, l\u2019environnement ne lui convient plus et elle n\u2019ira donc pas au bout de sa deuxi\u00e8me ann\u00e9e d\u2019\u00e9tude.<\/span><\/p><p><span style=\"font-weight: 400;\">Elle s\u2019\u00e9tait d\u00e9j\u00e0 int\u00e9ress\u00e9e au Service Civique. Le syst\u00e8me, qui s\u2019adresse aux jeunes de 16 \u00e0 25 ans, jusqu&rsquo;\u00e0 30 ans pour les jeunes en situation de handicap, lui plaisait. En effet, il permet \u00e0 la fois de d\u00e9couvrir des secteurs et comp\u00e9tences correspondantes \u00e0 son rythme, de r\u00e9aliser des missions en autonomie et d\u2019apprendre par soi-m\u00eame, ce qui convenait tout \u00e0 fait \u00e0 sa nature curieuse.<\/span><\/p><p><span style=\"font-weight: 400;\">Sandra aurait souhait\u00e9 int\u00e9grer le secteur de la culture. En fait, elle n\u2019avait pas pens\u00e9 \u00e0 l\u2019associatif \u00e0 cause d\u2019a priori. Elle craignait d\u2019y trouver un milieu d\u00e9shumanis\u00e9, en d\u00e9calage avec sa mission sociale premi\u00e8re.<\/span><\/p><p><span style=\"font-weight: 400;\">En fait, c\u2019est l\u2019association Epireuil qui va la faire changer d\u2019avis.<\/span><\/p>\t\t\t\t\t\t<\/div>\n\t\t\t\t<\/div>\n\t\t\t\t\t<\/div>\n\t\t<\/div>\n\t\t\t\t\t<\/div>\n\t\t<\/section>\n\t\t\t\t<section class=\"elementor-section elementor-top-section elementor-element elementor-element-3bba320 elementor-section-boxed elementor-section-height-default elementor-section-height-default\" data-id=\"3bba320\" data-element_type=\"section\">\n\t\t\t\t\t\t<div class=\"elementor-container elementor-column-gap-default\">\n\t\t\t\t\t<div class=\"elementor-column elementor-col-100 elementor-top-column elementor-element elementor-element-7ecc6f3\" data-id=\"7ecc6f3\" data-element_type=\"column\">\n\t\t\t<div class=\"elementor-widget-wrap elementor-element-populated\">\n\t\t\t\t\t\t<div class=\"elementor-element elementor-element-d570cd2 elementor-widget elementor-widget-spacer\" data-id=\"d570cd2\" data-element_type=\"widget\" data-widget_type=\"spacer.default\">\n\t\t\t\t<div class=\"elementor-widget-container\">\n\t\t\t\t\t<div class=\"elementor-spacer\">\n\t\t\t<div class=\"elementor-spacer-inner\"><\/div>\n\t\t<\/div>\n\t\t\t\t<\/div>\n\t\t\t\t<\/div>\n\t\t\t\t\t<\/div>\n\t\t<\/div>\n\t\t\t\t\t<\/div>\n\t\t<\/section>\n\t\t\t\t<section class=\"elementor-section elementor-top-section elementor-element elementor-element-e01ac86 elementor-section-boxed elementor-section-height-default elementor-section-height-default\" data-id=\"e01ac86\" data-element_type=\"section\">\n\t\t\t\t\t\t<div class=\"elementor-container elementor-column-gap-default\">\n\t\t\t\t\t<div class=\"elementor-column elementor-col-100 elementor-top-column elementor-element elementor-element-679e315\" data-id=\"679e315\" data-element_type=\"column\">\n\t\t\t<div class=\"elementor-widget-wrap elementor-element-populated\">\n\t\t\t\t\t\t<div class=\"elementor-element elementor-element-957dde2 elementor-widget elementor-widget-heading\" data-id=\"957dde2\" data-element_type=\"widget\" data-widget_type=\"heading.default\">\n\t\t\t\t<div class=\"elementor-widget-container\">\n\t\t\t<h3 class=\"elementor-heading-title elementor-size-default\">L'\u00e9picerie sociale et solidaire Epireuil<\/h3>\t\t<\/div>\n\t\t\t\t<\/div>\n\t\t\t\t\t<\/div>\n\t\t<\/div>\n\t\t\t\t\t<\/div>\n\t\t<\/section>\n\t\t\t\t<section class=\"elementor-section elementor-top-section elementor-element elementor-element-ffc6f21 elementor-section-boxed elementor-section-height-default elementor-section-height-default\" data-id=\"ffc6f21\" data-element_type=\"section\">\n\t\t\t\t\t\t<div class=\"elementor-container elementor-column-gap-default\">\n\t\t\t\t\t<div class=\"elementor-column elementor-col-100 elementor-top-column elementor-element elementor-element-2190509\" data-id=\"2190509\" data-element_type=\"column\">\n\t\t\t<div class=\"elementor-widget-wrap elementor-element-populated\">\n\t\t\t\t\t\t<div class=\"elementor-element elementor-element-1edc818 elementor-widget elementor-widget-text-editor\" data-id=\"1edc818\" data-element_type=\"widget\" data-widget_type=\"text-editor.default\">\n\t\t\t\t<div class=\"elementor-widget-container\">\n\t\t\t\t\t\t\t<p><span style=\"font-weight: 400;\">C\u2019est par le biais de P\u00f4le Emploi que Sandra a pris connaissance d\u2019une annonce de Service Civique. Les missions d\u00e9crites dans l\u2019offre lui paraissant un peu vagues, elle va prendre le temps de se renseigner sur l\u2019association. Et ce qu\u2019elle y d\u00e9couvre lui pla\u00eet : des d\u00e9marches sant\u00e9 pour le mieux-vivre ou le mieux-manger, des informations nutritionnelles (ex : alimentation en fonction des saisons, recettes)&#8230;<\/span><\/p><p style=\"text-align: center;\"><em><span style=\"font-weight: 400;\">\u201c Il est primordial, dans certaines situations, de prendre soin de ce sur quoi on a encore le contr\u00f4le.\u201d\u00a0<\/span><\/em><\/p>\t\t\t\t\t\t<\/div>\n\t\t\t\t<\/div>\n\t\t\t\t\t<\/div>\n\t\t<\/div>\n\t\t\t\t\t<\/div>\n\t\t<\/section>\n\t\t\t\t<section class=\"elementor-section elementor-top-section elementor-element elementor-element-aba3635 elementor-section-boxed elementor-section-height-default elementor-section-height-default\" data-id=\"aba3635\" data-element_type=\"section\">\n\t\t\t\t\t\t<div class=\"elementor-container elementor-column-gap-default\">\n\t\t\t\t\t<div class=\"elementor-column elementor-col-100 elementor-top-column elementor-element elementor-element-e6035bc\" data-id=\"e6035bc\" data-element_type=\"column\">\n\t\t\t<div class=\"elementor-widget-wrap elementor-element-populated\">\n\t\t\t\t\t\t<div class=\"elementor-element elementor-element-dfff812 elementor-widget elementor-widget-spacer\" data-id=\"dfff812\" data-element_type=\"widget\" data-widget_type=\"spacer.default\">\n\t\t\t\t<div class=\"elementor-widget-container\">\n\t\t\t\t\t<div class=\"elementor-spacer\">\n\t\t\t<div class=\"elementor-spacer-inner\"><\/div>\n\t\t<\/div>\n\t\t\t\t<\/div>\n\t\t\t\t<\/div>\n\t\t\t\t\t<\/div>\n\t\t<\/div>\n\t\t\t\t\t<\/div>\n\t\t<\/section>\n\t\t\t\t<section class=\"elementor-section elementor-top-section elementor-element elementor-element-043c05a elementor-section-boxed elementor-section-height-default elementor-section-height-default\" data-id=\"043c05a\" data-element_type=\"section\">\n\t\t\t\t\t\t<div class=\"elementor-container elementor-column-gap-default\">\n\t\t\t\t\t<div class=\"elementor-column elementor-col-100 elementor-top-column elementor-element elementor-element-fc0fa6a\" data-id=\"fc0fa6a\" data-element_type=\"column\">\n\t\t\t<div class=\"elementor-widget-wrap elementor-element-populated\">\n\t\t\t\t\t\t<div class=\"elementor-element elementor-element-2a682da elementor-widget elementor-widget-heading\" data-id=\"2a682da\" data-element_type=\"widget\" data-widget_type=\"heading.default\">\n\t\t\t\t<div class=\"elementor-widget-container\">\n\t\t\t<h3 class=\"elementor-heading-title elementor-size-default\">Son r\u00f4le chez Epireuil<\/h3>\t\t<\/div>\n\t\t\t\t<\/div>\n\t\t\t\t\t<\/div>\n\t\t<\/div>\n\t\t\t\t\t<\/div>\n\t\t<\/section>\n\t\t\t\t<section class=\"elementor-section elementor-top-section elementor-element elementor-element-1060d94 elementor-section-boxed elementor-section-height-default elementor-section-height-default\" data-id=\"1060d94\" data-element_type=\"section\">\n\t\t\t\t\t\t<div class=\"elementor-container elementor-column-gap-default\">\n\t\t\t\t\t<div class=\"elementor-column elementor-col-100 elementor-top-column elementor-element elementor-element-52d8f2a\" data-id=\"52d8f2a\" data-element_type=\"column\">\n\t\t\t<div class=\"elementor-widget-wrap elementor-element-populated\">\n\t\t\t\t\t\t<div class=\"elementor-element elementor-element-32dae4e elementor-widget elementor-widget-text-editor\" data-id=\"32dae4e\" data-element_type=\"widget\" data-widget_type=\"text-editor.default\">\n\t\t\t\t<div class=\"elementor-widget-container\">\n\t\t\t\t\t\t\t<p><span style=\"font-weight: 400;\">C\u2019est un r\u00f4le d\u2019Ambassadrice <\/span><a href=\"https:\/\/www.mangerbouger.fr\/\"><span style=\"font-weight: 400;\">Manger Bouger<\/span><\/a><span style=\"font-weight: 400;\"> qui lui a \u00e9t\u00e9 confi\u00e9.\u00a0<\/span><\/p><p><span style=\"font-weight: 400;\">Cela se traduit notamment par diff\u00e9rents \u00e9v\u00e9nements \u00e0 destination des b\u00e9n\u00e9ficiaires de l\u2019association.<\/span><\/p>\t\t\t\t\t\t<\/div>\n\t\t\t\t<\/div>\n\t\t\t\t\t<\/div>\n\t\t<\/div>\n\t\t\t\t\t<\/div>\n\t\t<\/section>\n\t\t\t\t<section class=\"elementor-section elementor-top-section elementor-element elementor-element-d0a52ca elementor-section-boxed elementor-section-height-default elementor-section-height-default\" data-id=\"d0a52ca\" data-element_type=\"section\">\n\t\t\t\t\t\t<div class=\"elementor-container elementor-column-gap-default\">\n\t\t\t\t\t<div class=\"elementor-column elementor-col-100 elementor-top-column elementor-element elementor-element-acda735\" data-id=\"acda735\" data-element_type=\"column\">\n\t\t\t<div class=\"elementor-widget-wrap elementor-element-populated\">\n\t\t\t\t\t\t<div class=\"elementor-element elementor-element-ae72eba elementor-widget elementor-widget-spacer\" data-id=\"ae72eba\" data-element_type=\"widget\" data-widget_type=\"spacer.default\">\n\t\t\t\t<div class=\"elementor-widget-container\">\n\t\t\t\t\t<div class=\"elementor-spacer\">\n\t\t\t<div class=\"elementor-spacer-inner\"><\/div>\n\t\t<\/div>\n\t\t\t\t<\/div>\n\t\t\t\t<\/div>\n\t\t\t\t\t<\/div>\n\t\t<\/div>\n\t\t\t\t\t<\/div>\n\t\t<\/section>\n\t\t\t\t<section class=\"elementor-section elementor-top-section elementor-element elementor-element-6c16479 elementor-section-boxed elementor-section-height-default elementor-section-height-default\" data-id=\"6c16479\" data-element_type=\"section\">\n\t\t\t\t\t\t<div class=\"elementor-container elementor-column-gap-default\">\n\t\t\t\t\t<div class=\"elementor-column elementor-col-100 elementor-top-column elementor-element elementor-element-baf8ac8\" data-id=\"baf8ac8\" data-element_type=\"column\">\n\t\t\t<div class=\"elementor-widget-wrap elementor-element-populated\">\n\t\t\t\t\t\t<div class=\"elementor-element elementor-element-946bd68 elementor-widget elementor-widget-heading\" data-id=\"946bd68\" data-element_type=\"widget\" data-widget_type=\"heading.default\">\n\t\t\t\t<div class=\"elementor-widget-container\">\n\t\t\t<h4 class=\"elementor-heading-title elementor-size-default\">Les ateliers existants<\/h4>\t\t<\/div>\n\t\t\t\t<\/div>\n\t\t\t\t\t<\/div>\n\t\t<\/div>\n\t\t\t\t\t<\/div>\n\t\t<\/section>\n\t\t\t\t<section class=\"elementor-section elementor-top-section elementor-element elementor-element-965b137 elementor-section-boxed elementor-section-height-default elementor-section-height-default\" data-id=\"965b137\" data-element_type=\"section\">\n\t\t\t\t\t\t<div class=\"elementor-container elementor-column-gap-default\">\n\t\t\t\t\t<div class=\"elementor-column elementor-col-100 elementor-top-column elementor-element elementor-element-17a53c2\" data-id=\"17a53c2\" data-element_type=\"column\">\n\t\t\t<div class=\"elementor-widget-wrap elementor-element-populated\">\n\t\t\t\t\t\t<div class=\"elementor-element elementor-element-e518e6c elementor-widget elementor-widget-text-editor\" data-id=\"e518e6c\" data-element_type=\"widget\" data-widget_type=\"text-editor.default\">\n\t\t\t\t<div class=\"elementor-widget-container\">\n\t\t\t\t\t\t\t<p><span style=\"font-weight: 400;\">Ainsi, des ateliers cuisine sont propos\u00e9s sous forme ludique. Habituellement, cette activit\u00e9 est r\u00e9alis\u00e9e au sein de l\u2019association mais, avec la pand\u00e9mie Covid, il a fallu s\u2019organiser diff\u00e9remment pour proposer une continuit\u00e9. De ce fait, les recettes sont d\u00e9sormais pr\u00e9sent\u00e9es via des vid\u00e9os post\u00e9es sur la page <\/span><a href=\"https:\/\/www.facebook.com\/Epireuil\/\"><span style=\"font-weight: 400;\">Facebook<\/span><\/a><span style=\"font-weight: 400;\"> d\u2019Epireuil. L\u2019id\u00e9e de ces ateliers est de pousser les adh\u00e9rents \u00e0 mieux faire sans chercher la perfection et de prendre le temps de se cuisiner quelque chose.<\/span><\/p><p><span style=\"font-weight: 400;\">Par ailleurs, d\u2019autres activit\u00e9s sont offertes, alliant le concept Manger Bouger \u00e0 d\u2019autres objectifs d\u2019Epireuil comme la lutte contre le gaspillage, le tri des d\u00e9chets ou la parentalit\u00e9. C\u2019est ainsi qu\u2019est n\u00e9 le D\u00e9fi Familles, visant \u00e0 limiter les d\u00e9chets alimentaires en revalorisant, par exemple, la nourriture dans son int\u00e9gralit\u00e9. Une <\/span><a href=\"https:\/\/www.facebook.com\/Epireuil\/videos\/1336362580078732\"><span style=\"font-weight: 400;\">recette de souffl\u00e9<\/span><\/a><span style=\"font-weight: 400;\">, int\u00e9grant des queues de brocolis, a ainsi \u00e9t\u00e9 pr\u00e9sent\u00e9e.\u00a0 Et ce d\u00e9fi ne s\u2019arr\u00eate pas l\u00e0. En effet, les familles qui se sont port\u00e9es volontaires devront peser leurs d\u00e9chets alimentaires pendant 2 semaines. Puis les 4 mois suivants, des astuces sont communiqu\u00e9es et des \u00e9changes propos\u00e9s pour un v\u00e9ritable accompagnement. Objectifs : prise de conscience et action cibl\u00e9e. Aujourd\u2019hui, il leur \u00e9tait propos\u00e9 de participer \u00e0 une Promenade D\u00e9chets qui consiste \u00e0 ramasser les d\u00e9chets laiss\u00e9s dans la nature par les autres. L\u2019objectif de cette sortie conviviale, outre la sensibilisation \u00e9cologique \u00e9vidente, \u00e9tait de cr\u00e9er du lien et un d\u00e9but de coh\u00e9sion entre les familles volontaires.<\/span><\/p><p><span style=\"font-weight: 400;\">Enfin, des ateliers parentalit\u00e9, plus faciles \u00e0 mettre en place en cette p\u00e9riode gr\u00e2ce \u00e0 l\u2019utilisation de kits, ont \u00e9t\u00e9 organis\u00e9s par l\u2019association.<\/span><\/p>\t\t\t\t\t\t<\/div>\n\t\t\t\t<\/div>\n\t\t\t\t\t<\/div>\n\t\t<\/div>\n\t\t\t\t\t<\/div>\n\t\t<\/section>\n\t\t\t\t<section class=\"elementor-section elementor-top-section elementor-element elementor-element-dd66463 elementor-section-boxed elementor-section-height-default elementor-section-height-default\" data-id=\"dd66463\" data-element_type=\"section\">\n\t\t\t\t\t\t<div class=\"elementor-container elementor-column-gap-default\">\n\t\t\t\t\t<div class=\"elementor-column elementor-col-100 elementor-top-column elementor-element elementor-element-521d4c6\" data-id=\"521d4c6\" data-element_type=\"column\">\n\t\t\t<div class=\"elementor-widget-wrap elementor-element-populated\">\n\t\t\t\t\t\t<div class=\"elementor-element elementor-element-d6df92b elementor-widget elementor-widget-spacer\" data-id=\"d6df92b\" data-element_type=\"widget\" data-widget_type=\"spacer.default\">\n\t\t\t\t<div class=\"elementor-widget-container\">\n\t\t\t\t\t<div class=\"elementor-spacer\">\n\t\t\t<div class=\"elementor-spacer-inner\"><\/div>\n\t\t<\/div>\n\t\t\t\t<\/div>\n\t\t\t\t<\/div>\n\t\t\t\t\t<\/div>\n\t\t<\/div>\n\t\t\t\t\t<\/div>\n\t\t<\/section>\n\t\t\t\t<section class=\"elementor-section elementor-top-section elementor-element elementor-element-374c2f8 elementor-section-boxed elementor-section-height-default elementor-section-height-default\" data-id=\"374c2f8\" data-element_type=\"section\">\n\t\t\t\t\t\t<div class=\"elementor-container elementor-column-gap-default\">\n\t\t\t\t\t<div class=\"elementor-column elementor-col-100 elementor-top-column elementor-element elementor-element-1e07399\" data-id=\"1e07399\" data-element_type=\"column\">\n\t\t\t<div class=\"elementor-widget-wrap elementor-element-populated\">\n\t\t\t\t\t\t<div class=\"elementor-element elementor-element-39389c2 elementor-widget elementor-widget-heading\" data-id=\"39389c2\" data-element_type=\"widget\" data-widget_type=\"heading.default\">\n\t\t\t\t<div class=\"elementor-widget-container\">\n\t\t\t<h4 class=\"elementor-heading-title elementor-size-default\">Les projets<\/h4>\t\t<\/div>\n\t\t\t\t<\/div>\n\t\t\t\t\t<\/div>\n\t\t<\/div>\n\t\t\t\t\t<\/div>\n\t\t<\/section>\n\t\t\t\t<section class=\"elementor-section elementor-top-section elementor-element elementor-element-7d2828b elementor-section-boxed elementor-section-height-default elementor-section-height-default\" data-id=\"7d2828b\" data-element_type=\"section\">\n\t\t\t\t\t\t<div class=\"elementor-container elementor-column-gap-default\">\n\t\t\t\t\t<div class=\"elementor-column elementor-col-100 elementor-top-column elementor-element elementor-element-f1b3736\" data-id=\"f1b3736\" data-element_type=\"column\">\n\t\t\t<div class=\"elementor-widget-wrap elementor-element-populated\">\n\t\t\t\t\t\t<div class=\"elementor-element elementor-element-068fe31 elementor-widget elementor-widget-text-editor\" data-id=\"068fe31\" data-element_type=\"widget\" data-widget_type=\"text-editor.default\">\n\t\t\t\t<div class=\"elementor-widget-container\">\n\t\t\t\t\t\t\t<p><span style=\"font-weight: 400;\">Dans le cadre d\u2019une r\u00e9ponse \u00e0 l\u2019appel \u00e0 projets sant\u00e9 organis\u00e9 par l\u2019<\/span><a href=\"https:\/\/www.normandie.ars.sante.fr\/\"><span style=\"font-weight: 400;\">ARS<\/span><\/a><span style=\"font-weight: 400;\"> (Agence R\u00e9gionale de la Sant\u00e9), des animations ont \u00e9t\u00e9 engag\u00e9es :<\/span><\/p><ul><li style=\"font-weight: 400;\" aria-level=\"1\"><span style=\"font-weight: 400;\">des ateliers Nutrition Sant\u00e9 anim\u00e9s par Anne<\/span><\/li><li style=\"font-weight: 400;\" aria-level=\"1\"><span style=\"font-weight: 400;\">un projet de d\u00e9couverte des associations sportives au travers de journ\u00e9es d\u2019essai et, pourquoi pas, de conseils pour d\u00e9marrer un sport.<\/span><\/li><li style=\"font-weight: 400;\" aria-level=\"1\"><span style=\"font-weight: 400;\">de la sophrologie par Camille<\/span><\/li><li style=\"font-weight: 400;\" aria-level=\"1\"><span style=\"font-weight: 400;\">des marches propos\u00e9es par Julie et Anne<\/span><\/li><li style=\"font-weight: 400;\" aria-level=\"1\"><span style=\"font-weight: 400;\">la venue d\u2019une socio-esth\u00e9ticienne<\/span><\/li><li style=\"font-weight: 400;\" aria-level=\"1\"><span style=\"font-weight: 400;\">des sensibilisations courtes sur des th\u00e8mes pr\u00e9cis (ex : sucres cach\u00e9s).<\/span><\/li><\/ul><p><span style=\"font-weight: 400;\">De m\u00eame, le jardin d\u2019Epireuil, d\u00e9laiss\u00e9 \u00e0 cause du confinement et de la m\u00e9t\u00e9o, devrait de nouveau accueillir les b\u00e9n\u00e9ficiaires. Le programme Manger Bouger prend ici tout son sens. Tout d\u2019abord, sans \u00eatre sportif, jardiner reste une activit\u00e9 physique. Et ensuite, il y a un lien \u00e9vident avec l\u2019alimentation. En effet, le jardin sera un moyen de d\u00e9couvrir certains aliments, leur origine, leur culture. De plus, l\u2019activit\u00e9 sera ax\u00e9e Parentalit\u00e9, une v\u00e9ritable demande des b\u00e9n\u00e9ficiaires.<\/span><\/p>\t\t\t\t\t\t<\/div>\n\t\t\t\t<\/div>\n\t\t\t\t\t<\/div>\n\t\t<\/div>\n\t\t\t\t\t<\/div>\n\t\t<\/section>\n\t\t\t\t<section class=\"elementor-section elementor-top-section elementor-element elementor-element-1d71187 elementor-section-boxed elementor-section-height-default elementor-section-height-default\" data-id=\"1d71187\" data-element_type=\"section\">\n\t\t\t\t\t\t<div class=\"elementor-container elementor-column-gap-default\">\n\t\t\t\t\t<div class=\"elementor-column elementor-col-100 elementor-top-column elementor-element elementor-element-7949174\" data-id=\"7949174\" data-element_type=\"column\">\n\t\t\t<div class=\"elementor-widget-wrap elementor-element-populated\">\n\t\t\t\t\t\t<div class=\"elementor-element elementor-element-b9d387b elementor-widget elementor-widget-spacer\" data-id=\"b9d387b\" data-element_type=\"widget\" data-widget_type=\"spacer.default\">\n\t\t\t\t<div class=\"elementor-widget-container\">\n\t\t\t\t\t<div class=\"elementor-spacer\">\n\t\t\t<div class=\"elementor-spacer-inner\"><\/div>\n\t\t<\/div>\n\t\t\t\t<\/div>\n\t\t\t\t<\/div>\n\t\t\t\t\t<\/div>\n\t\t<\/div>\n\t\t\t\t\t<\/div>\n\t\t<\/section>\n\t\t\t\t<section class=\"elementor-section elementor-top-section elementor-element elementor-element-883374f elementor-section-boxed elementor-section-height-default elementor-section-height-default\" data-id=\"883374f\" data-element_type=\"section\">\n\t\t\t\t\t\t<div class=\"elementor-container elementor-column-gap-default\">\n\t\t\t\t\t<div class=\"elementor-column elementor-col-100 elementor-top-column elementor-element elementor-element-923cba3\" data-id=\"923cba3\" data-element_type=\"column\">\n\t\t\t<div class=\"elementor-widget-wrap elementor-element-populated\">\n\t\t\t\t\t\t<div class=\"elementor-element elementor-element-1d7b580 elementor-widget elementor-widget-heading\" data-id=\"1d7b580\" data-element_type=\"widget\" data-widget_type=\"heading.default\">\n\t\t\t\t<div class=\"elementor-widget-container\">\n\t\t\t<h4 class=\"elementor-heading-title elementor-size-default\">Un succ\u00e8s li\u00e9 au type d\u2019activit\u00e9s<\/h4>\t\t<\/div>\n\t\t\t\t<\/div>\n\t\t\t\t\t<\/div>\n\t\t<\/div>\n\t\t\t\t\t<\/div>\n\t\t<\/section>\n\t\t\t\t<section class=\"elementor-section elementor-top-section elementor-element elementor-element-08411b0 elementor-section-boxed elementor-section-height-default elementor-section-height-default\" data-id=\"08411b0\" data-element_type=\"section\">\n\t\t\t\t\t\t<div class=\"elementor-container elementor-column-gap-default\">\n\t\t\t\t\t<div class=\"elementor-column elementor-col-100 elementor-top-column elementor-element elementor-element-2bd2e87\" data-id=\"2bd2e87\" data-element_type=\"column\">\n\t\t\t<div class=\"elementor-widget-wrap elementor-element-populated\">\n\t\t\t\t\t\t<div class=\"elementor-element elementor-element-58ad0cf elementor-widget elementor-widget-text-editor\" data-id=\"58ad0cf\" data-element_type=\"widget\" data-widget_type=\"text-editor.default\">\n\t\t\t\t<div class=\"elementor-widget-container\">\n\t\t\t\t\t\t\t<p><span style=\"font-weight: 400;\">Certaines animations sont plus populaires que d\u2019autres.\u00a0<\/span><\/p><p><span style=\"font-weight: 400;\">Ainsi, Sandra a not\u00e9 que celles r\u00e9alis\u00e9es sur le temps d\u2019attente les jours de distribution (ex : tri des d\u00e9chets, sucres cach\u00e9s) d\u00e9pendaient vraiment de l\u2019int\u00e9r\u00eat individuel. Elles ont, en outre, un impact limit\u00e9 en termes d\u2019engagement.<\/span><\/p><p><span style=\"font-weight: 400;\">Par contre, les animations Parentalit\u00e9, ouvertes aux familles, rencontrent un succ\u00e8s incontestable. De m\u00eame, les recettes de cuisine ont re\u00e7u des retours positifs bien que cela reste plus compliqu\u00e9 \u00e0 distance. En effet, le lien social n\u2019est pas le m\u00eame.<\/span><\/p>\t\t\t\t\t\t<\/div>\n\t\t\t\t<\/div>\n\t\t\t\t\t<\/div>\n\t\t<\/div>\n\t\t\t\t\t<\/div>\n\t\t<\/section>\n\t\t\t\t<section class=\"elementor-section elementor-top-section elementor-element elementor-element-9e3f6a4 elementor-section-boxed elementor-section-height-default elementor-section-height-default\" data-id=\"9e3f6a4\" data-element_type=\"section\">\n\t\t\t\t\t\t<div class=\"elementor-container elementor-column-gap-default\">\n\t\t\t\t\t<div class=\"elementor-column elementor-col-100 elementor-top-column elementor-element elementor-element-e6763d9\" data-id=\"e6763d9\" data-element_type=\"column\">\n\t\t\t<div class=\"elementor-widget-wrap elementor-element-populated\">\n\t\t\t\t\t\t<div class=\"elementor-element elementor-element-c444797 elementor-widget elementor-widget-spacer\" data-id=\"c444797\" data-element_type=\"widget\" data-widget_type=\"spacer.default\">\n\t\t\t\t<div class=\"elementor-widget-container\">\n\t\t\t\t\t<div class=\"elementor-spacer\">\n\t\t\t<div class=\"elementor-spacer-inner\"><\/div>\n\t\t<\/div>\n\t\t\t\t<\/div>\n\t\t\t\t<\/div>\n\t\t\t\t\t<\/div>\n\t\t<\/div>\n\t\t\t\t\t<\/div>\n\t\t<\/section>\n\t\t\t\t<section class=\"elementor-section elementor-top-section elementor-element elementor-element-af3ade2 elementor-section-boxed elementor-section-height-default elementor-section-height-default\" data-id=\"af3ade2\" data-element_type=\"section\">\n\t\t\t\t\t\t<div class=\"elementor-container elementor-column-gap-default\">\n\t\t\t\t\t<div class=\"elementor-column elementor-col-100 elementor-top-column elementor-element elementor-element-349152e\" data-id=\"349152e\" data-element_type=\"column\">\n\t\t\t<div class=\"elementor-widget-wrap elementor-element-populated\">\n\t\t\t\t\t\t<div class=\"elementor-element elementor-element-91039e1 elementor-widget elementor-widget-heading\" data-id=\"91039e1\" data-element_type=\"widget\" data-widget_type=\"heading.default\">\n\t\t\t\t<div class=\"elementor-widget-container\">\n\t\t\t<h3 class=\"elementor-heading-title elementor-size-default\">Conseils pour bien manger et mieux bouger<\/h3>\t\t<\/div>\n\t\t\t\t<\/div>\n\t\t\t\t\t<\/div>\n\t\t<\/div>\n\t\t\t\t\t<\/div>\n\t\t<\/section>\n\t\t\t\t<section class=\"elementor-section elementor-top-section elementor-element elementor-element-5c9676c elementor-section-boxed elementor-section-height-default elementor-section-height-default\" data-id=\"5c9676c\" data-element_type=\"section\">\n\t\t\t\t\t\t<div class=\"elementor-container elementor-column-gap-default\">\n\t\t\t\t\t<div class=\"elementor-column elementor-col-100 elementor-top-column elementor-element elementor-element-a63971c\" data-id=\"a63971c\" data-element_type=\"column\">\n\t\t\t<div class=\"elementor-widget-wrap elementor-element-populated\">\n\t\t\t\t\t\t<div class=\"elementor-element elementor-element-142d57d elementor-widget elementor-widget-text-editor\" data-id=\"142d57d\" data-element_type=\"widget\" data-widget_type=\"text-editor.default\">\n\t\t\t\t<div class=\"elementor-widget-container\">\n\t\t\t\t\t\t\t<p><span style=\"font-weight: 400;\">Voici quelques conseils prodigu\u00e9s par Sandra :<\/span><\/p><ul><li style=\"font-weight: 400;\" aria-level=\"1\"><span style=\"font-weight: 400;\">Essayer de d\u00e9couvrir de nouvelles choses<\/span><\/li><li style=\"font-weight: 400;\" aria-level=\"1\"><span style=\"font-weight: 400;\">Ne pas culpabiliser si on n\u2019y arrive pas<\/span><\/li><li style=\"font-weight: 400;\" aria-level=\"1\"><span style=\"font-weight: 400;\">Y aller \u00e0 son rythme, une petite action pouvant engager de grands changements<\/span><\/li><li style=\"font-weight: 400;\" aria-level=\"1\"><span style=\"font-weight: 400;\">Savoir \u00eatre satisfait de ses avanc\u00e9es, se f\u00e9liciter<\/span><\/li><li style=\"font-weight: 400;\" aria-level=\"1\"><span style=\"font-weight: 400;\">Prendre conscience de l\u2019aspect essentiel de sa propre sant\u00e9<\/span><\/li><\/ul><p style=\"text-align: center;\"><i><span style=\"font-weight: 400;\">\u201cLa sant\u00e9 sait \u00eatre reconnaissante de tous les petits gestes en sa faveur.\u201d<\/span><\/i><\/p>\t\t\t\t\t\t<\/div>\n\t\t\t\t<\/div>\n\t\t\t\t\t<\/div>\n\t\t<\/div>\n\t\t\t\t\t<\/div>\n\t\t<\/section>\n\t\t\t\t<section class=\"elementor-section elementor-top-section elementor-element elementor-element-ca0390f elementor-section-boxed elementor-section-height-default elementor-section-height-default\" data-id=\"ca0390f\" data-element_type=\"section\">\n\t\t\t\t\t\t<div class=\"elementor-container elementor-column-gap-default\">\n\t\t\t\t\t<div class=\"elementor-column elementor-col-100 elementor-top-column elementor-element elementor-element-0a7213f\" data-id=\"0a7213f\" data-element_type=\"column\">\n\t\t\t<div class=\"elementor-widget-wrap elementor-element-populated\">\n\t\t\t\t\t\t<div class=\"elementor-element elementor-element-b37660e elementor-widget elementor-widget-spacer\" data-id=\"b37660e\" data-element_type=\"widget\" data-widget_type=\"spacer.default\">\n\t\t\t\t<div class=\"elementor-widget-container\">\n\t\t\t\t\t<div class=\"elementor-spacer\">\n\t\t\t<div class=\"elementor-spacer-inner\"><\/div>\n\t\t<\/div>\n\t\t\t\t<\/div>\n\t\t\t\t<\/div>\n\t\t\t\t\t<\/div>\n\t\t<\/div>\n\t\t\t\t\t<\/div>\n\t\t<\/section>\n\t\t\t\t<section class=\"elementor-section elementor-top-section elementor-element elementor-element-b257fb8 elementor-section-boxed elementor-section-height-default elementor-section-height-default\" data-id=\"b257fb8\" data-element_type=\"section\">\n\t\t\t\t\t\t<div class=\"elementor-container elementor-column-gap-default\">\n\t\t\t\t\t<div class=\"elementor-column elementor-col-100 elementor-top-column elementor-element elementor-element-8c423cc\" data-id=\"8c423cc\" data-element_type=\"column\">\n\t\t\t<div class=\"elementor-widget-wrap elementor-element-populated\">\n\t\t\t\t\t\t<div class=\"elementor-element elementor-element-3e451e0 elementor-widget elementor-widget-text-editor\" data-id=\"3e451e0\" data-element_type=\"widget\" data-widget_type=\"text-editor.default\">\n\t\t\t\t<div class=\"elementor-widget-container\">\n\t\t\t\t\t\t\t<p><span style=\"font-size: 10pt;\"><em><span style=\"font-weight: 400;\">Propos recueillis le 25\/02\/21 par Sophie Blanchard Willocquet<\/span><\/em><\/span><\/p>\t\t\t\t\t\t<\/div>\n\t\t\t\t<\/div>\n\t\t\t\t\t<\/div>\n\t\t<\/div>\n\t\t\t\t\t<\/div>\n\t\t<\/section>\n\t\t\t\t<\/div>\n\t\t","protected":false},"excerpt":{"rendered":"<p>Rejoignez-nous Faites comme Sandra Da Costa qui a rejoint, dans le cadre de l&rsquo;Engagement Service Civique, l&rsquo;\u00e9quipe salari\u00e9e de l&rsquo;Association Epireuil sur le p\u00f4le Animation sur la saison 2020\/2021. E si vous souhaitez \u00e0 votre tour renforcer l&rsquo;\u00e9quipe, n&rsquo;h\u00e9sitez pas<\/p>\n","protected":false},"author":1,"featured_media":0,"parent":10,"menu_order":4,"comment_status":"closed","ping_status":"open","template":"","meta":{"_eb_attr":"","footnotes":""},"yoast_head":"<!-- This site is optimized with the Yoast SEO plugin v22.2 - https:\/\/yoast.com\/wordpress\/plugins\/seo\/ -->\n<title>Jeunes en service civique -<\/title>\n<meta name=\"robots\" content=\"index, follow, max-snippet:-1, max-image-preview:large, max-video-preview:-1\" \/>\n<link rel=\"canonical\" href=\"https:\/\/associationepireuil.fr\/?page_id=249\" \/>\n<meta property=\"og:locale\" content=\"fr_FR\" \/>\n<meta property=\"og:type\" content=\"article\" \/>\n<meta property=\"og:title\" content=\"Jeunes en service civique -\" \/>\n<meta property=\"og:description\" content=\"Rejoignez-nous Faites comme Sandra Da Costa qui a rejoint, dans le cadre de l&rsquo;Engagement Service Civique, l&rsquo;\u00e9quipe salari\u00e9e de l&rsquo;Association Epireuil sur le p\u00f4le Animation sur la saison 2020\/2021. E si vous souhaitez \u00e0 votre tour renforcer l&rsquo;\u00e9quipe, n&rsquo;h\u00e9sitez pas\" \/>\n<meta property=\"og:url\" content=\"https:\/\/associationepireuil.fr\/?page_id=249\" \/>\n<meta property=\"article:publisher\" content=\"https:\/\/www.facebook.com\/Epireuil\/\" \/>\n<meta property=\"article:modified_time\" content=\"2021-03-04T11:15:41+00:00\" \/>\n<meta property=\"og:image\" content=\"http:\/\/associationepireuil.fr\/wp-content\/uploads\/2013\/01\/logo_service_civique.jpg\" \/>\n<meta name=\"twitter:card\" content=\"summary_large_image\" \/>\n<meta name=\"twitter:label1\" content=\"Dur\u00e9e de lecture estim\u00e9e\" \/>\n\t<meta name=\"twitter:data1\" content=\"5 minutes\" \/>\n<script type=\"application\/ld+json\" class=\"yoast-schema-graph\">{\"@context\":\"https:\/\/schema.org\",\"@graph\":[{\"@type\":\"WebPage\",\"@id\":\"https:\/\/associationepireuil.fr\/?page_id=249\",\"url\":\"https:\/\/associationepireuil.fr\/?page_id=249\",\"name\":\"Jeunes en service civique -\",\"isPartOf\":{\"@id\":\"https:\/\/associationepireuil.fr\/#website\"},\"primaryImageOfPage\":{\"@id\":\"https:\/\/associationepireuil.fr\/?page_id=249#primaryimage\"},\"image\":{\"@id\":\"https:\/\/associationepireuil.fr\/?page_id=249#primaryimage\"},\"thumbnailUrl\":\"http:\/\/associationepireuil.fr\/wp-content\/uploads\/2013\/01\/logo_service_civique.jpg\",\"datePublished\":\"2012-10-24T07:47:31+00:00\",\"dateModified\":\"2021-03-04T11:15:41+00:00\",\"breadcrumb\":{\"@id\":\"https:\/\/associationepireuil.fr\/?page_id=249#breadcrumb\"},\"inLanguage\":\"fr-FR\",\"potentialAction\":[{\"@type\":\"ReadAction\",\"target\":[\"https:\/\/associationepireuil.fr\/?page_id=249\"]}]},{\"@type\":\"ImageObject\",\"inLanguage\":\"fr-FR\",\"@id\":\"https:\/\/associationepireuil.fr\/?page_id=249#primaryimage\",\"url\":\"https:\/\/associationepireuil.fr\/wp-content\/uploads\/2013\/01\/logo_service_civique.jpg\",\"contentUrl\":\"https:\/\/associationepireuil.fr\/wp-content\/uploads\/2013\/01\/logo_service_civique.jpg\",\"width\":1033,\"height\":408},{\"@type\":\"BreadcrumbList\",\"@id\":\"https:\/\/associationepireuil.fr\/?page_id=249#breadcrumb\",\"itemListElement\":[{\"@type\":\"ListItem\",\"position\":1,\"name\":\"Accueil\",\"item\":\"https:\/\/associationepireuil.fr\/\"},{\"@type\":\"ListItem\",\"position\":2,\"name\":\"Notre \u00e9quipe\",\"item\":\"https:\/\/associationepireuil.fr\/?page_id=10\"},{\"@type\":\"ListItem\",\"position\":3,\"name\":\"Jeunes en service civique\"}]},{\"@type\":\"WebSite\",\"@id\":\"https:\/\/associationepireuil.fr\/#website\",\"url\":\"https:\/\/associationepireuil.fr\/\",\"name\":\"\",\"description\":\"\",\"potentialAction\":[{\"@type\":\"SearchAction\",\"target\":{\"@type\":\"EntryPoint\",\"urlTemplate\":\"https:\/\/associationepireuil.fr\/?s={search_term_string}\"},\"query-input\":\"required name=search_term_string\"}],\"inLanguage\":\"fr-FR\"}]}<\/script>\n<!-- \/ Yoast SEO plugin. -->","yoast_head_json":{"title":"Jeunes en service civique -","robots":{"index":"index","follow":"follow","max-snippet":"max-snippet:-1","max-image-preview":"max-image-preview:large","max-video-preview":"max-video-preview:-1"},"canonical":"https:\/\/associationepireuil.fr\/?page_id=249","og_locale":"fr_FR","og_type":"article","og_title":"Jeunes en service civique -","og_description":"Rejoignez-nous Faites comme Sandra Da Costa qui a rejoint, dans le cadre de l&rsquo;Engagement Service Civique, l&rsquo;\u00e9quipe salari\u00e9e de l&rsquo;Association Epireuil sur le p\u00f4le Animation sur la saison 2020\/2021. E si vous souhaitez \u00e0 votre tour renforcer l&rsquo;\u00e9quipe, n&rsquo;h\u00e9sitez pas","og_url":"https:\/\/associationepireuil.fr\/?page_id=249","article_publisher":"https:\/\/www.facebook.com\/Epireuil\/","article_modified_time":"2021-03-04T11:15:41+00:00","og_image":[{"url":"http:\/\/associationepireuil.fr\/wp-content\/uploads\/2013\/01\/logo_service_civique.jpg"}],"twitter_card":"summary_large_image","twitter_misc":{"Dur\u00e9e de lecture estim\u00e9e":"5 minutes"},"schema":{"@context":"https:\/\/schema.org","@graph":[{"@type":"WebPage","@id":"https:\/\/associationepireuil.fr\/?page_id=249","url":"https:\/\/associationepireuil.fr\/?page_id=249","name":"Jeunes en service civique -","isPartOf":{"@id":"https:\/\/associationepireuil.fr\/#website"},"primaryImageOfPage":{"@id":"https:\/\/associationepireuil.fr\/?page_id=249#primaryimage"},"image":{"@id":"https:\/\/associationepireuil.fr\/?page_id=249#primaryimage"},"thumbnailUrl":"http:\/\/associationepireuil.fr\/wp-content\/uploads\/2013\/01\/logo_service_civique.jpg","datePublished":"2012-10-24T07:47:31+00:00","dateModified":"2021-03-04T11:15:41+00:00","breadcrumb":{"@id":"https:\/\/associationepireuil.fr\/?page_id=249#breadcrumb"},"inLanguage":"fr-FR","potentialAction":[{"@type":"ReadAction","target":["https:\/\/associationepireuil.fr\/?page_id=249"]}]},{"@type":"ImageObject","inLanguage":"fr-FR","@id":"https:\/\/associationepireuil.fr\/?page_id=249#primaryimage","url":"https:\/\/associationepireuil.fr\/wp-content\/uploads\/2013\/01\/logo_service_civique.jpg","contentUrl":"https:\/\/associationepireuil.fr\/wp-content\/uploads\/2013\/01\/logo_service_civique.jpg","width":1033,"height":408},{"@type":"BreadcrumbList","@id":"https:\/\/associationepireuil.fr\/?page_id=249#breadcrumb","itemListElement":[{"@type":"ListItem","position":1,"name":"Accueil","item":"https:\/\/associationepireuil.fr\/"},{"@type":"ListItem","position":2,"name":"Notre \u00e9quipe","item":"https:\/\/associationepireuil.fr\/?page_id=10"},{"@type":"ListItem","position":3,"name":"Jeunes en service civique"}]},{"@type":"WebSite","@id":"https:\/\/associationepireuil.fr\/#website","url":"https:\/\/associationepireuil.fr\/","name":"","description":"","potentialAction":[{"@type":"SearchAction","target":{"@type":"EntryPoint","urlTemplate":"https:\/\/associationepireuil.fr\/?s={search_term_string}"},"query-input":"required name=search_term_string"}],"inLanguage":"fr-FR"}]}},"_links":{"self":[{"href":"https:\/\/associationepireuil.fr\/index.php?rest_route=\/wp\/v2\/pages\/249"}],"collection":[{"href":"https:\/\/associationepireuil.fr\/index.php?rest_route=\/wp\/v2\/pages"}],"about":[{"href":"https:\/\/associationepireuil.fr\/index.php?rest_route=\/wp\/v2\/types\/page"}],"author":[{"embeddable":true,"href":"https:\/\/associationepireuil.fr\/index.php?rest_route=\/wp\/v2\/users\/1"}],"replies":[{"embeddable":true,"href":"https:\/\/associationepireuil.fr\/index.php?rest_route=%2Fwp%2Fv2%2Fcomments&post=249"}],"version-history":[{"count":35,"href":"https:\/\/associationepireuil.fr\/index.php?rest_route=\/wp\/v2\/pages\/249\/revisions"}],"predecessor-version":[{"id":3875,"href":"https:\/\/associationepireuil.fr\/index.php?rest_route=\/wp\/v2\/pages\/249\/revisions\/3875"}],"up":[{"embeddable":true,"href":"https:\/\/associationepireuil.fr\/index.php?rest_route=\/wp\/v2\/pages\/10"}],"wp:attachment":[{"href":"https:\/\/associationepireuil.fr\/index.php?rest_route=%2Fwp%2Fv2%2Fmedia&parent=249"}],"curies":[{"name":"wp","href":"https:\/\/api.w.org\/{rel}","templated":true}]}}