{"id":6,"date":"2012-07-02T14:55:16","date_gmt":"2012-07-02T14:55:16","guid":{"rendered":"http:\/\/association.epireuil.fr\/?page_id=6"},"modified":"2021-09-16T09:24:34","modified_gmt":"2021-09-16T09:24:34","slug":"il-etait-une-fois-epireuil","status":"publish","type":"page","link":"https:\/\/associationepireuil.fr\/?page_id=6","title":{"rendered":"Il \u00e9tait une fois Epireuil"},"content":{"rendered":"\t\t<div data-elementor-type=\"wp-page\" data-elementor-id=\"6\" class=\"elementor elementor-6\">\n\t\t\t\t\t\t<section class=\"elementor-section elementor-top-section elementor-element elementor-element-7a7a596 elementor-section-boxed elementor-section-height-default elementor-section-height-default\" data-id=\"7a7a596\" data-element_type=\"section\">\n\t\t\t\t\t\t<div class=\"elementor-container elementor-column-gap-default\">\n\t\t\t\t\t<div class=\"elementor-column elementor-col-100 elementor-top-column elementor-element elementor-element-88d11bd\" data-id=\"88d11bd\" data-element_type=\"column\">\n\t\t\t<div class=\"elementor-widget-wrap elementor-element-populated\">\n\t\t\t\t\t\t<div class=\"elementor-element elementor-element-19848dd elementor-widget elementor-widget-heading\" data-id=\"19848dd\" data-element_type=\"widget\" data-widget_type=\"heading.default\">\n\t\t\t\t<div class=\"elementor-widget-container\">\n\t\t\t<h2 class=\"elementor-heading-title elementor-size-default\">2002 - La r\u00e9flexion<\/h2>\t\t<\/div>\n\t\t\t\t<\/div>\n\t\t\t\t\t<\/div>\n\t\t<\/div>\n\t\t\t\t\t<\/div>\n\t\t<\/section>\n\t\t\t\t<section class=\"elementor-section elementor-top-section elementor-element elementor-element-3604354 elementor-section-boxed elementor-section-height-default elementor-section-height-default\" data-id=\"3604354\" data-element_type=\"section\">\n\t\t\t\t\t\t<div class=\"elementor-container elementor-column-gap-default\">\n\t\t\t\t\t<div class=\"elementor-column elementor-col-100 elementor-top-column elementor-element elementor-element-fb5a311\" data-id=\"fb5a311\" data-element_type=\"column\">\n\t\t\t<div class=\"elementor-widget-wrap elementor-element-populated\">\n\t\t\t\t\t\t<div class=\"elementor-element elementor-element-1e2701a elementor-widget elementor-widget-text-editor\" data-id=\"1e2701a\" data-element_type=\"widget\" data-widget_type=\"text-editor.default\">\n\t\t\t\t<div class=\"elementor-widget-container\">\n\t\t\t\t\t\t\t<p><strong>D\u00e8s octobre 2002,<\/strong> une r\u00e9flexion <strong>sur la subsistance alimentaire<\/strong> est engag\u00e9e<strong> avec tous les partenaires de la ville<\/strong> :<\/p>\t\t\t\t\t\t<\/div>\n\t\t\t\t<\/div>\n\t\t\t\t\t<\/div>\n\t\t<\/div>\n\t\t\t\t\t<\/div>\n\t\t<\/section>\n\t\t\t\t<section class=\"elementor-section elementor-top-section elementor-element elementor-element-5bb7217 elementor-section-boxed elementor-section-height-default elementor-section-height-default\" data-id=\"5bb7217\" data-element_type=\"section\">\n\t\t\t\t\t\t<div class=\"elementor-container elementor-column-gap-default\">\n\t\t\t\t\t<div class=\"elementor-column elementor-col-33 elementor-top-column elementor-element elementor-element-ebf1275\" data-id=\"ebf1275\" data-element_type=\"column\">\n\t\t\t<div class=\"elementor-widget-wrap elementor-element-populated\">\n\t\t\t\t\t\t<div class=\"elementor-element elementor-element-6dcfefd elementor-widget elementor-widget-text-editor\" data-id=\"6dcfefd\" data-element_type=\"widget\" data-widget_type=\"text-editor.default\">\n\t\t\t\t<div class=\"elementor-widget-container\">\n\t\t\t\t\t\t\t<ul><li><span style=\"font-family: Roboto; font-size: 16px; font-style: normal; font-weight: 300; color: var( --e-global-color-text );\">Centre M\u00e9dico-social du Conseil G\u00e9n\u00e9ral,<\/span><\/li><li>Ville de Val de Reuil,<\/li><li>C.C.A.S.,<\/li><li>Mission Locale,\u00a0<\/li><\/ul>\t\t\t\t\t\t<\/div>\n\t\t\t\t<\/div>\n\t\t\t\t\t<\/div>\n\t\t<\/div>\n\t\t\t\t<div class=\"elementor-column elementor-col-33 elementor-top-column elementor-element elementor-element-de3d72d\" data-id=\"de3d72d\" data-element_type=\"column\">\n\t\t\t<div class=\"elementor-widget-wrap elementor-element-populated\">\n\t\t\t\t\t\t<div class=\"elementor-element elementor-element-44aaa0e elementor-widget elementor-widget-text-editor\" data-id=\"44aaa0e\" data-element_type=\"widget\" data-widget_type=\"text-editor.default\">\n\t\t\t\t<div class=\"elementor-widget-container\">\n\t\t\t\t\t\t\t<ul><li>Secours Catholique,<\/li><li>Restaurants du c\u0153ur,<\/li><li>Association Solidaires,<\/li><\/ul>\t\t\t\t\t\t<\/div>\n\t\t\t\t<\/div>\n\t\t\t\t\t<\/div>\n\t\t<\/div>\n\t\t\t\t<div class=\"elementor-column elementor-col-33 elementor-top-column elementor-element elementor-element-5dcc3cd\" data-id=\"5dcc3cd\" data-element_type=\"column\">\n\t\t\t<div class=\"elementor-widget-wrap elementor-element-populated\">\n\t\t\t\t\t\t<div class=\"elementor-element elementor-element-d9c9e1e elementor-widget elementor-widget-text-editor\" data-id=\"d9c9e1e\" data-element_type=\"widget\" data-widget_type=\"text-editor.default\">\n\t\t\t\t<div class=\"elementor-widget-container\">\n\t\t\t\t\t\t\t<ul><li>R\u00e9seau d\u2019\u00e9changes R\u00e9ciproques de Savoirs.<\/li><\/ul>\t\t\t\t\t\t<\/div>\n\t\t\t\t<\/div>\n\t\t\t\t\t<\/div>\n\t\t<\/div>\n\t\t\t\t\t<\/div>\n\t\t<\/section>\n\t\t\t\t<section class=\"elementor-section elementor-top-section elementor-element elementor-element-dc39d81 elementor-section-boxed elementor-section-height-default elementor-section-height-default\" data-id=\"dc39d81\" data-element_type=\"section\">\n\t\t\t\t\t\t<div class=\"elementor-container elementor-column-gap-default\">\n\t\t\t\t\t<div class=\"elementor-column elementor-col-100 elementor-top-column elementor-element elementor-element-058b5c4\" data-id=\"058b5c4\" data-element_type=\"column\">\n\t\t\t<div class=\"elementor-widget-wrap elementor-element-populated\">\n\t\t\t\t\t\t<div class=\"elementor-element elementor-element-cddef91 elementor-widget elementor-widget-spacer\" data-id=\"cddef91\" data-element_type=\"widget\" data-widget_type=\"spacer.default\">\n\t\t\t\t<div class=\"elementor-widget-container\">\n\t\t\t\t\t<div class=\"elementor-spacer\">\n\t\t\t<div class=\"elementor-spacer-inner\"><\/div>\n\t\t<\/div>\n\t\t\t\t<\/div>\n\t\t\t\t<\/div>\n\t\t\t\t<div class=\"elementor-element elementor-element-c856302 elementor-widget elementor-widget-heading\" data-id=\"c856302\" data-element_type=\"widget\" data-widget_type=\"heading.default\">\n\t\t\t\t<div class=\"elementor-widget-container\">\n\t\t\t<h2 class=\"elementor-heading-title elementor-size-default\">2003 - Lancement d'une enqu\u00eate aupr\u00e8s des habitants<\/h2>\t\t<\/div>\n\t\t\t\t<\/div>\n\t\t\t\t\t<\/div>\n\t\t<\/div>\n\t\t\t\t\t<\/div>\n\t\t<\/section>\n\t\t\t\t<section class=\"elementor-section elementor-top-section elementor-element elementor-element-880c0b0 elementor-section-boxed elementor-section-height-default elementor-section-height-default\" data-id=\"880c0b0\" data-element_type=\"section\">\n\t\t\t\t\t\t<div class=\"elementor-container elementor-column-gap-default\">\n\t\t\t\t\t<div class=\"elementor-column elementor-col-100 elementor-top-column elementor-element elementor-element-c4eb431\" data-id=\"c4eb431\" data-element_type=\"column\">\n\t\t\t<div class=\"elementor-widget-wrap elementor-element-populated\">\n\t\t\t\t\t\t<div class=\"elementor-element elementor-element-36260af elementor-widget elementor-widget-text-editor\" data-id=\"36260af\" data-element_type=\"widget\" data-widget_type=\"text-editor.default\">\n\t\t\t\t<div class=\"elementor-widget-container\">\n\t\t\t\t\t\t\t<p><strong>A l&rsquo;issue de la r\u00e9flexion, un groupe projet<\/strong> constitu\u00e9 d&rsquo;habitants, d&rsquo;\u00e9lus et de repr\u00e9sentants associatifs <strong>voit le jour.<\/strong>\u00a0<span style=\"font-family: Roboto; font-size: 16px; font-style: normal; font-weight: 300; color: var( --e-global-color-text );\">Et parce que la participation active des habitants est recherch\u00e9e, <strong>une enqu\u00eate est r\u00e9alis\u00e9e en<\/strong> <strong>janvier 2003 aupr\u00e8s des habitants b\u00e9n\u00e9ficiaires<\/strong> des aides alimentaires.<\/span><\/p><p style=\"text-align: center;\"><em>\u00ab Aller demander de l\u2019aide alimentaire c\u2019est la honte, mais on n\u2019a pas le choix \u00bb<\/em><\/p>\t\t\t\t\t\t<\/div>\n\t\t\t\t<\/div>\n\t\t\t\t\t<\/div>\n\t\t<\/div>\n\t\t\t\t\t<\/div>\n\t\t<\/section>\n\t\t\t\t<section class=\"elementor-section elementor-top-section elementor-element elementor-element-c9cdd84 elementor-section-boxed elementor-section-height-default elementor-section-height-default\" data-id=\"c9cdd84\" data-element_type=\"section\">\n\t\t\t\t\t\t<div class=\"elementor-container elementor-column-gap-default\">\n\t\t\t\t\t<div class=\"elementor-column elementor-col-100 elementor-top-column elementor-element elementor-element-f466f85\" data-id=\"f466f85\" data-element_type=\"column\">\n\t\t\t<div class=\"elementor-widget-wrap elementor-element-populated\">\n\t\t\t\t\t\t<div class=\"elementor-element elementor-element-c35aa9f elementor-widget elementor-widget-spacer\" data-id=\"c35aa9f\" data-element_type=\"widget\" data-widget_type=\"spacer.default\">\n\t\t\t\t<div class=\"elementor-widget-container\">\n\t\t\t\t\t<div class=\"elementor-spacer\">\n\t\t\t<div class=\"elementor-spacer-inner\"><\/div>\n\t\t<\/div>\n\t\t\t\t<\/div>\n\t\t\t\t<\/div>\n\t\t\t\t\t<\/div>\n\t\t<\/div>\n\t\t\t\t\t<\/div>\n\t\t<\/section>\n\t\t\t\t<section class=\"elementor-section elementor-top-section elementor-element elementor-element-7f6e41c elementor-section-boxed elementor-section-height-default elementor-section-height-default\" data-id=\"7f6e41c\" data-element_type=\"section\">\n\t\t\t\t\t\t<div class=\"elementor-container elementor-column-gap-default\">\n\t\t\t\t\t<div class=\"elementor-column elementor-col-100 elementor-top-column elementor-element elementor-element-3c65d53\" data-id=\"3c65d53\" data-element_type=\"column\">\n\t\t\t<div class=\"elementor-widget-wrap elementor-element-populated\">\n\t\t\t\t\t\t<div class=\"elementor-element elementor-element-d8906d8 elementor-widget elementor-widget-text-editor\" data-id=\"d8906d8\" data-element_type=\"widget\" data-widget_type=\"text-editor.default\">\n\t\t\t\t<div class=\"elementor-widget-container\">\n\t\t\t\t\t\t\t<p><strong>Les raisons de ce sentiment<\/strong> partag\u00e9 par les habitants :<\/p>\t\t\t\t\t\t<\/div>\n\t\t\t\t<\/div>\n\t\t\t\t\t<\/div>\n\t\t<\/div>\n\t\t\t\t\t<\/div>\n\t\t<\/section>\n\t\t\t\t<section class=\"elementor-section elementor-top-section elementor-element elementor-element-ab181f3 elementor-section-boxed elementor-section-height-default elementor-section-height-default\" data-id=\"ab181f3\" data-element_type=\"section\">\n\t\t\t\t\t\t<div class=\"elementor-container elementor-column-gap-default\">\n\t\t\t\t\t<div class=\"elementor-column elementor-col-50 elementor-top-column elementor-element elementor-element-9b3c11f\" data-id=\"9b3c11f\" data-element_type=\"column\">\n\t\t\t<div class=\"elementor-widget-wrap elementor-element-populated\">\n\t\t\t\t\t\t<div class=\"elementor-element elementor-element-f861949 elementor-widget elementor-widget-text-editor\" data-id=\"f861949\" data-element_type=\"widget\" data-widget_type=\"text-editor.default\">\n\t\t\t\t<div class=\"elementor-widget-container\">\n\t\t\t\t\t\t\t<ul><li><strong>Stigmatisation<\/strong> des usagers de bons alimentaires dans les magasins,<\/li><li><strong>Manque de relations sociales<\/strong> et <strong>impossibilit\u00e9 de choisir<\/strong> lors de la remise de colis alimentaires,<\/li><li><strong>Sentiments d\u2019\u00eatre \u00ab assist\u00e9 \u00bb<\/strong> et non \u00ab acteur \u00bb de son parcours d\u2019insertion,<\/li><\/ul>\t\t\t\t\t\t<\/div>\n\t\t\t\t<\/div>\n\t\t\t\t\t<\/div>\n\t\t<\/div>\n\t\t\t\t<div class=\"elementor-column elementor-col-50 elementor-top-column elementor-element elementor-element-e556b3a\" data-id=\"e556b3a\" data-element_type=\"column\">\n\t\t\t<div class=\"elementor-widget-wrap elementor-element-populated\">\n\t\t\t\t\t\t<div class=\"elementor-element elementor-element-117ae97 elementor-widget elementor-widget-text-editor\" data-id=\"117ae97\" data-element_type=\"widget\" data-widget_type=\"text-editor.default\">\n\t\t\t\t<div class=\"elementor-widget-container\">\n\t\t\t\t\t\t\t<ul><li><strong>Souhait<\/strong> des usagers <strong>de s\u2019impliquer<\/strong> dans des actions collectives (notion de don et contre don),<\/li><li><strong>Attente<\/strong> des usagers en mati\u00e8re<strong> de conseils nutritionnels<\/strong> et de savoir-faire culinaires.<\/li><\/ul>\t\t\t\t\t\t<\/div>\n\t\t\t\t<\/div>\n\t\t\t\t\t<\/div>\n\t\t<\/div>\n\t\t\t\t\t<\/div>\n\t\t<\/section>\n\t\t\t\t<section class=\"elementor-section elementor-top-section elementor-element elementor-element-a5ad94e elementor-section-boxed elementor-section-height-default elementor-section-height-default\" data-id=\"a5ad94e\" data-element_type=\"section\">\n\t\t\t\t\t\t<div class=\"elementor-container elementor-column-gap-default\">\n\t\t\t\t\t<div class=\"elementor-column elementor-col-100 elementor-top-column elementor-element elementor-element-b139649\" data-id=\"b139649\" data-element_type=\"column\">\n\t\t\t<div class=\"elementor-widget-wrap elementor-element-populated\">\n\t\t\t\t\t\t<div class=\"elementor-element elementor-element-e5073be elementor-widget elementor-widget-spacer\" data-id=\"e5073be\" data-element_type=\"widget\" data-widget_type=\"spacer.default\">\n\t\t\t\t<div class=\"elementor-widget-container\">\n\t\t\t\t\t<div class=\"elementor-spacer\">\n\t\t\t<div class=\"elementor-spacer-inner\"><\/div>\n\t\t<\/div>\n\t\t\t\t<\/div>\n\t\t\t\t<\/div>\n\t\t\t\t\t<\/div>\n\t\t<\/div>\n\t\t\t\t\t<\/div>\n\t\t<\/section>\n\t\t\t\t<section class=\"elementor-section elementor-top-section elementor-element elementor-element-a47b88d elementor-section-boxed elementor-section-height-default elementor-section-height-default\" data-id=\"a47b88d\" data-element_type=\"section\">\n\t\t\t\t\t\t<div class=\"elementor-container elementor-column-gap-default\">\n\t\t\t\t\t<div class=\"elementor-column elementor-col-100 elementor-top-column elementor-element elementor-element-8bc05a0\" data-id=\"8bc05a0\" data-element_type=\"column\">\n\t\t\t<div class=\"elementor-widget-wrap elementor-element-populated\">\n\t\t\t\t\t\t<div class=\"elementor-element elementor-element-5fee1ce elementor-widget elementor-widget-heading\" data-id=\"5fee1ce\" data-element_type=\"widget\" data-widget_type=\"heading.default\">\n\t\t\t\t<div class=\"elementor-widget-container\">\n\t\t\t<h2 class=\"elementor-heading-title elementor-size-default\">2003 \/ 2005 - L'id\u00e9e d'une \u00e9picerie sociale<\/h2>\t\t<\/div>\n\t\t\t\t<\/div>\n\t\t\t\t\t<\/div>\n\t\t<\/div>\n\t\t\t\t\t<\/div>\n\t\t<\/section>\n\t\t\t\t<section class=\"elementor-section elementor-top-section elementor-element elementor-element-007756a elementor-section-boxed elementor-section-height-default elementor-section-height-default\" data-id=\"007756a\" data-element_type=\"section\">\n\t\t\t\t\t\t<div class=\"elementor-container elementor-column-gap-default\">\n\t\t\t\t\t<div class=\"elementor-column elementor-col-100 elementor-top-column elementor-element elementor-element-07396bc\" data-id=\"07396bc\" data-element_type=\"column\">\n\t\t\t<div class=\"elementor-widget-wrap elementor-element-populated\">\n\t\t\t\t\t\t<div class=\"elementor-element elementor-element-625ab6c elementor-widget elementor-widget-text-editor\" data-id=\"625ab6c\" data-element_type=\"widget\" data-widget_type=\"text-editor.default\">\n\t\t\t\t<div class=\"elementor-widget-container\">\n\t\t\t\t\t\t\t<p>C&rsquo;est<strong> l&rsquo;une des participantes<\/strong> du groupe projet qui<strong> en \u00e9mettra l&rsquo;id\u00e9e<\/strong> pour r\u00e9pondre aux attentes des usagers.<\/p><p>Et <strong>de janvier 2003 \u00e0 juin 2005, le groupe travaille sur un projet<\/strong> porteur des attentes exprim\u00e9es :<\/p><ul><li>\u00e9laboration d&rsquo;une <strong>m\u00e9thodologie respectueuse de chacun<\/strong>,<\/li><li><strong>rencontre de diff\u00e9rents acteurs<\/strong>,<\/li><li><strong>visite d&rsquo;\u00e9piceries<\/strong> sociales et solidaires.<\/li><\/ul>\t\t\t\t\t\t<\/div>\n\t\t\t\t<\/div>\n\t\t\t\t\t<\/div>\n\t\t<\/div>\n\t\t\t\t\t<\/div>\n\t\t<\/section>\n\t\t\t\t<section class=\"elementor-section elementor-top-section elementor-element elementor-element-46c5a4b elementor-section-boxed elementor-section-height-default elementor-section-height-default\" data-id=\"46c5a4b\" data-element_type=\"section\">\n\t\t\t\t\t\t<div class=\"elementor-container elementor-column-gap-default\">\n\t\t\t\t\t<div class=\"elementor-column elementor-col-100 elementor-top-column elementor-element elementor-element-f82be3a\" data-id=\"f82be3a\" data-element_type=\"column\">\n\t\t\t<div class=\"elementor-widget-wrap elementor-element-populated\">\n\t\t\t\t\t\t<div class=\"elementor-element elementor-element-cf5eb4e elementor-widget elementor-widget-spacer\" data-id=\"cf5eb4e\" data-element_type=\"widget\" data-widget_type=\"spacer.default\">\n\t\t\t\t<div class=\"elementor-widget-container\">\n\t\t\t\t\t<div class=\"elementor-spacer\">\n\t\t\t<div class=\"elementor-spacer-inner\"><\/div>\n\t\t<\/div>\n\t\t\t\t<\/div>\n\t\t\t\t<\/div>\n\t\t\t\t\t<\/div>\n\t\t<\/div>\n\t\t\t\t\t<\/div>\n\t\t<\/section>\n\t\t\t\t<section class=\"elementor-section elementor-top-section elementor-element elementor-element-3a9a2cb elementor-section-boxed elementor-section-height-default elementor-section-height-default\" data-id=\"3a9a2cb\" data-element_type=\"section\">\n\t\t\t\t\t\t<div class=\"elementor-container elementor-column-gap-default\">\n\t\t\t\t\t<div class=\"elementor-column elementor-col-100 elementor-top-column elementor-element elementor-element-7626fe5\" data-id=\"7626fe5\" data-element_type=\"column\">\n\t\t\t<div class=\"elementor-widget-wrap elementor-element-populated\">\n\t\t\t\t\t\t<div class=\"elementor-element elementor-element-6f78084 elementor-widget elementor-widget-heading\" data-id=\"6f78084\" data-element_type=\"widget\" data-widget_type=\"heading.default\">\n\t\t\t\t<div class=\"elementor-widget-container\">\n\t\t\t<h2 class=\"elementor-heading-title elementor-size-default\">2005 - La cr\u00e9ation d'Epireuil<\/h2>\t\t<\/div>\n\t\t\t\t<\/div>\n\t\t\t\t\t<\/div>\n\t\t<\/div>\n\t\t\t\t\t<\/div>\n\t\t<\/section>\n\t\t\t\t<section class=\"elementor-section elementor-top-section elementor-element elementor-element-32160961 elementor-section-boxed elementor-section-height-default elementor-section-height-default\" data-id=\"32160961\" data-element_type=\"section\">\n\t\t\t\t\t\t<div class=\"elementor-container elementor-column-gap-default\">\n\t\t\t\t\t<div class=\"elementor-column elementor-col-100 elementor-top-column elementor-element elementor-element-107724a8\" data-id=\"107724a8\" data-element_type=\"column\">\n\t\t\t<div class=\"elementor-widget-wrap elementor-element-populated\">\n\t\t\t\t\t\t<div class=\"elementor-element elementor-element-747b8651 elementor-widget elementor-widget-text-editor\" data-id=\"747b8651\" data-element_type=\"widget\" data-widget_type=\"text-editor.default\">\n\t\t\t\t<div class=\"elementor-widget-container\">\n\t\t\t\t\t\t\t<p><span style=\"color: var( --e-global-color-text ); font-family: Roboto; font-size: 16px; font-style: normal; font-weight: 300;\"><strong>En Juin 2005, l\u2019association Epireuil est constitu\u00e9e<\/strong> avec, \u00e0 sa t\u00eate comme Pr\u00e9sident, Philippe Poulard.\u00a0<\/span><\/p><p><span style=\"color: var( --e-global-color-text ); font-family: Roboto; font-size: 16px; font-style: normal; font-weight: 300;\">En avril 2007, c&rsquo;est au tour d&rsquo;Elodie BRIZARD, d&rsquo;\u00eatre recrut\u00e9e en tant que Directrice.<\/span><\/p><p><span style=\"color: var( --e-global-color-text ); font-family: Roboto; font-size: 16px; font-style: normal; font-weight: 300;\">Puis, <strong>en ao\u00fbt 2007, apr\u00e8s une recherche active de partenaires<\/strong> commerciaux et financier <strong>et l&rsquo;\u00e9laboration des r\u00e8gles<\/strong> de fonctionnement,<strong> Epireuil ouvre enfin ses portes.<\/strong><\/span><\/p><p><strong>En 2020<\/strong>, l\u2019association Epireuil accueillait <strong>300 familles<\/strong> et distribuait gratuitement en moyenne <strong>10 colis d\u2019urgence par mois.<\/strong><\/p>\t\t\t\t\t\t<\/div>\n\t\t\t\t<\/div>\n\t\t\t\t\t<\/div>\n\t\t<\/div>\n\t\t\t\t\t<\/div>\n\t\t<\/section>\n\t\t\t\t<section class=\"elementor-section elementor-top-section elementor-element elementor-element-4cab359 elementor-section-boxed elementor-section-height-default elementor-section-height-default\" data-id=\"4cab359\" data-element_type=\"section\">\n\t\t\t\t\t\t<div class=\"elementor-container elementor-column-gap-default\">\n\t\t\t\t\t<div class=\"elementor-column elementor-col-100 elementor-top-column elementor-element elementor-element-deff2cb\" data-id=\"deff2cb\" data-element_type=\"column\">\n\t\t\t<div class=\"elementor-widget-wrap elementor-element-populated\">\n\t\t\t\t\t\t<div class=\"elementor-element elementor-element-245aa36 elementor-widget elementor-widget-spacer\" data-id=\"245aa36\" data-element_type=\"widget\" data-widget_type=\"spacer.default\">\n\t\t\t\t<div class=\"elementor-widget-container\">\n\t\t\t\t\t<div class=\"elementor-spacer\">\n\t\t\t<div class=\"elementor-spacer-inner\"><\/div>\n\t\t<\/div>\n\t\t\t\t<\/div>\n\t\t\t\t<\/div>\n\t\t\t\t\t<\/div>\n\t\t<\/div>\n\t\t\t\t\t<\/div>\n\t\t<\/section>\n\t\t\t\t<section class=\"elementor-section elementor-top-section elementor-element elementor-element-15eda3b elementor-section-boxed elementor-section-height-default elementor-section-height-default\" data-id=\"15eda3b\" data-element_type=\"section\">\n\t\t\t\t\t\t<div class=\"elementor-container elementor-column-gap-default\">\n\t\t\t\t\t<div class=\"elementor-column elementor-col-100 elementor-top-column elementor-element elementor-element-4981f41\" data-id=\"4981f41\" data-element_type=\"column\">\n\t\t\t<div class=\"elementor-widget-wrap elementor-element-populated\">\n\t\t\t\t\t\t<div class=\"elementor-element elementor-element-cd88492 elementor-widget elementor-widget-heading\" data-id=\"cd88492\" data-element_type=\"widget\" data-widget_type=\"heading.default\">\n\t\t\t\t<div class=\"elementor-widget-container\">\n\t\t\t<h2 class=\"elementor-heading-title elementor-size-default\">2021 - Epireuil s'agrandit et propose de nouveaux services<\/h2>\t\t<\/div>\n\t\t\t\t<\/div>\n\t\t\t\t\t<\/div>\n\t\t<\/div>\n\t\t\t\t\t<\/div>\n\t\t<\/section>\n\t\t\t\t<section class=\"elementor-section elementor-top-section elementor-element elementor-element-697f272 elementor-section-boxed elementor-section-height-default elementor-section-height-default\" data-id=\"697f272\" data-element_type=\"section\">\n\t\t\t\t\t\t<div class=\"elementor-container elementor-column-gap-default\">\n\t\t\t\t\t<div class=\"elementor-column elementor-col-100 elementor-top-column elementor-element elementor-element-4255101\" data-id=\"4255101\" data-element_type=\"column\">\n\t\t\t<div class=\"elementor-widget-wrap elementor-element-populated\">\n\t\t\t\t\t\t<div class=\"elementor-element elementor-element-57aac8f elementor-widget elementor-widget-text-editor\" data-id=\"57aac8f\" data-element_type=\"widget\" data-widget_type=\"text-editor.default\">\n\t\t\t\t<div class=\"elementor-widget-container\">\n\t\t\t\t\t\t\t<p>En avril 2021, l&rsquo;association ouvre ainsi une \u00e9picerie suppl\u00e9mentaire \u00e0 <a href=\"https:\/\/associationepireuil.fr\/?page_id=26\" target=\"_blank\" rel=\"noopener\">Louviers<\/a> afin de mieux s\u2019implanter sur le territoire et r\u00e9pondre aux besoins des b\u00e9n\u00e9ficiaires.<\/p><p>L&rsquo;\u00e9t\u00e9 2021 a \u00e9galement \u00e9t\u00e9 l&rsquo;occasion de r\u00e9nover les locaux de l&rsquo;\u00e9picerie de Val de Reuil.<\/p><p>Enfin, un nouveau <a href=\"https:\/\/associationepireuil.fr\/?page_id=4184\" target=\"_blank\" rel=\"noopener\"><strong>Point Conseil Budget<\/strong><\/a> a \u00e9t\u00e9 cr\u00e9\u00e9 au sein de l&rsquo;Association, \u00e0 destination des personnes rencontrant des <strong>difficult\u00e9s financi\u00e8res<\/strong> ou d\u00e9sirant un <strong>accompagnement dans la gestion de leur budget<\/strong>. Ce <strong>service<\/strong> est<b> gratuit, confidentiel et personnalis\u00e9<\/b>.<strong>\u00a0<\/strong><\/p>\t\t\t\t\t\t<\/div>\n\t\t\t\t<\/div>\n\t\t\t\t\t<\/div>\n\t\t<\/div>\n\t\t\t\t\t<\/div>\n\t\t<\/section>\n\t\t\t\t<\/div>\n\t\t","protected":false},"excerpt":{"rendered":"<p>2002 &#8211; La r\u00e9flexion D\u00e8s octobre 2002, une r\u00e9flexion sur la subsistance alimentaire est engag\u00e9e avec tous les partenaires de la ville : Centre M\u00e9dico-social du Conseil G\u00e9n\u00e9ral, Ville de Val de Reuil, C.C.A.S., Mission Locale,\u00a0 Secours Catholique, Restaurants du<\/p>\n","protected":false},"author":1,"featured_media":0,"parent":24,"menu_order":0,"comment_status":"closed","ping_status":"closed","template":"","meta":{"_eb_attr":"","footnotes":""},"yoast_head":"<!-- This site is optimized with the Yoast SEO plugin v22.2 - https:\/\/yoast.com\/wordpress\/plugins\/seo\/ -->\n<title>Il \u00e9tait une fois Epireuil -<\/title>\n<meta name=\"robots\" content=\"index, follow, max-snippet:-1, max-image-preview:large, max-video-preview:-1\" \/>\n<link rel=\"canonical\" href=\"https:\/\/associationepireuil.fr\/?page_id=6\" \/>\n<meta property=\"og:locale\" content=\"fr_FR\" \/>\n<meta property=\"og:type\" content=\"article\" \/>\n<meta property=\"og:title\" content=\"Il \u00e9tait une fois Epireuil -\" \/>\n<meta property=\"og:description\" content=\"2002 &#8211; La r\u00e9flexion D\u00e8s octobre 2002, une r\u00e9flexion sur la subsistance alimentaire est engag\u00e9e avec tous les partenaires de la ville : Centre M\u00e9dico-social du Conseil G\u00e9n\u00e9ral, Ville de Val de Reuil, C.C.A.S., Mission Locale,\u00a0 Secours Catholique, Restaurants du\" \/>\n<meta property=\"og:url\" content=\"https:\/\/associationepireuil.fr\/?page_id=6\" \/>\n<meta property=\"article:publisher\" content=\"https:\/\/www.facebook.com\/Epireuil\/\" \/>\n<meta property=\"article:modified_time\" content=\"2021-09-16T09:24:34+00:00\" \/>\n<meta name=\"twitter:card\" content=\"summary_large_image\" \/>\n<meta name=\"twitter:label1\" content=\"Dur\u00e9e de lecture estim\u00e9e\" \/>\n\t<meta name=\"twitter:data1\" content=\"2 minutes\" \/>\n<script type=\"application\/ld+json\" class=\"yoast-schema-graph\">{\"@context\":\"https:\/\/schema.org\",\"@graph\":[{\"@type\":\"WebPage\",\"@id\":\"https:\/\/associationepireuil.fr\/?page_id=6\",\"url\":\"https:\/\/associationepireuil.fr\/?page_id=6\",\"name\":\"Il \u00e9tait une fois Epireuil -\",\"isPartOf\":{\"@id\":\"https:\/\/associationepireuil.fr\/#website\"},\"datePublished\":\"2012-07-02T14:55:16+00:00\",\"dateModified\":\"2021-09-16T09:24:34+00:00\",\"breadcrumb\":{\"@id\":\"https:\/\/associationepireuil.fr\/?page_id=6#breadcrumb\"},\"inLanguage\":\"fr-FR\",\"potentialAction\":[{\"@type\":\"ReadAction\",\"target\":[\"https:\/\/associationepireuil.fr\/?page_id=6\"]}]},{\"@type\":\"BreadcrumbList\",\"@id\":\"https:\/\/associationepireuil.fr\/?page_id=6#breadcrumb\",\"itemListElement\":[{\"@type\":\"ListItem\",\"position\":1,\"name\":\"Accueil\",\"item\":\"https:\/\/associationepireuil.fr\/\"},{\"@type\":\"ListItem\",\"position\":2,\"name\":\"L&rsquo;\u00e9picerie\",\"item\":\"https:\/\/associationepireuil.fr\/?page_id=24\"},{\"@type\":\"ListItem\",\"position\":3,\"name\":\"Il \u00e9tait une fois Epireuil\"}]},{\"@type\":\"WebSite\",\"@id\":\"https:\/\/associationepireuil.fr\/#website\",\"url\":\"https:\/\/associationepireuil.fr\/\",\"name\":\"\",\"description\":\"\",\"potentialAction\":[{\"@type\":\"SearchAction\",\"target\":{\"@type\":\"EntryPoint\",\"urlTemplate\":\"https:\/\/associationepireuil.fr\/?s={search_term_string}\"},\"query-input\":\"required name=search_term_string\"}],\"inLanguage\":\"fr-FR\"}]}<\/script>\n<!-- \/ Yoast SEO plugin. -->","yoast_head_json":{"title":"Il \u00e9tait une fois Epireuil -","robots":{"index":"index","follow":"follow","max-snippet":"max-snippet:-1","max-image-preview":"max-image-preview:large","max-video-preview":"max-video-preview:-1"},"canonical":"https:\/\/associationepireuil.fr\/?page_id=6","og_locale":"fr_FR","og_type":"article","og_title":"Il \u00e9tait une fois Epireuil -","og_description":"2002 &#8211; La r\u00e9flexion D\u00e8s octobre 2002, une r\u00e9flexion sur la subsistance alimentaire est engag\u00e9e avec tous les partenaires de la ville : Centre M\u00e9dico-social du Conseil G\u00e9n\u00e9ral, Ville de Val de Reuil, C.C.A.S., Mission Locale,\u00a0 Secours Catholique, Restaurants du","og_url":"https:\/\/associationepireuil.fr\/?page_id=6","article_publisher":"https:\/\/www.facebook.com\/Epireuil\/","article_modified_time":"2021-09-16T09:24:34+00:00","twitter_card":"summary_large_image","twitter_misc":{"Dur\u00e9e de lecture estim\u00e9e":"2 minutes"},"schema":{"@context":"https:\/\/schema.org","@graph":[{"@type":"WebPage","@id":"https:\/\/associationepireuil.fr\/?page_id=6","url":"https:\/\/associationepireuil.fr\/?page_id=6","name":"Il \u00e9tait une fois Epireuil -","isPartOf":{"@id":"https:\/\/associationepireuil.fr\/#website"},"datePublished":"2012-07-02T14:55:16+00:00","dateModified":"2021-09-16T09:24:34+00:00","breadcrumb":{"@id":"https:\/\/associationepireuil.fr\/?page_id=6#breadcrumb"},"inLanguage":"fr-FR","potentialAction":[{"@type":"ReadAction","target":["https:\/\/associationepireuil.fr\/?page_id=6"]}]},{"@type":"BreadcrumbList","@id":"https:\/\/associationepireuil.fr\/?page_id=6#breadcrumb","itemListElement":[{"@type":"ListItem","position":1,"name":"Accueil","item":"https:\/\/associationepireuil.fr\/"},{"@type":"ListItem","position":2,"name":"L&rsquo;\u00e9picerie","item":"https:\/\/associationepireuil.fr\/?page_id=24"},{"@type":"ListItem","position":3,"name":"Il \u00e9tait une fois Epireuil"}]},{"@type":"WebSite","@id":"https:\/\/associationepireuil.fr\/#website","url":"https:\/\/associationepireuil.fr\/","name":"","description":"","potentialAction":[{"@type":"SearchAction","target":{"@type":"EntryPoint","urlTemplate":"https:\/\/associationepireuil.fr\/?s={search_term_string}"},"query-input":"required name=search_term_string"}],"inLanguage":"fr-FR"}]}},"_links":{"self":[{"href":"https:\/\/associationepireuil.fr\/index.php?rest_route=\/wp\/v2\/pages\/6"}],"collection":[{"href":"https:\/\/associationepireuil.fr\/index.php?rest_route=\/wp\/v2\/pages"}],"about":[{"href":"https:\/\/associationepireuil.fr\/index.php?rest_route=\/wp\/v2\/types\/page"}],"author":[{"embeddable":true,"href":"https:\/\/associationepireuil.fr\/index.php?rest_route=\/wp\/v2\/users\/1"}],"replies":[{"embeddable":true,"href":"https:\/\/associationepireuil.fr\/index.php?rest_route=%2Fwp%2Fv2%2Fcomments&post=6"}],"version-history":[{"count":27,"href":"https:\/\/associationepireuil.fr\/index.php?rest_route=\/wp\/v2\/pages\/6\/revisions"}],"predecessor-version":[{"id":4842,"href":"https:\/\/associationepireuil.fr\/index.php?rest_route=\/wp\/v2\/pages\/6\/revisions\/4842"}],"up":[{"embeddable":true,"href":"https:\/\/associationepireuil.fr\/index.php?rest_route=\/wp\/v2\/pages\/24"}],"wp:attachment":[{"href":"https:\/\/associationepireuil.fr\/index.php?rest_route=%2Fwp%2Fv2%2Fmedia&parent=6"}],"curies":[{"name":"wp","href":"https:\/\/api.w.org\/{rel}","templated":true}]}}